{"version":"1.0","provider_name":"Av. Deniz Can K\u0131z\u0131l","provider_url":"https:\/\/denizcankizil.tr\/ru","author_name":"Av. Deniz Can K\u0131z\u0131l","author_url":"https:\/\/denizcankizil.tr\/ru\/author\/denizcankizil\/","title":"Pazarc\u0131lar kura \u00e7ekti","type":"rich","width":600,"height":338,"html":"<blockquote class=\"wp-embedded-content\" data-secret=\"hkk53tZDN3\"><a href=\"https:\/\/denizcankizil.tr\/ru\/haberler\/antalya\/pazarcilar-kura-cekti\/\">Pazarc\u0131lar kura \u00e7ekti<\/a><\/blockquote><iframe sandbox=\"allow-scripts\" security=\"restricted\" src=\"https:\/\/denizcankizil.tr\/ru\/haberler\/antalya\/pazarcilar-kura-cekti\/embed\/#?secret=hkk53tZDN3\" width=\"600\" height=\"338\" title=\"\u00abPazarc\u0131lar kura \u00e7ekti\u00bb &#8212; Av. Deniz Can K\u0131z\u0131l\" data-secret=\"hkk53tZDN3\" frameborder=\"0\" marginwidth=\"0\" marginheight=\"0\" scrolling=\"no\" class=\"wp-embedded-content\"><\/iframe><script>\n\/*! This file is auto-generated *\/\n!function(d,l){\"use strict\";l.querySelector&&d.addEventListener&&\"undefined\"!=typeof URL&&(d.wp=d.wp||{},d.wp.receiveEmbedMessage||(d.wp.receiveEmbedMessage=function(e){var t=e.data;if((t||t.secret||t.message||t.value)&&!\/[^a-zA-Z0-9]\/.test(t.secret)){for(var s,r,n,a=l.querySelectorAll('iframe[data-secret=\"'+t.secret+'\"]'),o=l.querySelectorAll('blockquote[data-secret=\"'+t.secret+'\"]'),c=new RegExp(\"^https?:$\",\"i\"),i=0;i<o.length;i++)o[i].style.display=\"none\";for(i=0;i<a.length;i++)s=a[i],e.source===s.contentWindow&&(s.removeAttribute(\"style\"),\"height\"===t.message?(1e3<(r=parseInt(t.value,10))?r=1e3:~~r<200&&(r=200),s.height=r):\"link\"===t.message&&(r=new URL(s.getAttribute(\"src\")),n=new URL(t.value),c.test(n.protocol))&&n.host===r.host&&l.activeElement===s&&(d.top.location.href=t.value))}},d.addEventListener(\"message\",d.wp.receiveEmbedMessage,!1),l.addEventListener(\"DOMContentLoaded\",function(){for(var e,t,s=l.querySelectorAll(\"iframe.wp-embedded-content\"),r=0;r<s.length;r++)(t=(e=s[r]).getAttribute(\"data-secret\"))||(t=Math.random().toString(36).substring(2,12),e.src+=\"#?secret=\"+t,e.setAttribute(\"data-secret\",t)),e.contentWindow.postMessage({message:\"ready\",secret:t},\"*\")},!1)))}(window,document);\n\/\/# sourceURL=https:\/\/denizcankizil.tr\/wp-includes\/js\/wp-embed.min.js\n<\/script>","thumbnail_url":"https:\/\/denizcankizil.tr\/wp-content\/uploads\/2025\/03\/5388-01-Api0No.jpeg","thumbnail_width":1280,"thumbnail_height":720,"description":"Antalya Semt Pazarc\u0131lar Odas\u0131\u2019n\u0131n yap\u0131m\u0131n\u0131 \u00fcstlendi\u011fi, m\u00fclkiyeti Kepez Belediyesi\u2019ne ait olan kapal\u0131 pazar yeri i\u00e7in kura \u00e7ekimi yap\u0131ld\u0131. 18. Noter huzurunda yap\u0131lan kura \u00e7ekimi, Erdem Bayaz\u0131t K\u00fclt\u00fcr Merkezi\u2019nde d\u00fczenlendi. Toplant\u0131ya Kepez Belediyesi Meclis \u00dcyesi \u0130brahim Velican, Semt Pazarc\u0131lar Odas\u0131 Ba\u015fkan\u0131 Metin Bucak, Zab\u0131ta M\u00fcd\u00fcr Yard\u0131mc\u0131s\u0131 Mehmet \u015eim\u015fek ve \u00e7ok say\u0131da pazarc\u0131 esnaf\u0131 kat\u0131ld\u0131. Kepez Belediyesi Meclis \u00dcyesi \u0130brahim Velican, Kepez Belediye Ba\u015fkan\u0131 Mesut Kocag\u00f6z\u2019\u00fcn pazarc\u0131 esnaf\u0131n\u0131n s\u0131k\u0131nt\u0131lar\u0131n\u0131 yak\u0131ndan takip etti\u011fini belirterek, pazar yerlerindeki eksikliklerin giderilmesi, verimlili\u011fin art\u0131r\u0131lmas\u0131 ve esnaf\u0131n sorunlar\u0131n\u0131n \u00e7\u00f6z\u00fcme kavu\u015fturulmas\u0131 amac\u0131yla \u2018Pazar Yerleri Denetim Komisyonu\u2019nun olu\u015fturuldu\u011funu s\u00f6yledi. &#8220;Biz her zaman esnaf\u0131m\u0131z\u0131n yan\u0131nday\u0131z&#8221; diyen Velican, kura \u00e7ekimlerinin hay\u0131rl\u0131 olmas\u0131n\u0131 diledi. \u00c7ankaya Kapal\u0131 Pazar\u0131 i\u00e7in noter huzurunda yap\u0131lan kura \u00e7ekimine 340 pazarc\u0131 esnaf\u0131 kat\u0131ld\u0131. Kaynak: www.kanalv.com.tr Haber Sitesinden Al\u0131nm\u0131\u015ft\u0131r."}