{"version":"1.0","provider_name":"Av. Deniz Can K\u0131z\u0131l","provider_url":"https:\/\/denizcankizil.tr\/ru","author_name":"Av. Deniz Can K\u0131z\u0131l","author_url":"https:\/\/denizcankizil.tr\/ru\/author\/denizcankizil\/","title":"Otomobille \u00e7arp\u0131\u015fan motosiklet s\u00fcr\u00fcc\u00fcs\u00fc yaraland\u0131","type":"rich","width":600,"height":338,"html":"<blockquote class=\"wp-embedded-content\" data-secret=\"wvc6iqUb42\"><a href=\"https:\/\/denizcankizil.tr\/ru\/haberler\/antalya\/otomobille-carpisan-motosiklet-surucusu-yaralandi\/\">Otomobille \u00e7arp\u0131\u015fan motosiklet s\u00fcr\u00fcc\u00fcs\u00fc yaraland\u0131<\/a><\/blockquote><iframe sandbox=\"allow-scripts\" security=\"restricted\" src=\"https:\/\/denizcankizil.tr\/ru\/haberler\/antalya\/otomobille-carpisan-motosiklet-surucusu-yaralandi\/embed\/#?secret=wvc6iqUb42\" width=\"600\" height=\"338\" title=\"\u00abOtomobille \u00e7arp\u0131\u015fan motosiklet s\u00fcr\u00fcc\u00fcs\u00fc yaraland\u0131\u00bb &#8212; Av. Deniz Can K\u0131z\u0131l\" data-secret=\"wvc6iqUb42\" frameborder=\"0\" marginwidth=\"0\" marginheight=\"0\" scrolling=\"no\" class=\"wp-embedded-content\"><\/iframe><script>\n\/*! This file is auto-generated *\/\n!function(d,l){\"use strict\";l.querySelector&&d.addEventListener&&\"undefined\"!=typeof URL&&(d.wp=d.wp||{},d.wp.receiveEmbedMessage||(d.wp.receiveEmbedMessage=function(e){var t=e.data;if((t||t.secret||t.message||t.value)&&!\/[^a-zA-Z0-9]\/.test(t.secret)){for(var s,r,n,a=l.querySelectorAll('iframe[data-secret=\"'+t.secret+'\"]'),o=l.querySelectorAll('blockquote[data-secret=\"'+t.secret+'\"]'),c=new RegExp(\"^https?:$\",\"i\"),i=0;i<o.length;i++)o[i].style.display=\"none\";for(i=0;i<a.length;i++)s=a[i],e.source===s.contentWindow&&(s.removeAttribute(\"style\"),\"height\"===t.message?(1e3<(r=parseInt(t.value,10))?r=1e3:~~r<200&&(r=200),s.height=r):\"link\"===t.message&&(r=new URL(s.getAttribute(\"src\")),n=new URL(t.value),c.test(n.protocol))&&n.host===r.host&&l.activeElement===s&&(d.top.location.href=t.value))}},d.addEventListener(\"message\",d.wp.receiveEmbedMessage,!1),l.addEventListener(\"DOMContentLoaded\",function(){for(var e,t,s=l.querySelectorAll(\"iframe.wp-embedded-content\"),r=0;r<s.length;r++)(t=(e=s[r]).getAttribute(\"data-secret\"))||(t=Math.random().toString(36).substring(2,12),e.src+=\"#?secret=\"+t,e.setAttribute(\"data-secret\",t)),e.contentWindow.postMessage({message:\"ready\",secret:t},\"*\")},!1)))}(window,document);\n\/\/# sourceURL=https:\/\/denizcankizil.tr\/wp-includes\/js\/wp-embed.min.js\n<\/script>","thumbnail_url":"https:\/\/denizcankizil.tr\/wp-content\/uploads\/2025\/05\/6603-01-5g0bSA.jpg","thumbnail_width":1280,"thumbnail_height":720,"description":"Kaza, saat 21.30 s\u0131ralar\u0131nda Muratpa\u015fa il\u00e7esi Zerdalilik Mahallesi 1385 sokak ile 1408 sokak kesi\u015fiminde meydana geldi. Edinilen bilgiye g\u00f6re Durmu\u015f \u00d6\u2019n\u00fcn kulland\u0131\u011f\u0131 07 BTR 306 plakal\u0131 motosiklet sokak kesi\u015fimine geldi\u011finde Ercan \u0130.\u2019nin idaresindeki 07 BMU 675 plakal\u0131 Opel marka ara\u00e7 ize \u00e7arp\u0131\u015ft\u0131. \u00c7arpman\u0131n \u015fiddetiyle savrularak motosikletten d\u00fc\u015fen Durmu\u015f \u00d6. yaraland\u0131. Kazay\u0131 g\u00f6ren vatanda\u015flar\u0131n 112 Acil \u00c7a\u011fr\u0131 Merkezi\u2019ne ihbar\u0131 ile olay yerine polis ve sa\u011fl\u0131k ekipleri sevk edilirken, motosiklet s\u00fcr\u00fcc\u00fcs\u00fcn\u00fcn yard\u0131m\u0131na ko\u015fan bir vatanda\u015f yaral\u0131 s\u00fcr\u00fcc\u00fc ambulansa al\u0131nana kadar ba\u015f\u0131ndan bir an olsun ayr\u0131lmad\u0131. Yaral\u0131 motosiklet s\u00fcr\u00fcc\u00fcs\u00fc Durmu\u015f \u00d6. olay yerindeki ilk m\u00fcdahalesinin ard\u0131ndan ambulansla hastaneye kald\u0131r\u0131ld\u0131. Kaynak: www.kanalv.com.tr Haber Sitesinden Al\u0131nm\u0131\u015ft\u0131r."}