{"version":"1.0","provider_name":"Av. Deniz Can K\u0131z\u0131l","provider_url":"https:\/\/denizcankizil.tr\/ru","author_name":"Av. Deniz Can K\u0131z\u0131l","author_url":"https:\/\/denizcankizil.tr\/ru\/author\/denizcankizil\/","title":"Motosiklet s\u00fcr\u00fcc\u00fcs\u00fc \u00f6l\u00fcmle burun buruna geldi","type":"rich","width":600,"height":338,"html":"<blockquote class=\"wp-embedded-content\" data-secret=\"vTvVUlgFvD\"><a href=\"https:\/\/denizcankizil.tr\/ru\/haberler\/antalya\/motosiklet-surucusu-olumle-burun-buruna-geldi\/\">Motosiklet s\u00fcr\u00fcc\u00fcs\u00fc \u00f6l\u00fcmle burun buruna geldi<\/a><\/blockquote><iframe sandbox=\"allow-scripts\" security=\"restricted\" src=\"https:\/\/denizcankizil.tr\/ru\/haberler\/antalya\/motosiklet-surucusu-olumle-burun-buruna-geldi\/embed\/#?secret=vTvVUlgFvD\" width=\"600\" height=\"338\" title=\"\u00abMotosiklet s\u00fcr\u00fcc\u00fcs\u00fc \u00f6l\u00fcmle burun buruna geldi\u00bb &#8212; Av. Deniz Can K\u0131z\u0131l\" data-secret=\"vTvVUlgFvD\" frameborder=\"0\" marginwidth=\"0\" marginheight=\"0\" scrolling=\"no\" class=\"wp-embedded-content\"><\/iframe><script>\n\/*! This file is auto-generated *\/\n!function(d,l){\"use strict\";l.querySelector&&d.addEventListener&&\"undefined\"!=typeof URL&&(d.wp=d.wp||{},d.wp.receiveEmbedMessage||(d.wp.receiveEmbedMessage=function(e){var t=e.data;if((t||t.secret||t.message||t.value)&&!\/[^a-zA-Z0-9]\/.test(t.secret)){for(var s,r,n,a=l.querySelectorAll('iframe[data-secret=\"'+t.secret+'\"]'),o=l.querySelectorAll('blockquote[data-secret=\"'+t.secret+'\"]'),c=new RegExp(\"^https?:$\",\"i\"),i=0;i<o.length;i++)o[i].style.display=\"none\";for(i=0;i<a.length;i++)s=a[i],e.source===s.contentWindow&&(s.removeAttribute(\"style\"),\"height\"===t.message?(1e3<(r=parseInt(t.value,10))?r=1e3:~~r<200&&(r=200),s.height=r):\"link\"===t.message&&(r=new URL(s.getAttribute(\"src\")),n=new URL(t.value),c.test(n.protocol))&&n.host===r.host&&l.activeElement===s&&(d.top.location.href=t.value))}},d.addEventListener(\"message\",d.wp.receiveEmbedMessage,!1),l.addEventListener(\"DOMContentLoaded\",function(){for(var e,t,s=l.querySelectorAll(\"iframe.wp-embedded-content\"),r=0;r<s.length;r++)(t=(e=s[r]).getAttribute(\"data-secret\"))||(t=Math.random().toString(36).substring(2,12),e.src+=\"#?secret=\"+t,e.setAttribute(\"data-secret\",t)),e.contentWindow.postMessage({message:\"ready\",secret:t},\"*\")},!1)))}(window,document);\n\/\/# sourceURL=https:\/\/denizcankizil.tr\/wp-includes\/js\/wp-embed.min.js\n<\/script>","thumbnail_url":"https:\/\/denizcankizil.tr\/wp-content\/uploads\/2025\/01\/4382-01-knqUDs.jpeg","thumbnail_width":1280,"thumbnail_height":720,"description":"Kaza; Yayla Mahallesi Remzi G\u00fcven Caddesi&#8217;nde ya\u015fand\u0131. Edinilen bilgiye g\u00f6re, \u015fehir merkezi istikametinden gelip Salk\u0131mevler istikametine gitmekte olan M\u00fcmin \u00c7elik\u2019in kulland\u0131\u011f\u0131 07 BIP 487 plakal\u0131 motosiklet, Nam\u0131k Kemal Caddesi kav\u015fa\u011f\u0131na geldi\u011finde, yolun sol \u015feridinde ayn\u0131 istikamette giderken aniden Nam\u0131k Kemal Caddesi&#8217;ne d\u00f6nmeye kalkan Cemil G\u00fcnt\u00fcrk\u2019\u00fcn kulland\u0131\u011f\u0131 07 BCU 289 plakal\u0131 otomobil ile \u00e7arp\u0131\u015ft\u0131. G\u00fcvenlik kameras\u0131na saniye saniyesine yans\u0131yan kazada, \u00e7arp\u0131\u015fman\u0131n \u015fiddetiyle havaya f\u0131rlayarak asfalta d\u00fc\u015fen motosiklet s\u00fcr\u00fcc\u00fcs\u00fc yaraland\u0131. Kask\u0131 bulunmayan motosiklet s\u00fcr\u00fcc\u00fcs\u00fc o anda yoldan gelen ba\u015fka bir arac\u0131n alt\u0131nda kalmaktan \u015fans eseri kurtuldu. Yaral\u0131 s\u00fcr\u00fcc\u00fc 112 sa\u011fl\u0131k ekibinin olay yerindeki m\u00fcdahalesinin ard\u0131ndan ambulansla hastaneye kald\u0131r\u0131ld\u0131. Kaynak: www.kanalv.com.tr Haber Sitesinden Al\u0131nm\u0131\u015ft\u0131r."}