{"version":"1.0","provider_name":"Av. Deniz Can K\u0131z\u0131l","provider_url":"https:\/\/denizcankizil.tr\/ru","author_name":"Av. Deniz Can K\u0131z\u0131l","author_url":"https:\/\/denizcankizil.tr\/ru\/author\/denizcankizil\/","title":"Miniklere enerji tasarrufu etkinli\u011fi","type":"rich","width":600,"height":338,"html":"<blockquote class=\"wp-embedded-content\" data-secret=\"YKTeB2Pte0\"><a href=\"https:\/\/denizcankizil.tr\/ru\/haberler\/antalya\/miniklere-enerji-tasarrufu-etkinligi\/\">Miniklere enerji tasarrufu etkinli\u011fi<\/a><\/blockquote><iframe sandbox=\"allow-scripts\" security=\"restricted\" src=\"https:\/\/denizcankizil.tr\/ru\/haberler\/antalya\/miniklere-enerji-tasarrufu-etkinligi\/embed\/#?secret=YKTeB2Pte0\" width=\"600\" height=\"338\" title=\"\u00abMiniklere enerji tasarrufu etkinli\u011fi\u00bb &#8212; Av. Deniz Can K\u0131z\u0131l\" data-secret=\"YKTeB2Pte0\" frameborder=\"0\" marginwidth=\"0\" marginheight=\"0\" scrolling=\"no\" class=\"wp-embedded-content\"><\/iframe><script>\n\/*! This file is auto-generated *\/\n!function(d,l){\"use strict\";l.querySelector&&d.addEventListener&&\"undefined\"!=typeof URL&&(d.wp=d.wp||{},d.wp.receiveEmbedMessage||(d.wp.receiveEmbedMessage=function(e){var t=e.data;if((t||t.secret||t.message||t.value)&&!\/[^a-zA-Z0-9]\/.test(t.secret)){for(var s,r,n,a=l.querySelectorAll('iframe[data-secret=\"'+t.secret+'\"]'),o=l.querySelectorAll('blockquote[data-secret=\"'+t.secret+'\"]'),c=new RegExp(\"^https?:$\",\"i\"),i=0;i<o.length;i++)o[i].style.display=\"none\";for(i=0;i<a.length;i++)s=a[i],e.source===s.contentWindow&&(s.removeAttribute(\"style\"),\"height\"===t.message?(1e3<(r=parseInt(t.value,10))?r=1e3:~~r<200&&(r=200),s.height=r):\"link\"===t.message&&(r=new URL(s.getAttribute(\"src\")),n=new URL(t.value),c.test(n.protocol))&&n.host===r.host&&l.activeElement===s&&(d.top.location.href=t.value))}},d.addEventListener(\"message\",d.wp.receiveEmbedMessage,!1),l.addEventListener(\"DOMContentLoaded\",function(){for(var e,t,s=l.querySelectorAll(\"iframe.wp-embedded-content\"),r=0;r<s.length;r++)(t=(e=s[r]).getAttribute(\"data-secret\"))||(t=Math.random().toString(36).substring(2,12),e.src+=\"#?secret=\"+t,e.setAttribute(\"data-secret\",t)),e.contentWindow.postMessage({message:\"ready\",secret:t},\"*\")},!1)))}(window,document);\n\/\/# sourceURL=https:\/\/denizcankizil.tr\/wp-includes\/js\/wp-embed.min.js\n<\/script>","thumbnail_url":"https:\/\/denizcankizil.tr\/wp-content\/uploads\/2025\/01\/4137-PdhKnr.jpeg","thumbnail_width":1280,"thumbnail_height":720,"description":"Alanya Belediyesi b\u00fcnyesinde hizmet veren R\u00fcya \u0130pekten Saadet \u00c7elik Kre\u015f ve \u00c7ocuk Akademisi&#8217;nde \u00f6\u011frencilere s\u00fcrd\u00fcr\u00fclebilir bir gelecek i\u00e7in do\u011fal kaynaklar\u0131n etkin kullan\u0131m\u0131, enerji verimlili\u011fi, end\u00fcstrilerin at\u0131k y\u00fcklerinin azalt\u0131lmas\u0131 ve \u00e7evre kirlili\u011fine etkisi bulunan fakt\u00f6rlerin minimize edilmesi konular\u0131nda etkinlik d\u00fczenlendi. Bu kapsamda \u00e7evreyi ve do\u011fay\u0131 koruma ile k\u00e2\u011f\u0131t at\u0131klar\u0131m\u0131z\u0131 yeniden kullan\u0131labilir hale getirmek ama\u00e7l\u0131 topland\u0131. &#8220;D\u00fcnya hepimizin evi&#8221; Belediye \u0130klim De\u011fi\u015fikli\u011fi ve S\u0131f\u0131r At\u0131k M\u00fcd\u00fcr\u00fc Sevda \u00c7apa, \u201cBug\u00fcn R\u00fcya \u0130pekten Saadet \u00c7elik Kre\u015f ve \u00c7ocuk Akademisi&#8217;ndeyiz. \u00c7ocuklar\u0131m\u0131z\u0131n ve ailelerimizin s\u0131f\u0131r at\u0131kla yapt\u0131klar\u0131 \u00e7al\u0131\u015fmalar\u0131 yerinde g\u00f6rd\u00fck ve hep beraber bu konuyla ilgili k\u00fc\u00e7\u00fck bir bilgilendirme \u00e7al\u0131\u015fmas\u0131 yapt\u0131k. \u00c7ocuklar\u0131m\u0131z\u0131n geri d\u00f6n\u00fc\u015f\u00fcm ve kaynaklar\u0131n do\u011fru kullan\u0131m\u0131ndaki fark\u0131ndal\u0131\u011f\u0131 hususunda g\u00fczel bir etkinlik oldu. Gereksiz yere kullan\u0131lan her t\u00fcrl\u00fc enerjinin ve materyallerin ya\u015fam alanlar\u0131n\u0131n kaybedilmesine neden olaca\u011f\u0131ndan \u2018d\u00fcnya hepimizin evi&#8217; mant\u0131\u011f\u0131yla d\u00fcnyam\u0131z\u0131 daha sa\u011fl\u0131kl\u0131 ve ya\u015fan\u0131r hale getirmek i\u00e7in katk\u0131da bulunuyoruz\u201d diye konu\u015ftu. &#8220;Fark\u0131ndal\u0131\u011fa a\u00e7\u0131k olmal\u0131y\u0131z&#8221; Sosyal Yard\u0131m \u0130\u015fleri M\u00fcd\u00fcr\u00fc H\u00fcseyin Do\u011fan ise, Enerji ve Tasarruf Haftas\u0131 kapsam\u0131nda Atma D\u00f6n\u00fc\u015ft\u00fcr Projesi ile \u00e7ocuklar\u0131n iki y\u0131ld\u0131r biriktirerek hem geri d\u00f6n\u00fc\u015ft\u00fcrd\u00fckleri at\u0131klar\u0131 hem de d\u00f6n\u00fc\u015ft\u00fcr\u00fclebilen at\u0131klar\u0131 teslim ettiklerini belirterek, &#8220;B\u00fct\u00fcn vatanda\u015flar\u0131m\u0131z\u0131 ve velilerimizi fark\u0131ndal\u0131\u011fa a\u00e7\u0131k olmaya davet ediyorum. Buradan velilerimize ve \u00f6\u011frencilerimize her k\u00e2\u011f\u0131d\u0131n at\u0131k olmad\u0131\u011f\u0131n\u0131 ve atmay\u0131p d\u00f6n\u00fc\u015ft\u00fcrmemiz gerekti\u011fini hat\u0131rlatmak ister ve bu fark\u0131ndal\u0131\u011fa katk\u0131 sa\u011flayan herkese &hellip;"}