{"version":"1.0","provider_name":"Av. Deniz Can K\u0131z\u0131l","provider_url":"https:\/\/denizcankizil.tr\/ru","author_name":"Av. Deniz Can K\u0131z\u0131l","author_url":"https:\/\/denizcankizil.tr\/ru\/author\/denizcankizil\/","title":"Market yang\u0131n\u0131 g\u00f6zya\u015flar\u0131na bo\u011fdu","type":"rich","width":600,"height":338,"html":"<blockquote class=\"wp-embedded-content\" data-secret=\"bjKzO0hQUs\"><a href=\"https:\/\/denizcankizil.tr\/ru\/haberler\/antalya\/market-yangini-gozyaslarina-bogdu\/\">Market yang\u0131n\u0131 g\u00f6zya\u015flar\u0131na bo\u011fdu<\/a><\/blockquote><iframe sandbox=\"allow-scripts\" security=\"restricted\" src=\"https:\/\/denizcankizil.tr\/ru\/haberler\/antalya\/market-yangini-gozyaslarina-bogdu\/embed\/#?secret=bjKzO0hQUs\" width=\"600\" height=\"338\" title=\"\u00abMarket yang\u0131n\u0131 g\u00f6zya\u015flar\u0131na bo\u011fdu\u00bb &#8212; Av. Deniz Can K\u0131z\u0131l\" data-secret=\"bjKzO0hQUs\" frameborder=\"0\" marginwidth=\"0\" marginheight=\"0\" scrolling=\"no\" class=\"wp-embedded-content\"><\/iframe><script>\n\/*! This file is auto-generated *\/\n!function(d,l){\"use strict\";l.querySelector&&d.addEventListener&&\"undefined\"!=typeof URL&&(d.wp=d.wp||{},d.wp.receiveEmbedMessage||(d.wp.receiveEmbedMessage=function(e){var t=e.data;if((t||t.secret||t.message||t.value)&&!\/[^a-zA-Z0-9]\/.test(t.secret)){for(var s,r,n,a=l.querySelectorAll('iframe[data-secret=\"'+t.secret+'\"]'),o=l.querySelectorAll('blockquote[data-secret=\"'+t.secret+'\"]'),c=new RegExp(\"^https?:$\",\"i\"),i=0;i<o.length;i++)o[i].style.display=\"none\";for(i=0;i<a.length;i++)s=a[i],e.source===s.contentWindow&&(s.removeAttribute(\"style\"),\"height\"===t.message?(1e3<(r=parseInt(t.value,10))?r=1e3:~~r<200&&(r=200),s.height=r):\"link\"===t.message&&(r=new URL(s.getAttribute(\"src\")),n=new URL(t.value),c.test(n.protocol))&&n.host===r.host&&l.activeElement===s&&(d.top.location.href=t.value))}},d.addEventListener(\"message\",d.wp.receiveEmbedMessage,!1),l.addEventListener(\"DOMContentLoaded\",function(){for(var e,t,s=l.querySelectorAll(\"iframe.wp-embedded-content\"),r=0;r<s.length;r++)(t=(e=s[r]).getAttribute(\"data-secret\"))||(t=Math.random().toString(36).substring(2,12),e.src+=\"#?secret=\"+t,e.setAttribute(\"data-secret\",t)),e.contentWindow.postMessage({message:\"ready\",secret:t},\"*\")},!1)))}(window,document);\n\/\/# sourceURL=https:\/\/denizcankizil.tr\/wp-includes\/js\/wp-embed.min.js\n<\/script>","thumbnail_url":"https:\/\/denizcankizil.tr\/wp-content\/uploads\/2025\/04\/5815-01-qS6Frj.jpg","thumbnail_width":1280,"thumbnail_height":720,"description":"Yang\u0131n, saat 17.30 s\u0131ralar\u0131nda Yenido\u011fan Mahallesi Adnan Selekler Caddesi ile 3076 sokak kesi\u015fiminde bulunan bir markette meydana geldi. Marketin \u00fcst kat\u0131ndan dumanlar \u00e7\u0131kt\u0131\u011f\u0131n\u0131 g\u00f6ren vatanda\u015flar durumu market sahibi ve 112 Acil \u00c7a\u011fr\u0131 Merkezi&#8217;ne bildirdi. Vatanda\u015flar\u0131n kendi imkanlar\u0131 ve yang\u0131n t\u00fcp\u00fc ile m\u00fcdahalesi yetersiz kal\u0131rken k\u0131sa s\u00fcrede b\u00fcy\u00fcyen alevler marketin \u00fcst kat\u0131n\u0131 tamamen sard\u0131. Alevler k\u0131sa s\u00fcrede marketin alt kat\u0131na da s\u0131\u00e7rad\u0131. Alevler i\u015f yerini sararken, g\u00f6ky\u00fcz\u00fcn\u00fc kaplayan siyah dumanlar kilometrelerce uzaktan g\u00f6r\u00fcld\u00fc. 112 Acil \u00c7a\u011fr\u0131 Merkezi&#8217;ne yap\u0131lan ihbar sonras\u0131 olay yerine \u00e7ok say\u0131da itfaiye, polis ve sa\u011fl\u0131k ekibi sevk edilirken ak\u015fam mesai \u00e7\u0131k\u0131\u015f\u0131 olmas\u0131 nedeniyle olu\u015fan trafikte ekipler yang\u0131n yerine ula\u015fmakta g\u00fc\u00e7l\u00fck \u00e7ekti. Olay yerine gelen itfaiye ekiplerinin yakla\u015f\u0131k 1 saatlik \u00e7al\u0131\u015fma sonucu yang\u0131n s\u00f6nd\u00fcr\u00fcld\u00fc. Bu s\u0131rada yang\u0131n\u0131n ilk anlar\u0131na ait g\u00f6r\u00fcnt\u00fcler vatanda\u015flar taraf\u0131ndan cep telefonu kameras\u0131 ile kaydedildi. G\u00f6r\u00fcnt\u00fclerde marketin alevli \u015fekilde yand\u0131\u011f\u0131, yang\u0131n nedeniyle b\u00fcy\u00fck panik ya\u015fayan ve g\u00f6zya\u015flar\u0131n\u0131 tutamayan market sahibi kad\u0131n\u0131 vatanda\u015flar taraf\u0131ndan sakinle\u015ftirilmeye \u00e7al\u0131\u015f\u0131ld\u0131\u011f\u0131 g\u00f6r\u00fcld\u00fc. &#8220;3 dakikada her yeri sard\u0131&#8221; Yang\u0131n\u0131 ilk fark eden ve yang\u0131n t\u00fcp\u00fc ile m\u00fcdahale etmek isteyen vatanda\u015flardan Umut \u00c7elik, duman\u0131 fark ettikten sonra yang\u0131n t\u00fcp\u00fc ile m\u00fcdahale ettiklerini ancak yetersiz kald\u0131klar\u0131n\u0131 belirterek, &#8220;D\u00fckkanda otururken duman \u00fcst katta k\u00f6\u015feden \u00e7\u0131kt\u0131\u011f\u0131n\u0131 g\u00f6rd\u00fck. Karde\u015fimde arabadayd\u0131, ara\u00e7tan yang\u0131n t\u00fcplerini alarak s\u00f6nd\u00fcrmek i\u00e7in i\u00e7eri girdi. &hellip;"}