{"version":"1.0","provider_name":"Av. Deniz Can K\u0131z\u0131l","provider_url":"https:\/\/denizcankizil.tr\/ru","author_name":"Av. Deniz Can K\u0131z\u0131l","author_url":"https:\/\/denizcankizil.tr\/ru\/author\/denizcankizil\/","title":"Manavgat'ta kaza: 1 yaral\u0131","type":"rich","width":600,"height":338,"html":"<blockquote class=\"wp-embedded-content\" data-secret=\"oCM3jwTbXq\"><a href=\"https:\/\/denizcankizil.tr\/ru\/haberler\/antalya\/manavgatta-kaza-1-yarali-3\/\">Manavgat&#8217;ta kaza: 1 yaral\u0131<\/a><\/blockquote><iframe sandbox=\"allow-scripts\" security=\"restricted\" src=\"https:\/\/denizcankizil.tr\/ru\/haberler\/antalya\/manavgatta-kaza-1-yarali-3\/embed\/#?secret=oCM3jwTbXq\" width=\"600\" height=\"338\" title=\"\u00abManavgat&#8217;ta kaza: 1 yaral\u0131\u00bb &#8212; Av. Deniz Can K\u0131z\u0131l\" data-secret=\"oCM3jwTbXq\" frameborder=\"0\" marginwidth=\"0\" marginheight=\"0\" scrolling=\"no\" class=\"wp-embedded-content\"><\/iframe><script>\n\/*! This file is auto-generated *\/\n!function(d,l){\"use strict\";l.querySelector&&d.addEventListener&&\"undefined\"!=typeof URL&&(d.wp=d.wp||{},d.wp.receiveEmbedMessage||(d.wp.receiveEmbedMessage=function(e){var t=e.data;if((t||t.secret||t.message||t.value)&&!\/[^a-zA-Z0-9]\/.test(t.secret)){for(var s,r,n,a=l.querySelectorAll('iframe[data-secret=\"'+t.secret+'\"]'),o=l.querySelectorAll('blockquote[data-secret=\"'+t.secret+'\"]'),c=new RegExp(\"^https?:$\",\"i\"),i=0;i<o.length;i++)o[i].style.display=\"none\";for(i=0;i<a.length;i++)s=a[i],e.source===s.contentWindow&&(s.removeAttribute(\"style\"),\"height\"===t.message?(1e3<(r=parseInt(t.value,10))?r=1e3:~~r<200&&(r=200),s.height=r):\"link\"===t.message&&(r=new URL(s.getAttribute(\"src\")),n=new URL(t.value),c.test(n.protocol))&&n.host===r.host&&l.activeElement===s&&(d.top.location.href=t.value))}},d.addEventListener(\"message\",d.wp.receiveEmbedMessage,!1),l.addEventListener(\"DOMContentLoaded\",function(){for(var e,t,s=l.querySelectorAll(\"iframe.wp-embedded-content\"),r=0;r<s.length;r++)(t=(e=s[r]).getAttribute(\"data-secret\"))||(t=Math.random().toString(36).substring(2,12),e.src+=\"#?secret=\"+t,e.setAttribute(\"data-secret\",t)),e.contentWindow.postMessage({message:\"ready\",secret:t},\"*\")},!1)))}(window,document);\n\/\/# sourceURL=https:\/\/denizcankizil.tr\/wp-includes\/js\/wp-embed.min.js\n<\/script>","thumbnail_url":"https:\/\/denizcankizil.tr\/wp-content\/uploads\/2025\/03\/5781-01-q9Z7rv.jpeg","thumbnail_width":1280,"thumbnail_height":720,"description":"Kaza, Eski Hisar Mahallesi 9508 Sokak&#8217;ta \u00e7evre yolu istikametine gitmekte olan Ay\u015fe \u00d6zen\u2019in kulland\u0131\u011f\u0131 07 LNM 95 plakal\u0131 Audi marka otomobilin, 9503 Sokak&#8217;ta Demokrasi Bulvar\u0131 istikametinden gelip Hisar Mezarl\u0131\u011f\u0131 istikametine seyir halindeki Mehmet Y\u0131lmaz\u2019\u0131n kulland\u0131\u011f\u0131 07 ABM 352 plakal\u0131 Volkswagen marka otomobile kontrols\u00fcz kav\u015fakta yandan \u00e7arpmas\u0131 sonucunda meydana geldi.\u00a0 \u00a0 G\u00fcvenlik kameras\u0131na saniye saniyesine yans\u0131yan kazada, ara\u00e7 s\u00fcr\u00fcc\u00fclerinden Mehmet Y\u0131lmaz yaraland\u0131. Yaral\u0131 ara\u00e7 s\u00fcr\u00fcc\u00fcs\u00fc; 112 Sa\u011fl\u0131k ekibinin olay yerindeki m\u00fcdahalesinin ard\u0131ndan, ambulansla hastaneye kald\u0131r\u0131ld\u0131.\u00a0 Kaynak: www.kanalv.com.tr Haber Sitesinden Al\u0131nm\u0131\u015ft\u0131r."}