{"version":"1.0","provider_name":"Av. Deniz Can K\u0131z\u0131l","provider_url":"https:\/\/denizcankizil.tr\/ru","author_name":"Av. Deniz Can K\u0131z\u0131l","author_url":"https:\/\/denizcankizil.tr\/ru\/author\/denizcankizil\/","title":"Manavgat'ta festivale g\u00f6rkemli a\u00e7\u0131l\u0131\u015f","type":"rich","width":600,"height":338,"html":"<blockquote class=\"wp-embedded-content\" data-secret=\"SLzpnISf82\"><a href=\"https:\/\/denizcankizil.tr\/ru\/haberler\/antalya\/manavgatta-festivale-gorkemli-acilis\/\">Manavgat&#8217;ta festivale g\u00f6rkemli a\u00e7\u0131l\u0131\u015f<\/a><\/blockquote><iframe sandbox=\"allow-scripts\" security=\"restricted\" src=\"https:\/\/denizcankizil.tr\/ru\/haberler\/antalya\/manavgatta-festivale-gorkemli-acilis\/embed\/#?secret=SLzpnISf82\" width=\"600\" height=\"338\" title=\"\u00abManavgat&#8217;ta festivale g\u00f6rkemli a\u00e7\u0131l\u0131\u015f\u00bb &#8212; Av. Deniz Can K\u0131z\u0131l\" data-secret=\"SLzpnISf82\" frameborder=\"0\" marginwidth=\"0\" marginheight=\"0\" scrolling=\"no\" class=\"wp-embedded-content\"><\/iframe><script>\n\/*! This file is auto-generated *\/\n!function(d,l){\"use strict\";l.querySelector&&d.addEventListener&&\"undefined\"!=typeof URL&&(d.wp=d.wp||{},d.wp.receiveEmbedMessage||(d.wp.receiveEmbedMessage=function(e){var t=e.data;if((t||t.secret||t.message||t.value)&&!\/[^a-zA-Z0-9]\/.test(t.secret)){for(var s,r,n,a=l.querySelectorAll('iframe[data-secret=\"'+t.secret+'\"]'),o=l.querySelectorAll('blockquote[data-secret=\"'+t.secret+'\"]'),c=new RegExp(\"^https?:$\",\"i\"),i=0;i<o.length;i++)o[i].style.display=\"none\";for(i=0;i<a.length;i++)s=a[i],e.source===s.contentWindow&&(s.removeAttribute(\"style\"),\"height\"===t.message?(1e3<(r=parseInt(t.value,10))?r=1e3:~~r<200&&(r=200),s.height=r):\"link\"===t.message&&(r=new URL(s.getAttribute(\"src\")),n=new URL(t.value),c.test(n.protocol))&&n.host===r.host&&l.activeElement===s&&(d.top.location.href=t.value))}},d.addEventListener(\"message\",d.wp.receiveEmbedMessage,!1),l.addEventListener(\"DOMContentLoaded\",function(){for(var e,t,s=l.querySelectorAll(\"iframe.wp-embedded-content\"),r=0;r<s.length;r++)(t=(e=s[r]).getAttribute(\"data-secret\"))||(t=Math.random().toString(36).substring(2,12),e.src+=\"#?secret=\"+t,e.setAttribute(\"data-secret\",t)),e.contentWindow.postMessage({message:\"ready\",secret:t},\"*\")},!1)))}(window,document);\n\/\/# sourceURL=https:\/\/denizcankizil.tr\/wp-includes\/js\/wp-embed.min.js\n<\/script>","thumbnail_url":"https:\/\/denizcankizil.tr\/wp-content\/uploads\/2025\/05\/6236-01-qmk2uL.jpg","thumbnail_width":1280,"thumbnail_height":720,"description":"Antalya&#8217;n\u0131n Manavgat il\u00e7esinde bu y\u0131l Manavgat Belediyesi \u00f6nc\u00fcl\u00fc\u011f\u00fcnde d\u00fczenlenen Uluslararas\u0131 Dans ve M\u00fczik Festivali, tarihi Side Liman\u0131&#8217;nda renkli g\u00f6r\u00fcnt\u00fclere sahne oldu. 7-8 May\u0131s tarihlerinde ger\u00e7ekle\u015ftirilen festivalin a\u00e7\u0131l\u0131\u015f\u0131na T\u00fcrkiye&#8217;nin yan\u0131 s\u0131ra Kazakistan, Ukrayna, G\u00fcrcistan, Bulgaristan ve Moldova&#8217;dan gelen 26 grup ve toplam 1100 dans\u00e7\u0131 kat\u0131ld\u0131. Festivalin ilk g\u00fcn\u00fc dans\u00e7\u0131 gruplar\u0131n tarihi Side Yolu boyunca ger\u00e7ekle\u015ftirdi\u011fi kortej y\u00fcr\u00fcy\u00fc\u015f\u00fc ile ba\u015flad\u0131. Y\u00f6resel k\u0131yafetleriyle korteje kat\u0131lan dans\u00e7\u0131lar, sergiledikleri fig\u00fcrlerle ilgi oda\u011f\u0131 oldu. Kortejin ard\u0131ndan sahnelenen folklorik ve modern dans g\u00f6sterileri, izleyicilere g\u00f6rsel bir \u015f\u00f6len sundu. A\u00e7\u0131l\u0131\u015f t\u00f6renine Manavgat Belediye Ba\u015fkan\u0131 Op. Dr. Niyazi Nefi Kara ile e\u015fi Dr. Hacer Ceyhan Kara, CHP Manavgat \u0130l\u00e7e Ba\u015fkan\u0131 Oykun Ba\u015far, belediye ba\u015fkan yard\u0131mc\u0131lar\u0131, belediye meclis \u00fcyeleri, sivil toplum kurulu\u015flar\u0131n\u0131n temsilcileri, oda ba\u015fkanlar\u0131, mahalle muhtarlar\u0131 ve \u00e7ok say\u0131da vatanda\u015f kat\u0131ld\u0131. A\u00e7\u0131l\u0131\u015fta konu\u015fan Belediye Ba\u015fkan\u0131 Kara, &#8220;Manavgat&#8217;\u0131m\u0131z sadece g\u00fcne\u015fi, denizi ve tarihiyle de\u011fil; ayn\u0131 zamanda k\u00fclt\u00fcr ve sanatla da bir cazibe merkezi. Bu festival, d\u00fcnya k\u00fclt\u00fcrlerini bir araya getirerek karde\u015fli\u011fin, bar\u0131\u015f\u0131n ve dostlu\u011fun dansla ifadesidir. Uluslararas\u0131 d\u00fczeyde b\u00f6ylesine b\u00fcy\u00fck bir organizasyona ev sahipli\u011fi yapmaktan gurur duyuyoruz&#8221; dedi. Festival, ak\u015fam d\u00fczenlenecek g\u00f6sterilerle sona erecek. Kaynak: www.kanalv.com.tr Haber Sitesinden Al\u0131nm\u0131\u015ft\u0131r."}