{"version":"1.0","provider_name":"Av. Deniz Can K\u0131z\u0131l","provider_url":"https:\/\/denizcankizil.tr\/ru","author_name":"Av. Deniz Can K\u0131z\u0131l","author_url":"https:\/\/denizcankizil.tr\/ru\/author\/denizcankizil\/","title":"Konyaalt\u0131 Sahili'ni ve denizi temizlediler","type":"rich","width":600,"height":338,"html":"<blockquote class=\"wp-embedded-content\" data-secret=\"SjCrg0IaCn\"><a href=\"https:\/\/denizcankizil.tr\/ru\/haberler\/antalya\/konyaalti-sahilini-ve-denizi-temizlediler\/\">Konyaalt\u0131 Sahili&#8217;ni ve denizi temizlediler<\/a><\/blockquote><iframe sandbox=\"allow-scripts\" security=\"restricted\" src=\"https:\/\/denizcankizil.tr\/ru\/haberler\/antalya\/konyaalti-sahilini-ve-denizi-temizlediler\/embed\/#?secret=SjCrg0IaCn\" width=\"600\" height=\"338\" title=\"\u00abKonyaalt\u0131 Sahili&#8217;ni ve denizi temizlediler\u00bb &#8212; Av. Deniz Can K\u0131z\u0131l\" data-secret=\"SjCrg0IaCn\" frameborder=\"0\" marginwidth=\"0\" marginheight=\"0\" scrolling=\"no\" class=\"wp-embedded-content\"><\/iframe><script>\n\/*! This file is auto-generated *\/\n!function(d,l){\"use strict\";l.querySelector&&d.addEventListener&&\"undefined\"!=typeof URL&&(d.wp=d.wp||{},d.wp.receiveEmbedMessage||(d.wp.receiveEmbedMessage=function(e){var t=e.data;if((t||t.secret||t.message||t.value)&&!\/[^a-zA-Z0-9]\/.test(t.secret)){for(var s,r,n,a=l.querySelectorAll('iframe[data-secret=\"'+t.secret+'\"]'),o=l.querySelectorAll('blockquote[data-secret=\"'+t.secret+'\"]'),c=new RegExp(\"^https?:$\",\"i\"),i=0;i<o.length;i++)o[i].style.display=\"none\";for(i=0;i<a.length;i++)s=a[i],e.source===s.contentWindow&&(s.removeAttribute(\"style\"),\"height\"===t.message?(1e3<(r=parseInt(t.value,10))?r=1e3:~~r<200&&(r=200),s.height=r):\"link\"===t.message&&(r=new URL(s.getAttribute(\"src\")),n=new URL(t.value),c.test(n.protocol))&&n.host===r.host&&l.activeElement===s&&(d.top.location.href=t.value))}},d.addEventListener(\"message\",d.wp.receiveEmbedMessage,!1),l.addEventListener(\"DOMContentLoaded\",function(){for(var e,t,s=l.querySelectorAll(\"iframe.wp-embedded-content\"),r=0;r<s.length;r++)(t=(e=s[r]).getAttribute(\"data-secret\"))||(t=Math.random().toString(36).substring(2,12),e.src+=\"#?secret=\"+t,e.setAttribute(\"data-secret\",t)),e.contentWindow.postMessage({message:\"ready\",secret:t},\"*\")},!1)))}(window,document);\n\/\/# sourceURL=https:\/\/denizcankizil.tr\/wp-includes\/js\/wp-embed.min.js\n<\/script>","thumbnail_url":"https:\/\/denizcankizil.tr\/wp-content\/uploads\/2025\/04\/e124cf08-7369-4879-8e19-c471d56564e2-sERYGz.jpeg","thumbnail_width":1280,"thumbnail_height":720,"description":"Konyaalt\u0131 Belediyesi, \u00e7evre bilincini art\u0131rmak ve deniz kirlili\u011fine dikkat \u00e7ekmek amac\u0131yla Suda Arama ve Kurtarma Derne\u011fi (SKUT) ile deniz temizli\u011fi fark\u0131ndal\u0131k etkinli\u011fi ger\u00e7ekle\u015ftirdi. \u2018Gelece\u011fi D\u00fc\u015f\u00fcn\u00fcyoruz Suyumuza Sahip \u00c7\u0131k\u0131yoruz\u2019 slogan\u0131yla Konyaalt\u0131 Sahili\u2019nde ger\u00e7ekle\u015fen etkinlikte, SKUT ekipleri su alt\u0131na inerek denizde bulunan plastik, cam ve metal at\u0131klar\u0131n\u0131 toplad\u0131. Konyaalt\u0131 Belediyesi Ba\u015fkan Yard\u0131mc\u0131s\u0131 Mehmet Bilgin\u2019in de kat\u0131ld\u0131\u011f\u0131 etkinlikte, \u0130klim De\u011fi\u015fikli\u011fi ve S\u0131f\u0131r At\u0131k M\u00fcd\u00fcrl\u00fc\u011f\u00fc, Afet \u0130\u015fleri M\u00fcd\u00fcrl\u00fc\u011f\u00fc, Temizlik \u0130\u015fleri M\u00fcd\u00fcrl\u00fc\u011f\u00fc personeli ve vatanda\u015flar sahildeki at\u0131klar\u0131 toplayarak fark\u0131ndal\u0131k etkinli\u011fine katk\u0131 sa\u011flad\u0131. &#8220;Temiz suyun \u00f6nemine vurgu yap\u0131ld\u0131&#8221; Konyaalt\u0131 Sahili\u2019nde deniz temizli\u011fi ger\u00e7ekle\u015ftirerek deniz ve sahil kirlili\u011fine dikkat \u00e7ekmeyi ama\u00e7lad\u0131klar\u0131n\u0131 kaydeden Konyaalt\u0131 Belediyesi \u0130klim De\u011fi\u015fikli\u011fi ve S\u0131f\u0131r At\u0131k M\u00fcd\u00fcr\u00fc \u00d6nc\u00fc Ceylan Balo\u011flu, &#8220;D\u00fcnya Su G\u00fcn\u00fc kapsam\u0131nda suyun \u00f6nemini vurgulamak, fark\u0131ndal\u0131k olu\u015fturmak ve temiz suya nas\u0131l ula\u015fabilece\u011fimiz konusunda bilgilendirme yapmak istedik. Konyaalt\u0131 Belediyemiz ve SKUT aras\u0131nda yap\u0131lan protokol kapsam\u0131nda, iklim krizine kar\u015f\u0131 suyun hayati \u00f6nemine vurgu yapt\u0131\u011f\u0131m\u0131z bir etkinlik oldu&#8221; dedi. &#8220;Yar\u0131nlara daha temiz bir d\u00fcnya b\u0131rakabilmek i\u00e7in&#8221; \u0130klim kriziyle temiz suya eri\u015fimin giderek daha b\u00fcy\u00fck bir \u00f6nem kazand\u0131\u011f\u0131n\u0131 vurgulayan Balo\u011flu, &#8220;Su; hayvan, insan ve bitki sa\u011fl\u0131\u011f\u0131 a\u00e7\u0131s\u0131ndan vazge\u00e7ilmez bir unsur. Konyaalt\u0131 Belediyesi olarak daha temiz bir d\u00fcnya i\u00e7in \u00e7al\u0131\u015fmalar\u0131m\u0131z\u0131 s\u00fcrd\u00fcr\u00fcyoruz&#8221; diye konu\u015ftu. Konyaalt\u0131 Belediye Ba\u015fkan\u0131 Cem Kotan\u2019\u0131n talimatlar\u0131 do\u011frultusunda \u00e7al\u0131\u015ft\u0131klar\u0131n\u0131 kaydeden Balo\u011flu, &#8220;\u00c7evremize, do\u011fam\u0131za ve yar\u0131nlar\u0131m\u0131za &hellip;"}