{"version":"1.0","provider_name":"Av. Deniz Can K\u0131z\u0131l","provider_url":"https:\/\/denizcankizil.tr\/ru","author_name":"Av. Deniz Can K\u0131z\u0131l","author_url":"https:\/\/denizcankizil.tr\/ru\/author\/denizcankizil\/","title":"Kazakistan\u2019daki Sa\u011fl\u0131k Fuar\u0131na Antalya Damgas\u0131n\u0131 Vurdu","type":"rich","width":600,"height":338,"html":"<blockquote class=\"wp-embedded-content\" data-secret=\"clPgMO37tV\"><a href=\"https:\/\/denizcankizil.tr\/ru\/haberler\/antalya\/kazakistandaki-saglik-fuarina-antalya-damgasini-vurdu\/\">Kazakistan\u2019daki Sa\u011fl\u0131k Fuar\u0131na Antalya Damgas\u0131n\u0131 Vurdu<\/a><\/blockquote><iframe sandbox=\"allow-scripts\" security=\"restricted\" src=\"https:\/\/denizcankizil.tr\/ru\/haberler\/antalya\/kazakistandaki-saglik-fuarina-antalya-damgasini-vurdu\/embed\/#?secret=clPgMO37tV\" width=\"600\" height=\"338\" title=\"\u00abKazakistan\u2019daki Sa\u011fl\u0131k Fuar\u0131na Antalya Damgas\u0131n\u0131 Vurdu\u00bb &#8212; Av. Deniz Can K\u0131z\u0131l\" data-secret=\"clPgMO37tV\" frameborder=\"0\" marginwidth=\"0\" marginheight=\"0\" scrolling=\"no\" class=\"wp-embedded-content\"><\/iframe><script>\n\/*! This file is auto-generated *\/\n!function(d,l){\"use strict\";l.querySelector&&d.addEventListener&&\"undefined\"!=typeof URL&&(d.wp=d.wp||{},d.wp.receiveEmbedMessage||(d.wp.receiveEmbedMessage=function(e){var t=e.data;if((t||t.secret||t.message||t.value)&&!\/[^a-zA-Z0-9]\/.test(t.secret)){for(var s,r,n,a=l.querySelectorAll('iframe[data-secret=\"'+t.secret+'\"]'),o=l.querySelectorAll('blockquote[data-secret=\"'+t.secret+'\"]'),c=new RegExp(\"^https?:$\",\"i\"),i=0;i<o.length;i++)o[i].style.display=\"none\";for(i=0;i<a.length;i++)s=a[i],e.source===s.contentWindow&&(s.removeAttribute(\"style\"),\"height\"===t.message?(1e3<(r=parseInt(t.value,10))?r=1e3:~~r<200&&(r=200),s.height=r):\"link\"===t.message&&(r=new URL(s.getAttribute(\"src\")),n=new URL(t.value),c.test(n.protocol))&&n.host===r.host&&l.activeElement===s&&(d.top.location.href=t.value))}},d.addEventListener(\"message\",d.wp.receiveEmbedMessage,!1),l.addEventListener(\"DOMContentLoaded\",function(){for(var e,t,s=l.querySelectorAll(\"iframe.wp-embedded-content\"),r=0;r<s.length;r++)(t=(e=s[r]).getAttribute(\"data-secret\"))||(t=Math.random().toString(36).substring(2,12),e.src+=\"#?secret=\"+t,e.setAttribute(\"data-secret\",t)),e.contentWindow.postMessage({message:\"ready\",secret:t},\"*\")},!1)))}(window,document);\n\/\/# sourceURL=https:\/\/denizcankizil.tr\/wp-includes\/js\/wp-embed.min.js\n<\/script>","thumbnail_url":"http:\/\/denizcankizil.tr\/wp-content\/uploads\/2025\/07\/k-a-z-a-k-i-s-t-a-n-d-a-k-i-s-a-g-l-i-k-f-u-a-r-i-n-a-a-n-t-a-l-y-a-d-819924-242853-zjluLN.jpg","thumbnail_width":1280,"thumbnail_height":720,"description":"ANTALYA&#8217;n\u0131n k\u00f6kl\u00fc sa\u011fl\u0131k kurulu\u015flar\u0131ndan \u00d6zel OFM Antalya Hastanesi, Kazakistan&#8217;\u0131n Almat\u0131 kentinde d\u00fczenlenen 13. ALZ Uluslararas\u0131 Sa\u011fl\u0131k Turizmi Fuar\u0131&#8217;nda T\u00fcrkiye&#8217;yi ba\u015far\u0131yla temsil etti. Almat\u0131&#8217;daki fuar\u0131n a\u00e7\u0131l\u0131\u015f\u0131; T\u00fcrkiye Cumhuriyeti Almat\u0131 Ba\u015fkonsolosu Evren M\u00fcderriso\u011flu, Ticaret Bakanl\u0131\u011f\u0131 Uluslararas\u0131 Hizmet Ticareti Genel M\u00fcd\u00fcr Yard\u0131mc\u0131s\u0131 Alperen Ka\u00e7ar, Almat\u0131 Valili\u011fi Turizm Ba\u015fkan Vekili Gaziz Tolebek, T.C. Almat\u0131 Ticaret Ata\u015fesi Ekrem Alper Bozkurt ve Hizmet \u0130hracat\u00e7\u0131lar\u0131 Birli\u011fi Genel Sekreter Yard\u0131mc\u0131s\u0131 \u00dczeyir I\u015f\u0131k ve OFM Antalya Hastanesi Ba\u015fhekim Yard\u0131mc\u0131s\u0131 Uz.Dr. Ula\u015f Karadamar&#8217;\u0131n kat\u0131l\u0131mlar\u0131yla ger\u00e7ekle\u015ftirildi. Ayr\u0131ca Kazakistan, Azerbaycan, \u00d6zbekistan, K\u0131rg\u0131zistan ve Rusya sa\u011fl\u0131k turizmi derneklerinin ba\u015fkanlar\u0131 da t\u00f6rende yer ald\u0131. ANTALYA&#8217;NIN SA\u011eLIK TUR\u0130ZM\u0130 POTANS\u0130YEL\u0130 VURGULANDI Fuarda kat\u0131l\u0131mc\u0131larla birebir g\u00f6r\u00fc\u015fmeler ger\u00e7ekle\u015ftiren \u00d6zel OFM Antalya Hastanesi yetkilileri, Antalya&#8217;n\u0131n sahip oldu\u011fu sa\u011fl\u0131k altyap\u0131s\u0131 ve turizm potansiyelini detayl\u0131 \u015fekilde anlatt\u0131. Hastane, y\u00fcksek standartlarda sundu\u011fu medikal hizmetlerin yan\u0131 s\u0131ra, hasta g\u00fcvenli\u011fi ve etik de\u011ferlere dayal\u0131 yakla\u015f\u0131m\u0131yla dikkat \u00e7ekti. Uluslararas\u0131 arenada yeni i\u015f birliklerine kap\u0131 aralayan \u00d6zel OFM Antalya Hastanesi, sa\u011fl\u0131k turizmi hedefleri do\u011frultusunda global \u00f6l\u00e7ekteki \u00e7al\u0131\u015fmalar\u0131na devam ediyor. Antalya&#8217;n\u0131n sa\u011fl\u0131k turizmindeki y\u00fckselen marka de\u011ferine katk\u0131 sa\u011flamay\u0131 ama\u00e7layan hastane, d\u00fcnyan\u0131n d\u00f6rt bir yan\u0131ndan gelen misafirlerine nitelikli ve g\u00fcvenilir sa\u011fl\u0131k hizmeti sunmay\u0131 s\u00fcrd\u00fcr\u00fcyor. &#8216;GLOBAL PAZARDA G\u00dc\u00c7L\u00dc B\u0130R YER ED\u0130NMEYE \u00c7ALI\u015eIYORUZ&#8217; \u00d6zel OFM Antalya Hastanesi Kurumsal Halkla \u0130li\u015fkiler M\u00fcd\u00fcr\u00fc Hakan Engin, 13. ALZ Uluslararas\u0131 Sa\u011fl\u0131k Turizmi Fuar\u0131&#8217;na ili\u015fkin &hellip;"}