{"version":"1.0","provider_name":"Av. Deniz Can K\u0131z\u0131l","provider_url":"https:\/\/denizcankizil.tr\/ru","author_name":"Av. Deniz Can K\u0131z\u0131l","author_url":"https:\/\/denizcankizil.tr\/ru","title":"Kay\u0131p Alzheimer hastas\u0131 bulundu","type":"rich","width":600,"height":338,"html":"<blockquote class=\"wp-embedded-content\" data-secret=\"PbTdV6xmu6\"><a href=\"https:\/\/denizcankizil.tr\/ru\/haberler\/antalya\/kayip-alzheimer-hastasi-bulundu\/\">Kay\u0131p Alzheimer hastas\u0131 bulundu<\/a><\/blockquote><iframe sandbox=\"allow-scripts\" security=\"restricted\" src=\"https:\/\/denizcankizil.tr\/ru\/haberler\/antalya\/kayip-alzheimer-hastasi-bulundu\/embed\/#?secret=PbTdV6xmu6\" width=\"600\" height=\"338\" title=\"\u00abKay\u0131p Alzheimer hastas\u0131 bulundu\u00bb &#8212; Av. Deniz Can K\u0131z\u0131l\" data-secret=\"PbTdV6xmu6\" frameborder=\"0\" marginwidth=\"0\" marginheight=\"0\" scrolling=\"no\" class=\"wp-embedded-content\"><\/iframe><script>\n\/*! This file is auto-generated *\/\n!function(d,l){\"use strict\";l.querySelector&&d.addEventListener&&\"undefined\"!=typeof URL&&(d.wp=d.wp||{},d.wp.receiveEmbedMessage||(d.wp.receiveEmbedMessage=function(e){var t=e.data;if((t||t.secret||t.message||t.value)&&!\/[^a-zA-Z0-9]\/.test(t.secret)){for(var s,r,n,a=l.querySelectorAll('iframe[data-secret=\"'+t.secret+'\"]'),o=l.querySelectorAll('blockquote[data-secret=\"'+t.secret+'\"]'),c=new RegExp(\"^https?:$\",\"i\"),i=0;i<o.length;i++)o[i].style.display=\"none\";for(i=0;i<a.length;i++)s=a[i],e.source===s.contentWindow&&(s.removeAttribute(\"style\"),\"height\"===t.message?(1e3<(r=parseInt(t.value,10))?r=1e3:~~r<200&&(r=200),s.height=r):\"link\"===t.message&&(r=new URL(s.getAttribute(\"src\")),n=new URL(t.value),c.test(n.protocol))&&n.host===r.host&&l.activeElement===s&&(d.top.location.href=t.value))}},d.addEventListener(\"message\",d.wp.receiveEmbedMessage,!1),l.addEventListener(\"DOMContentLoaded\",function(){for(var e,t,s=l.querySelectorAll(\"iframe.wp-embedded-content\"),r=0;r<s.length;r++)(t=(e=s[r]).getAttribute(\"data-secret\"))||(t=Math.random().toString(36).substring(2,12),e.src+=\"#?secret=\"+t,e.setAttribute(\"data-secret\",t)),e.contentWindow.postMessage({message:\"ready\",secret:t},\"*\")},!1)))}(window,document);\n\/\/# sourceURL=https:\/\/denizcankizil.tr\/wp-includes\/js\/wp-embed.min.js\n<\/script>","thumbnail_url":"https:\/\/denizcankizil.tr\/wp-content\/uploads\/2025\/01\/4000-01-8EaUQL.jpeg","thumbnail_width":1280,"thumbnail_height":720,"description":"Serik&#8217;e ba\u011fl\u0131 Demirciler Mahallesi&#8217;nde ya\u015fayan Alzheimer hastas\u0131 Bayram Karak\u00f6k, d\u00fcn saat 09.00 s\u0131ralar\u0131nda evden ayr\u0131ld\u0131ktan sonra haber al\u0131namad\u0131. Kay\u0131p ihbar\u0131nda bulunulmas\u0131 \u00fczerine AFAD, Serik Merkez Jandarma Karakol Komutanl\u0131\u011f\u0131, Gebiz Jandarma Karakol Komutanl\u0131\u011f\u0131 ve Antalya \u0130l Jandarma \u0130z Takip ekipleri arama \u00e7al\u0131\u015fmalar\u0131 ba\u015flatt\u0131. Yap\u0131lan arama \u00e7al\u0131\u015fmalar\u0131 sonucunda Bayram Karak\u00f6k, kayboldu\u011fu mahallenin G\u00f6kkaya mevkisinde d\u00fcn saat 19.00 s\u0131ralar\u0131nda bulundu. Sa\u011fl\u0131k durumu iyi oldu\u011fu belirlenen Bayram Karak\u00f6k, ailesine teslim edildi. Kaynak: www.kanalv.com.tr Haber Sitesinden Al\u0131nm\u0131\u015ft\u0131r."}