{"version":"1.0","provider_name":"Av. Deniz Can K\u0131z\u0131l","provider_url":"https:\/\/denizcankizil.tr\/ru","author_name":"Av. Deniz Can K\u0131z\u0131l","author_url":"https:\/\/denizcankizil.tr\/ru\/author\/denizcankizil\/","title":"Karaca\u00f6ren \u015eenlikleri renkli g\u00f6r\u00fcnt\u00fclere sahne oldu","type":"rich","width":600,"height":338,"html":"<blockquote class=\"wp-embedded-content\" data-secret=\"MXjQ4RjUoK\"><a href=\"https:\/\/denizcankizil.tr\/ru\/haberler\/antalya\/karacaoren-senlikleri-renkli-goruntulere-sahne-oldu\/\">Karaca\u00f6ren \u015eenlikleri renkli g\u00f6r\u00fcnt\u00fclere sahne oldu<\/a><\/blockquote><iframe sandbox=\"allow-scripts\" security=\"restricted\" src=\"https:\/\/denizcankizil.tr\/ru\/haberler\/antalya\/karacaoren-senlikleri-renkli-goruntulere-sahne-oldu\/embed\/#?secret=MXjQ4RjUoK\" width=\"600\" height=\"338\" title=\"\u00abKaraca\u00f6ren \u015eenlikleri renkli g\u00f6r\u00fcnt\u00fclere sahne oldu\u00bb &#8212; Av. Deniz Can K\u0131z\u0131l\" data-secret=\"MXjQ4RjUoK\" frameborder=\"0\" marginwidth=\"0\" marginheight=\"0\" scrolling=\"no\" class=\"wp-embedded-content\"><\/iframe><script>\n\/*! This file is auto-generated *\/\n!function(d,l){\"use strict\";l.querySelector&&d.addEventListener&&\"undefined\"!=typeof URL&&(d.wp=d.wp||{},d.wp.receiveEmbedMessage||(d.wp.receiveEmbedMessage=function(e){var t=e.data;if((t||t.secret||t.message||t.value)&&!\/[^a-zA-Z0-9]\/.test(t.secret)){for(var s,r,n,a=l.querySelectorAll('iframe[data-secret=\"'+t.secret+'\"]'),o=l.querySelectorAll('blockquote[data-secret=\"'+t.secret+'\"]'),c=new RegExp(\"^https?:$\",\"i\"),i=0;i<o.length;i++)o[i].style.display=\"none\";for(i=0;i<a.length;i++)s=a[i],e.source===s.contentWindow&&(s.removeAttribute(\"style\"),\"height\"===t.message?(1e3<(r=parseInt(t.value,10))?r=1e3:~~r<200&&(r=200),s.height=r):\"link\"===t.message&&(r=new URL(s.getAttribute(\"src\")),n=new URL(t.value),c.test(n.protocol))&&n.host===r.host&&l.activeElement===s&&(d.top.location.href=t.value))}},d.addEventListener(\"message\",d.wp.receiveEmbedMessage,!1),l.addEventListener(\"DOMContentLoaded\",function(){for(var e,t,s=l.querySelectorAll(\"iframe.wp-embedded-content\"),r=0;r<s.length;r++)(t=(e=s[r]).getAttribute(\"data-secret\"))||(t=Math.random().toString(36).substring(2,12),e.src+=\"#?secret=\"+t,e.setAttribute(\"data-secret\",t)),e.contentWindow.postMessage({message:\"ready\",secret:t},\"*\")},!1)))}(window,document);\n\/\/# sourceURL=https:\/\/denizcankizil.tr\/wp-includes\/js\/wp-embed.min.js\n<\/script>","description":"Karaca\u00f6ren \u015eenlikleri kapsam\u0131nda 2 g\u00fcn s\u00fcren etkinliklerde motokros ve e\u015fek yar\u0131\u015f\u0131, g\u00f6z\u00fc ba\u011fl\u0131 el arabas\u0131 s\u00fcrme yar\u0131\u015f\u0131 ile \u00fc\u00e7 ayak gibi y\u00f6resel oyunlar oynand\u0131. 92 motokros sporcusu 10 kategoride dereceye girebilmek i\u00e7in m\u00fccadele ederken, bir b\u00f6l\u00fcm\u00fc Alak\u0131r \u00c7ay\u0131 i\u00e7erisinden ge\u00e7en parkurda zor anlar ya\u015fad\u0131. Motokros yar\u0131\u015f\u0131ndan sonra e\u015fek yar\u0131\u015fmas\u0131na kat\u0131lan sporcular, hayvanlara hakim olmakta zorland\u0131. Renkli g\u00f6r\u00fcnt\u00fclerin olu\u015ftu\u011fu yar\u0131\u015fmalarda dereceye girenlere plaket ve \u00e7e\u015fitli \u00f6d\u00fcller verildi. Karaca\u00f6ren Mahallesi Muhtar\u0131 Yusuf Uysal, \u015fenliklere ilgiden mutlu olduklar\u0131n\u0131, gelecek y\u0131l daha kapsaml\u0131 program haz\u0131rlamay\u0131 planland\u0131klar\u0131n\u0131 anlatt\u0131. 300 CC&#8217;lik motosikletiyle kat\u0131ld\u0131\u011f\u0131 yar\u0131\u015fta birinci olan Kemal Deveci, e\u015fek yar\u0131\u015fmas\u0131nda ise sonuncu olman\u0131n \u015fa\u015fk\u0131nl\u0131\u011f\u0131n\u0131 ya\u015fad\u0131\u011f\u0131n\u0131 s\u00f6yledi. El arabas\u0131 s\u00fcrme yar\u0131\u015f\u0131nda kad\u0131nlarda birinci olan \u0130rem G\u00fcven ise \u00e7ok heyecanland\u0131\u011f\u0131 yar\u0131\u015fmada kazand\u0131\u011f\u0131 i\u00e7in ya\u015fad\u0131\u011f\u0131 sevinci dile getirdi. \u015eenlik orta oyunlar\u0131 ve y\u00f6resel sanat\u00e7\u0131lar\u0131n konserleriyle sona erdi. Kaynak: www.kanalv.com.tr Haber Sitesinden Al\u0131nm\u0131\u015ft\u0131r."}