{"version":"1.0","provider_name":"Av. Deniz Can K\u0131z\u0131l","provider_url":"https:\/\/denizcankizil.tr\/ru","author_name":"Av. Deniz Can K\u0131z\u0131l","author_url":"https:\/\/denizcankizil.tr\/ru\/author\/denizcankizil\/","title":"\u0130n\u015faat i\u015f\u00e7isi 3 metre y\u00fckseklikten d\u00fc\u015ft\u00fc","type":"rich","width":600,"height":338,"html":"<blockquote class=\"wp-embedded-content\" data-secret=\"kE3Pm5Ofb2\"><a href=\"https:\/\/denizcankizil.tr\/ru\/haberler\/antalya\/insaat-iscisi-3-metre-yukseklikten-dustu\/\">\u0130n\u015faat i\u015f\u00e7isi 3 metre y\u00fckseklikten d\u00fc\u015ft\u00fc<\/a><\/blockquote><iframe sandbox=\"allow-scripts\" security=\"restricted\" src=\"https:\/\/denizcankizil.tr\/ru\/haberler\/antalya\/insaat-iscisi-3-metre-yukseklikten-dustu\/embed\/#?secret=kE3Pm5Ofb2\" width=\"600\" height=\"338\" title=\"\u00ab\u0130n\u015faat i\u015f\u00e7isi 3 metre y\u00fckseklikten d\u00fc\u015ft\u00fc\u00bb &#8212; Av. Deniz Can K\u0131z\u0131l\" data-secret=\"kE3Pm5Ofb2\" frameborder=\"0\" marginwidth=\"0\" marginheight=\"0\" scrolling=\"no\" class=\"wp-embedded-content\"><\/iframe><script>\n\/*! This file is auto-generated *\/\n!function(d,l){\"use strict\";l.querySelector&&d.addEventListener&&\"undefined\"!=typeof URL&&(d.wp=d.wp||{},d.wp.receiveEmbedMessage||(d.wp.receiveEmbedMessage=function(e){var t=e.data;if((t||t.secret||t.message||t.value)&&!\/[^a-zA-Z0-9]\/.test(t.secret)){for(var s,r,n,a=l.querySelectorAll('iframe[data-secret=\"'+t.secret+'\"]'),o=l.querySelectorAll('blockquote[data-secret=\"'+t.secret+'\"]'),c=new RegExp(\"^https?:$\",\"i\"),i=0;i<o.length;i++)o[i].style.display=\"none\";for(i=0;i<a.length;i++)s=a[i],e.source===s.contentWindow&&(s.removeAttribute(\"style\"),\"height\"===t.message?(1e3<(r=parseInt(t.value,10))?r=1e3:~~r<200&&(r=200),s.height=r):\"link\"===t.message&&(r=new URL(s.getAttribute(\"src\")),n=new URL(t.value),c.test(n.protocol))&&n.host===r.host&&l.activeElement===s&&(d.top.location.href=t.value))}},d.addEventListener(\"message\",d.wp.receiveEmbedMessage,!1),l.addEventListener(\"DOMContentLoaded\",function(){for(var e,t,s=l.querySelectorAll(\"iframe.wp-embedded-content\"),r=0;r<s.length;r++)(t=(e=s[r]).getAttribute(\"data-secret\"))||(t=Math.random().toString(36).substring(2,12),e.src+=\"#?secret=\"+t,e.setAttribute(\"data-secret\",t)),e.contentWindow.postMessage({message:\"ready\",secret:t},\"*\")},!1)))}(window,document);\n\/\/# sourceURL=https:\/\/denizcankizil.tr\/wp-includes\/js\/wp-embed.min.js\n<\/script>","thumbnail_url":"https:\/\/denizcankizil.tr\/wp-content\/uploads\/2025\/04\/5963-01-jJWq9m.jpg","thumbnail_width":1280,"thumbnail_height":720,"description":"Olay, saat 11.30 s\u0131ralar\u0131nda Aksu il\u00e7esi Kemera\u011fz\u0131 Mahallesindeki in\u015faat halindeki villan\u0131n bah\u00e7esinde ya\u015fand\u0131. Edinilen bilgiye g\u00f6re, in\u015faatta \u00e7al\u0131\u015fan Celal Dere (58), \u00e7imentolar\u0131 temizledi\u011fi s\u0131rada dengesini kaybedip zemin alt\u0131na yap\u0131lan jenerat\u00f6r odas\u0131n\u0131n \u00fczerindeki bo\u015fluktan d\u00fc\u015ft\u00fc. Yakla\u015f\u0131k 3 metreden d\u00fc\u015fen Dere, geriye \u00e7\u0131kamay\u0131nca yard\u0131m istedi. Di\u011fer i\u015f\u00e7ilerin haber vermesi \u00fczerine olay yerine polis, itfaiye ve sa\u011fl\u0131k ekipleri sevk edildi. Belirtilen adrese gelen itfaiye ekipleri, Dere&#8217;yi d\u00fc\u015ft\u00fc\u011f\u00fc yerden sedyeye koyarak \u00e7\u0131kard\u0131. Bilinci yerinde olan Dere, sa\u011fl\u0131k ekiplerinin durumunu sormas\u0131 \u00fczerine, v\u00fccudunun baz\u0131 yerlerinde a\u011fr\u0131lar oldu\u011funu dile getirdi. Dere, tedavisi yap\u0131lmak \u00fczere ambulansla hastaneye g\u00f6t\u00fcr\u00fcld\u00fc. Olayla ilgili polis ekipleri inceleme ba\u015flatt\u0131. Kaynak: www.kanalv.com.tr Haber Sitesinden Al\u0131nm\u0131\u015ft\u0131r."}