{"version":"1.0","provider_name":"Av. Deniz Can K\u0131z\u0131l","provider_url":"https:\/\/denizcankizil.tr\/ru","author_name":"Av. Deniz Can K\u0131z\u0131l","author_url":"https:\/\/denizcankizil.tr\/ru\/author\/denizcankizil\/","title":"\u0130ki otomobil \u00e7arp\u0131\u015ft\u0131, ara\u00e7lar hurdaya d\u00f6nd\u00fc","type":"rich","width":600,"height":338,"html":"<blockquote class=\"wp-embedded-content\" data-secret=\"xnZKHoJByc\"><a href=\"https:\/\/denizcankizil.tr\/ru\/haberler\/antalya\/iki-otomobil-carpisti-araclar-hurdaya-dondu\/\">\u0130ki otomobil \u00e7arp\u0131\u015ft\u0131, ara\u00e7lar hurdaya d\u00f6nd\u00fc<\/a><\/blockquote><iframe sandbox=\"allow-scripts\" security=\"restricted\" src=\"https:\/\/denizcankizil.tr\/ru\/haberler\/antalya\/iki-otomobil-carpisti-araclar-hurdaya-dondu\/embed\/#?secret=xnZKHoJByc\" width=\"600\" height=\"338\" title=\"\u00ab\u0130ki otomobil \u00e7arp\u0131\u015ft\u0131, ara\u00e7lar hurdaya d\u00f6nd\u00fc\u00bb &#8212; Av. Deniz Can K\u0131z\u0131l\" data-secret=\"xnZKHoJByc\" frameborder=\"0\" marginwidth=\"0\" marginheight=\"0\" scrolling=\"no\" class=\"wp-embedded-content\"><\/iframe><script>\n\/*! This file is auto-generated *\/\n!function(d,l){\"use strict\";l.querySelector&&d.addEventListener&&\"undefined\"!=typeof URL&&(d.wp=d.wp||{},d.wp.receiveEmbedMessage||(d.wp.receiveEmbedMessage=function(e){var t=e.data;if((t||t.secret||t.message||t.value)&&!\/[^a-zA-Z0-9]\/.test(t.secret)){for(var s,r,n,a=l.querySelectorAll('iframe[data-secret=\"'+t.secret+'\"]'),o=l.querySelectorAll('blockquote[data-secret=\"'+t.secret+'\"]'),c=new RegExp(\"^https?:$\",\"i\"),i=0;i<o.length;i++)o[i].style.display=\"none\";for(i=0;i<a.length;i++)s=a[i],e.source===s.contentWindow&&(s.removeAttribute(\"style\"),\"height\"===t.message?(1e3<(r=parseInt(t.value,10))?r=1e3:~~r<200&&(r=200),s.height=r):\"link\"===t.message&&(r=new URL(s.getAttribute(\"src\")),n=new URL(t.value),c.test(n.protocol))&&n.host===r.host&&l.activeElement===s&&(d.top.location.href=t.value))}},d.addEventListener(\"message\",d.wp.receiveEmbedMessage,!1),l.addEventListener(\"DOMContentLoaded\",function(){for(var e,t,s=l.querySelectorAll(\"iframe.wp-embedded-content\"),r=0;r<s.length;r++)(t=(e=s[r]).getAttribute(\"data-secret\"))||(t=Math.random().toString(36).substring(2,12),e.src+=\"#?secret=\"+t,e.setAttribute(\"data-secret\",t)),e.contentWindow.postMessage({message:\"ready\",secret:t},\"*\")},!1)))}(window,document);\n\/\/# sourceURL=https:\/\/denizcankizil.tr\/wp-includes\/js\/wp-embed.min.js\n<\/script>","thumbnail_url":"https:\/\/denizcankizil.tr\/wp-content\/uploads\/2025\/03\/5696-01-16oAhG.jpeg","thumbnail_width":1280,"thumbnail_height":720,"description":"Kaza, Manavgat il\u00e7esi Evrenseki Mahallesi Antalya-Manavgat D-400 karayolu \u00fczerinde meydana geldi. Edinilen bilgiye g\u00f6re, Duygu K.&#8217;nin kulland\u0131\u011f\u0131 07 RM 433 plakal\u0131 Volkswagen Polo marka otomobil, K\u00f6m\u00fcrc\u00fcler Kav\u015fa\u011f\u0131nda Abdulkadir \u00d6.&#8217;n\u00fcn kulland\u0131\u011f\u0131 46 ACL 433 plakal\u0131 Tofa\u015f marka otomobille \u00e7arp\u0131\u015ft\u0131. Duygu K.&#8217;n\u0131n kulland\u0131\u011f\u0131 otomobil, \u00e7arp\u0131\u015fman\u0131n ard\u0131ndan ref\u00fcjdeki trafik levhas\u0131n\u0131 da devirip takla atarken, kaza yapan ara\u00e7lar\u0131n par\u00e7alar\u0131 etrafa sa\u00e7\u0131ld\u0131. Kazada yaralanan otomobil s\u00fcr\u00fcc\u00fcleri Duygu K. ve Abdulkadir \u00d6., sa\u011fl\u0131k ekiplerinin olay yerindeki m\u00fcdahalesinin ard\u0131ndan ambulansla hastaneye kald\u0131r\u0131ld\u0131. Kazayla ilgili inceleme ba\u015flat\u0131ld\u0131. Kaynak: www.kanalv.com.tr Haber Sitesinden Al\u0131nm\u0131\u015ft\u0131r."}