{"version":"1.0","provider_name":"Av. Deniz Can K\u0131z\u0131l","provider_url":"https:\/\/denizcankizil.tr\/ru","author_name":"Av. Deniz Can K\u0131z\u0131l","author_url":"https:\/\/denizcankizil.tr\/ru\/author\/denizcankizil\/","title":"Grand Prix Antalya heyecan\u0131","type":"rich","width":600,"height":338,"html":"<blockquote class=\"wp-embedded-content\" data-secret=\"r3Sf3O8fTG\"><a href=\"https:\/\/denizcankizil.tr\/ru\/haberler\/antalya\/grand-prix-antalya-heyecani\/\">Grand Prix Antalya heyecan\u0131<\/a><\/blockquote><iframe sandbox=\"allow-scripts\" security=\"restricted\" src=\"https:\/\/denizcankizil.tr\/ru\/haberler\/antalya\/grand-prix-antalya-heyecani\/embed\/#?secret=r3Sf3O8fTG\" width=\"600\" height=\"338\" title=\"\u00abGrand Prix Antalya heyecan\u0131\u00bb &#8212; Av. Deniz Can K\u0131z\u0131l\" data-secret=\"r3Sf3O8fTG\" frameborder=\"0\" marginwidth=\"0\" marginheight=\"0\" scrolling=\"no\" class=\"wp-embedded-content\"><\/iframe><script>\n\/*! This file is auto-generated *\/\n!function(d,l){\"use strict\";l.querySelector&&d.addEventListener&&\"undefined\"!=typeof URL&&(d.wp=d.wp||{},d.wp.receiveEmbedMessage||(d.wp.receiveEmbedMessage=function(e){var t=e.data;if((t||t.secret||t.message||t.value)&&!\/[^a-zA-Z0-9]\/.test(t.secret)){for(var s,r,n,a=l.querySelectorAll('iframe[data-secret=\"'+t.secret+'\"]'),o=l.querySelectorAll('blockquote[data-secret=\"'+t.secret+'\"]'),c=new RegExp(\"^https?:$\",\"i\"),i=0;i<o.length;i++)o[i].style.display=\"none\";for(i=0;i<a.length;i++)s=a[i],e.source===s.contentWindow&&(s.removeAttribute(\"style\"),\"height\"===t.message?(1e3<(r=parseInt(t.value,10))?r=1e3:~~r<200&&(r=200),s.height=r):\"link\"===t.message&&(r=new URL(s.getAttribute(\"src\")),n=new URL(t.value),c.test(n.protocol))&&n.host===r.host&&l.activeElement===s&&(d.top.location.href=t.value))}},d.addEventListener(\"message\",d.wp.receiveEmbedMessage,!1),l.addEventListener(\"DOMContentLoaded\",function(){for(var e,t,s=l.querySelectorAll(\"iframe.wp-embedded-content\"),r=0;r<s.length;r++)(t=(e=s[r]).getAttribute(\"data-secret\"))||(t=Math.random().toString(36).substring(2,12),e.src+=\"#?secret=\"+t,e.setAttribute(\"data-secret\",t)),e.contentWindow.postMessage({message:\"ready\",secret:t},\"*\")},!1)))}(window,document);\n\/\/# sourceURL=https:\/\/denizcankizil.tr\/wp-includes\/js\/wp-embed.min.js\n<\/script>","thumbnail_url":"https:\/\/denizcankizil.tr\/wp-content\/uploads\/2025\/02\/4442-01-mT9L8K.jpeg","thumbnail_width":1280,"thumbnail_height":720,"description":"Pedalya Uluslararas\u0131 Bisiklet Yol Yar\u0131\u015f serisinin ilk aya\u011f\u0131 Alanya&#8217;da ger\u00e7ekle\u015fti. 142 kilometre ve 77 sporcudan olu\u015fan yar\u0131\u015fta sporcular k\u0131yas\u0131ya m\u00fccadele etti. Alanya&#8217;dan Gazipa\u015fa istikametinde ge\u00e7en bisiklet yar\u0131\u015f\u0131na farkl\u0131 \u00fclkelerden sporcular kat\u0131l\u0131m sa\u011flad\u0131. 11 tak\u0131mdan olu\u015fan yar\u0131\u015fta Hamdan Wan Abdul Rahman birinci, Ramazan Y\u0131lmaz ikinci ve Emre Kaplan ise \u00fc\u00e7\u00fcnc\u00fc oldu. Sporculara madalyalar\u0131n\u0131 Antalya Ticaret Odas\u0131 Y\u00f6netim Kurulu Ba\u015fkan Yard\u0131mc\u0131s\u0131 Hakan Pakal\u0131n, Alanya Ticaret Odas\u0131 Meclis Ba\u015fkan\u0131 Mehmet Kural, Antalya Ticaret Odas\u0131 YK \u00fcyeleri H\u00fcseyin Sar\u0131 ve Mustafa Yayla verdi. Ayr\u0131ca \u015fampiyon olarak birinci olan Hamdan Wan Abdul Rahman&#8217;a ge\u00e7ti\u011fimiz y\u0131l elim bir kazada hayat\u0131n\u0131 kaybeden Antalya Ticaret ve Sanayi Odas\u0131 merhum ba\u015fkan\u0131 Ali Bahar an\u0131s\u0131na Mavi Mayo \u00f6d\u00fcl mayosu ve en ba\u015far\u0131l\u0131 beyaz mayosu verildi. Pedalya Uluslararas\u0131 Bisiklet Yar\u0131\u015flar\u0131 Kurumsal \u0130leti\u015fim Direkt\u00f6r\u00fc Okan \u00d6zk\u0131rm\u0131z\u0131, &#8220;Bug\u00fcn Antalya&#8217;n\u0131n Alanya il\u00e7emizde ilk UC\u0130 yar\u0131\u015f\u0131m\u0131z\u0131 1.2 kategorisinde ger\u00e7ekle\u015ftirdik. Yar\u0131\u015f\u0131m\u0131z kapsam\u0131nda Japonya&#8217;dan, Kazakistan&#8217;dan, Malezya&#8217;dan ve T\u00fcrkiye&#8217;den profesyonel tak\u0131mlar ve milli tak\u0131mlar kat\u0131ld\u0131. \u00d6zellikle vurgulamak istedi\u011fimiz nokta 1 \u015eubat tarihinde m\u00fckemmel bir havada ger\u00e7ekle\u015fti. D\u00fcnyan\u0131n bir\u00e7ok \u00fclkesinde bisiklet yar\u0131\u015flar\u0131 \u00e7ok daha yo\u011fun k\u0131\u015f \u015fartlar\u0131nda ger\u00e7ekle\u015firken, Antalya&#8217;n\u0131n ve Alanya&#8217;n\u0131n bize sundu\u011fu nimetler sayesinde g\u00fczel bir havada ger\u00e7ekle\u015fti. Alanya&#8217;\u0131n, T\u00fcrkiye&#8217;de bisikletin ba\u015fkenti olsun istiyoruz. Kad\u0131n milli tak\u0131mlar ve erkek milli tak\u0131mlar var. Alanya&#8217;n\u0131n bu konuda sunmu\u015f oldu\u011fu avantajlar\u0131 &hellip;"}