{"version":"1.0","provider_name":"Av. Deniz Can K\u0131z\u0131l","provider_url":"https:\/\/denizcankizil.tr\/ru","author_name":"Av. Deniz Can K\u0131z\u0131l","author_url":"https:\/\/denizcankizil.tr\/ru\/author\/denizcankizil\/","title":"Gen\u00e7ler \u00e7evre at\u00f6lyesinde bulu\u015ftu","type":"rich","width":600,"height":338,"html":"<blockquote class=\"wp-embedded-content\" data-secret=\"S2jbmAjn7G\"><a href=\"https:\/\/denizcankizil.tr\/ru\/haberler\/antalya\/gencler-cevre-atolyesinde-bulustu\/\">Gen\u00e7ler \u00e7evre at\u00f6lyesinde bulu\u015ftu<\/a><\/blockquote><iframe sandbox=\"allow-scripts\" security=\"restricted\" src=\"https:\/\/denizcankizil.tr\/ru\/haberler\/antalya\/gencler-cevre-atolyesinde-bulustu\/embed\/#?secret=S2jbmAjn7G\" width=\"600\" height=\"338\" title=\"\u00abGen\u00e7ler \u00e7evre at\u00f6lyesinde bulu\u015ftu\u00bb &#8212; Av. Deniz Can K\u0131z\u0131l\" data-secret=\"S2jbmAjn7G\" frameborder=\"0\" marginwidth=\"0\" marginheight=\"0\" scrolling=\"no\" class=\"wp-embedded-content\"><\/iframe><script>\n\/*! This file is auto-generated *\/\n!function(d,l){\"use strict\";l.querySelector&&d.addEventListener&&\"undefined\"!=typeof URL&&(d.wp=d.wp||{},d.wp.receiveEmbedMessage||(d.wp.receiveEmbedMessage=function(e){var t=e.data;if((t||t.secret||t.message||t.value)&&!\/[^a-zA-Z0-9]\/.test(t.secret)){for(var s,r,n,a=l.querySelectorAll('iframe[data-secret=\"'+t.secret+'\"]'),o=l.querySelectorAll('blockquote[data-secret=\"'+t.secret+'\"]'),c=new RegExp(\"^https?:$\",\"i\"),i=0;i<o.length;i++)o[i].style.display=\"none\";for(i=0;i<a.length;i++)s=a[i],e.source===s.contentWindow&&(s.removeAttribute(\"style\"),\"height\"===t.message?(1e3<(r=parseInt(t.value,10))?r=1e3:~~r<200&&(r=200),s.height=r):\"link\"===t.message&&(r=new URL(s.getAttribute(\"src\")),n=new URL(t.value),c.test(n.protocol))&&n.host===r.host&&l.activeElement===s&&(d.top.location.href=t.value))}},d.addEventListener(\"message\",d.wp.receiveEmbedMessage,!1),l.addEventListener(\"DOMContentLoaded\",function(){for(var e,t,s=l.querySelectorAll(\"iframe.wp-embedded-content\"),r=0;r<s.length;r++)(t=(e=s[r]).getAttribute(\"data-secret\"))||(t=Math.random().toString(36).substring(2,12),e.src+=\"#?secret=\"+t,e.setAttribute(\"data-secret\",t)),e.contentWindow.postMessage({message:\"ready\",secret:t},\"*\")},!1)))}(window,document);\n\/\/# sourceURL=https:\/\/denizcankizil.tr\/wp-includes\/js\/wp-embed.min.js\n<\/script>","thumbnail_url":"https:\/\/denizcankizil.tr\/wp-content\/uploads\/2025\/02\/5142-01-hqFlYD.jpeg","thumbnail_width":1280,"thumbnail_height":720,"description":"At\u00f6lyeye, Belediye Ba\u015fkan Dan\u0131\u015fman\u0131 Faruk Konuk\u00e7u, Belediye Meclis \u00dcyesi Asr\u0131n Ate\u015fo\u011flu ve Sosyal Hizmetler M\u00fcd\u00fcr\u00fc H\u00fcseyin Do\u011fan da kat\u0131larak, gen\u00e7lerin \u00e7evreye dair \u00f6nerilerini dinledi ve belediyenin \u00e7evre politikalar\u0131na dair mevcut \u00e7al\u0131\u015fmalar hakk\u0131nda bilgilendirmelerde bulundu. Faruk Konuk\u00e7u, at\u00f6lye kapsam\u0131nda belediyenin sosyal politikalar\u0131 \u00fczerine bilgi verdi. Gen\u00e7lerin \u00e7evre politikalar\u0131na katk\u0131s\u0131 rapor haline getirilecek At\u00f6lyede gen\u00e7ler, Alanya\u2019n\u0131n \u00e7evresel sorunlar\u0131n\u0131 ve \u00e7\u00f6z\u00fcm yollar\u0131n\u0131 tart\u0131\u015farak, fiziksel alanlar, kentsel d\u00f6n\u00fc\u015f\u00fcm, enerji y\u00f6netimi, su y\u00f6netimi, deniz, k\u0131y\u0131 y\u00f6netimi, do\u011fal alanlar, at\u0131k y\u00f6netimi, sosyal alanlar ve iklim de\u011fi\u015fikli\u011fi ba\u015fl\u0131klar\u0131nda somut \u00f6neriler sundu. At\u00f6lyeden elde edilen veriler ve gen\u00e7lerin talepleri rapor haline getirilerek Alanya Belediyesi\u2019ne sunulacak ve belediyenin olu\u015fturaca\u011f\u0131 \u00e7evre politikalar\u0131na do\u011frudan etki edecek. S\u00f6z konusu s\u00fcre\u00e7, gen\u00e7lerin yerel y\u00f6netimlerde karar alma mekanizmalar\u0131na d\u00e2hil olmalar\u0131n\u0131 te\u015fvik edecek \u00f6nemli bir ad\u0131m niteli\u011fi ta\u015f\u0131yor. S\u0131f\u0131r at\u0131k ve s\u00fcrd\u00fcr\u00fclebilir yakla\u015f\u0131m benimsendi \u00d6te yandan, at\u00f6lyede s\u0131f\u0131r at\u0131k politikas\u0131 uygulanarak, tek kullan\u0131ml\u0131k plastik t\u00fcketimini \u00f6nlemek i\u00e7in kat\u0131l\u0131mc\u0131lardan kendi bardak ve termoslar\u0131n\u0131 getirmeleri istendi. Etkinlik boyunca geri d\u00f6n\u00fc\u015ft\u00fcr\u00fclebilir ve \u00e7evre dostu malzemeler kullan\u0131ld\u0131 ve at\u0131k y\u00f6netimi konusunda duyarl\u0131l\u0131k art\u0131r\u0131ld\u0131. Bu kapsamda, gen\u00e7lerin \u00e7evre bilinci kazanmas\u0131 i\u00e7in do\u011faya zarar vermeyen uygulamalar te\u015fvik edildi ve s\u00fcrd\u00fcr\u00fclebilir ya\u015fam\u0131n g\u00fcnl\u00fck hayatta nas\u0131l uygulanabilece\u011fi konusunda fark\u0131ndal\u0131k olu\u015fturuldu. Oyunlar ve at\u00f6lyelerle \u00e7evre fark\u0131ndal\u0131\u011f\u0131 art\u0131r\u0131ld\u0131 Etkinlik yaln\u0131zca tart\u0131\u015fmalarla s\u0131n\u0131rl\u0131 kalmay\u0131p, gen\u00e7lerin \u00e7evresel &hellip;"}