{"version":"1.0","provider_name":"Av. Deniz Can K\u0131z\u0131l","provider_url":"https:\/\/denizcankizil.tr\/ru","author_name":"Av. Deniz Can K\u0131z\u0131l","author_url":"https:\/\/denizcankizil.tr\/ru","title":"Gen\u00e7 kad\u0131na 'kundaklama' \u015foku","type":"rich","width":600,"height":338,"html":"<blockquote class=\"wp-embedded-content\" data-secret=\"plcWttcNVF\"><a href=\"https:\/\/denizcankizil.tr\/ru\/haberler\/antalya\/genc-kadina-kundaklama-soku\/\">Gen\u00e7 kad\u0131na &#8216;kundaklama&#8217; \u015foku<\/a><\/blockquote><iframe sandbox=\"allow-scripts\" security=\"restricted\" src=\"https:\/\/denizcankizil.tr\/ru\/haberler\/antalya\/genc-kadina-kundaklama-soku\/embed\/#?secret=plcWttcNVF\" width=\"600\" height=\"338\" title=\"\u00abGen\u00e7 kad\u0131na &#8216;kundaklama&#8217; \u015foku\u00bb &#8212; Av. Deniz Can K\u0131z\u0131l\" data-secret=\"plcWttcNVF\" frameborder=\"0\" marginwidth=\"0\" marginheight=\"0\" scrolling=\"no\" class=\"wp-embedded-content\"><\/iframe><script>\n\/*! This file is auto-generated *\/\n!function(d,l){\"use strict\";l.querySelector&&d.addEventListener&&\"undefined\"!=typeof URL&&(d.wp=d.wp||{},d.wp.receiveEmbedMessage||(d.wp.receiveEmbedMessage=function(e){var t=e.data;if((t||t.secret||t.message||t.value)&&!\/[^a-zA-Z0-9]\/.test(t.secret)){for(var s,r,n,a=l.querySelectorAll('iframe[data-secret=\"'+t.secret+'\"]'),o=l.querySelectorAll('blockquote[data-secret=\"'+t.secret+'\"]'),c=new RegExp(\"^https?:$\",\"i\"),i=0;i<o.length;i++)o[i].style.display=\"none\";for(i=0;i<a.length;i++)s=a[i],e.source===s.contentWindow&&(s.removeAttribute(\"style\"),\"height\"===t.message?(1e3<(r=parseInt(t.value,10))?r=1e3:~~r<200&&(r=200),s.height=r):\"link\"===t.message&&(r=new URL(s.getAttribute(\"src\")),n=new URL(t.value),c.test(n.protocol))&&n.host===r.host&&l.activeElement===s&&(d.top.location.href=t.value))}},d.addEventListener(\"message\",d.wp.receiveEmbedMessage,!1),l.addEventListener(\"DOMContentLoaded\",function(){for(var e,t,s=l.querySelectorAll(\"iframe.wp-embedded-content\"),r=0;r<s.length;r++)(t=(e=s[r]).getAttribute(\"data-secret\"))||(t=Math.random().toString(36).substring(2,12),e.src+=\"#?secret=\"+t,e.setAttribute(\"data-secret\",t)),e.contentWindow.postMessage({message:\"ready\",secret:t},\"*\")},!1)))}(window,document);\n\/\/# sourceURL=https:\/\/denizcankizil.tr\/wp-includes\/js\/wp-embed.min.js\n<\/script>","thumbnail_url":"https:\/\/denizcankizil.tr\/wp-content\/uploads\/2024\/12\/3697-01-E69M2T.jpeg","thumbnail_width":1280,"thumbnail_height":720,"description":"Olay, \u00f6nceki gece 03.15 s\u0131ralar\u0131nda Kepez il\u00e7esi G\u00fcne\u015f Mahallesi 6025 Sokak \u00fczerinde bulunan bir sitenin otopark\u0131nda meydana geldi. Sitenin bah\u00e7esinde park halindeki 07 ZT 348 plakal\u0131 otomobilin yand\u0131\u011f\u0131n\u0131 g\u00f6ren vatanda\u015flar 112 Acil \u00c7a\u011fr\u0131 Merkezi&#8217;ni arayarak durumu bildirdi. \u0130hbarla verilen adrese \u00e7ok say\u0131da itfaiye ve polis ekibi sevk edilirken, otomobilin alevlere teslim oldu\u011fu o anlar cep telefonu ile kaydedildi. Antalya B\u00fcy\u00fck\u015fehir Belediyesi \u0130tfaiye Daire Ba\u015fkanl\u0131\u011f\u0131 ekiplerinin m\u00fcdahalesinin ard\u0131ndan yang\u0131n s\u00f6nd\u00fcr\u00fcl\u00fcrken, otomobil ise kullan\u0131lamaz hale geldi. Yang\u0131n nedeniyle otoparkta bulunan bir ba\u015fka ara\u00e7 ise k\u0131smen zarar g\u00f6rd\u00fc. Olay\u0131n kundaklama olabilece\u011fi \u015f\u00fcphesi \u00fczerine baba \u0130.T. \u00e7evredeki g\u00fcvenlik kameralar\u0131n\u0131 inceledi. Aile, \u00e7evredeki g\u00fcvenlik kameras\u0131 kay\u0131tlar\u0131 ile birlikte polis merkezine giderek k\u0131zlar\u0131 H.T.&#8217;nin (31) eski e\u015finden\u00a0\u015fikayet\u00e7i\u00a0oldu. Polis, \u015f\u00fcpheliyi yakalamak i\u00e7in \u00e7al\u0131\u015fma ba\u015flatt\u0131. &#8220;Kay\u0131tlar\u0131 emniyet ekiplerine verdik&#8221; Kamera kay\u0131tlar\u0131nda ise yang\u0131n\u0131n ba\u015flad\u0131\u011f\u0131 saatlerde bir parlama meydana geldi\u011fi ve birka\u00e7 saniye sonra ise siteden bir ki\u015finin ko\u015farak uzakla\u015ft\u0131\u011f\u0131 g\u00f6r\u00fcld\u00fc. Olay\u0131 eski damad\u0131 U.A.&#8217;n\u0131n ger\u00e7ekle\u015ftirdi\u011fini iddia eden baba \u0130.T., \u201cGece 03.30 s\u0131ralar\u0131nda kom\u015fular\u0131n kap\u0131ya vurdular. Araban\u0131n yand\u0131\u011f\u0131n\u0131 s\u00f6ylediler, ko\u015ftuk geldik arac\u0131n yand\u0131\u011f\u0131n\u0131 g\u00f6rd\u00fck. Bakt\u0131k yapacak bir \u015fey yok yand\u0131 gitti. Yapan ki\u015fi b\u00fcy\u00fck ihtimalle belli, kamera kay\u0131tlar\u0131 falan var. Kay\u0131tlar\u0131 emniyet ekiplerine verdik. 3 y\u0131l \u00f6nce k\u0131z\u0131m\u0131n bo\u015fand\u0131\u011f\u0131 e\u015finden \u015f\u00fcpheleniyoruz. Son bir hafta, on g\u00fcn \u00f6nce k\u0131z\u0131ma tehdit &hellip;"}