{"version":"1.0","provider_name":"Av. Deniz Can K\u0131z\u0131l","provider_url":"https:\/\/denizcankizil.tr\/ru","author_name":"Av. Deniz Can K\u0131z\u0131l","author_url":"https:\/\/denizcankizil.tr\/ru\/author\/denizcankizil\/","title":"Eski e\u015fi taraf\u0131ndan yak\u0131lan kad\u0131n hayat\u0131n\u0131 kaybetti","type":"rich","width":600,"height":338,"html":"<blockquote class=\"wp-embedded-content\" data-secret=\"sY4TRR0Gu0\"><a href=\"https:\/\/denizcankizil.tr\/ru\/haberler\/antalya\/eski-esi-tarafindan-yakilan-kadin-hayatini-kaybetti\/\">Eski e\u015fi taraf\u0131ndan yak\u0131lan kad\u0131n hayat\u0131n\u0131 kaybetti<\/a><\/blockquote><iframe sandbox=\"allow-scripts\" security=\"restricted\" src=\"https:\/\/denizcankizil.tr\/ru\/haberler\/antalya\/eski-esi-tarafindan-yakilan-kadin-hayatini-kaybetti\/embed\/#?secret=sY4TRR0Gu0\" width=\"600\" height=\"338\" title=\"\u00abEski e\u015fi taraf\u0131ndan yak\u0131lan kad\u0131n hayat\u0131n\u0131 kaybetti\u00bb &#8212; Av. Deniz Can K\u0131z\u0131l\" data-secret=\"sY4TRR0Gu0\" frameborder=\"0\" marginwidth=\"0\" marginheight=\"0\" scrolling=\"no\" class=\"wp-embedded-content\"><\/iframe><script>\n\/*! This file is auto-generated *\/\n!function(d,l){\"use strict\";l.querySelector&&d.addEventListener&&\"undefined\"!=typeof URL&&(d.wp=d.wp||{},d.wp.receiveEmbedMessage||(d.wp.receiveEmbedMessage=function(e){var t=e.data;if((t||t.secret||t.message||t.value)&&!\/[^a-zA-Z0-9]\/.test(t.secret)){for(var s,r,n,a=l.querySelectorAll('iframe[data-secret=\"'+t.secret+'\"]'),o=l.querySelectorAll('blockquote[data-secret=\"'+t.secret+'\"]'),c=new RegExp(\"^https?:$\",\"i\"),i=0;i<o.length;i++)o[i].style.display=\"none\";for(i=0;i<a.length;i++)s=a[i],e.source===s.contentWindow&&(s.removeAttribute(\"style\"),\"height\"===t.message?(1e3<(r=parseInt(t.value,10))?r=1e3:~~r<200&&(r=200),s.height=r):\"link\"===t.message&&(r=new URL(s.getAttribute(\"src\")),n=new URL(t.value),c.test(n.protocol))&&n.host===r.host&&l.activeElement===s&&(d.top.location.href=t.value))}},d.addEventListener(\"message\",d.wp.receiveEmbedMessage,!1),l.addEventListener(\"DOMContentLoaded\",function(){for(var e,t,s=l.querySelectorAll(\"iframe.wp-embedded-content\"),r=0;r<s.length;r++)(t=(e=s[r]).getAttribute(\"data-secret\"))||(t=Math.random().toString(36).substring(2,12),e.src+=\"#?secret=\"+t,e.setAttribute(\"data-secret\",t)),e.contentWindow.postMessage({message:\"ready\",secret:t},\"*\")},!1)))}(window,document);\n\/\/# sourceURL=https:\/\/denizcankizil.tr\/wp-includes\/js\/wp-embed.min.js\n<\/script>","thumbnail_url":"https:\/\/denizcankizil.tr\/wp-content\/uploads\/2025\/01\/4223-01-teSnFW.jpeg","thumbnail_width":1280,"thumbnail_height":720,"description":"Antalya&#8217;n\u0131n Muratpa\u015fa il\u00e7esi \u0130smet G\u00f6k\u015fen Caddesi \u00fczerinde 31 Aral\u0131k 2024 tarihinde meydana gelen olayda, 20 g\u00fcn \u00f6nce e\u015finden bo\u015fanan P\u0131nar Zorlu (36), \u00e7al\u0131\u015ft\u0131\u011f\u0131 i\u015fyerine giderken motosiklet ile arkas\u0131ndan gelen eski e\u015fi G\u00fcrhan \u00dc. (43) ile tart\u0131\u015fmaya ba\u015flad\u0131. Bir s\u00fcre eski e\u015fi ile tart\u0131\u015fan gen\u00e7 kad\u0131n y\u00fcr\u00fcmeye devam etti. Bu s\u0131rada motosiklet ile arkas\u0131ndan gelen eski e\u015fi gen\u00e7 kad\u0131n\u0131 kovalamaya ba\u015flad\u0131. Yol \u00fczerinde ki bir binan\u0131n arka taraf\u0131nda s\u0131k\u0131\u015ft\u0131rd\u0131\u011f\u0131 eski e\u015finin \u00fczerine yan\u0131c\u0131 bir madde d\u00f6ken \u015fah\u0131s, daha sonra yan\u0131nda bulunan \u00e7akmak ile gen\u00e7 kad\u0131n\u0131 ate\u015fe vermi\u015fti. \u0130fadesi t\u00fcyler \u00fcrpertmi\u015fti Alevler i\u00e7inde kalan ve yard\u0131m \u00e7\u0131\u011fl\u0131klar\u0131 atan gen\u00e7 kad\u0131n\u0131n imdad\u0131na \u00e7evredeki vatanda\u015flar yeti\u015ferek yang\u0131n t\u00fcp\u00fc ile m\u00fcdahale etmi\u015f, gen\u00e7 kad\u0131n olay yerine gelen 112 Acil Sa\u011fl\u0131k ekipleri taraf\u0131ndan yak\u0131ndaki \u00f6zel bir hastaneye kald\u0131r\u0131larak tedavi alt\u0131na al\u0131nm\u0131\u015ft\u0131. K\u0131sa s\u00fcrede yakalanan G\u00fcrhan \u00dc. emniyetteki i\u015flemlerinin ard\u0131ndan \u00e7\u0131kar\u0131ld\u0131\u011f\u0131 hakimlik\u00e7e tutuklanarak cezaevine g\u00f6nderilirken ifadesinde eski e\u015finin bo\u015fand\u0131ktan sonra kendisine kar\u015f\u0131 tav\u0131rlar\u0131n\u0131n de\u011fi\u015fti\u011fini ve \u00e7ocu\u011funu g\u00f6stermedi\u011fini savundu\u011fu belirtilerek, &#8220;Konu\u015fmak i\u00e7in sabah \u00e7al\u0131\u015ft\u0131\u011f\u0131 i\u015f yerinin oraya gittim. Yolda akaryak\u0131t istasyonundan benzin ald\u0131m. Daha \u00f6nceden akl\u0131mdayd\u0131. Tart\u0131\u015f\u0131nca benzini d\u00f6kerek eylemi ger\u00e7ekle\u015ftirdim&#8221; demi\u015fti. 20 g\u00fcnl\u00fck ya\u015fam m\u00fccadelesini kaybetti V\u00fccudunun y\u00fczde 60&#8217;\u0131 \u00fc\u00e7\u00fcnc\u00fc derece yan\u0131klarla kaplanan ve sa\u011fl\u0131k durumu durumu kritik P\u0131nar Zorlu\u2019nun tedavisi Antalya \u015eehir Hastanesi Yan\u0131k \u00dcnitesi&#8217;nde ya\u015fam &hellip;"}