{"version":"1.0","provider_name":"Av. Deniz Can K\u0131z\u0131l","provider_url":"https:\/\/denizcankizil.tr\/ru","author_name":"Av. Deniz Can K\u0131z\u0131l","author_url":"https:\/\/denizcankizil.tr\/ru\/author\/denizcankizil\/","title":"Elmal\u0131'n\u0131n yaylalar\u0131na gitmek kolayla\u015ft\u0131","type":"rich","width":600,"height":338,"html":"<blockquote class=\"wp-embedded-content\" data-secret=\"9ooEYrg3TF\"><a href=\"https:\/\/denizcankizil.tr\/ru\/haberler\/antalya\/elmalinin-yaylalarina-gitmek-kolaylasti\/\">Elmal\u0131&#8217;n\u0131n yaylalar\u0131na gitmek kolayla\u015ft\u0131<\/a><\/blockquote><iframe sandbox=\"allow-scripts\" security=\"restricted\" src=\"https:\/\/denizcankizil.tr\/ru\/haberler\/antalya\/elmalinin-yaylalarina-gitmek-kolaylasti\/embed\/#?secret=9ooEYrg3TF\" width=\"600\" height=\"338\" title=\"\u00abElmal\u0131&#8217;n\u0131n yaylalar\u0131na gitmek kolayla\u015ft\u0131\u00bb &#8212; Av. Deniz Can K\u0131z\u0131l\" data-secret=\"9ooEYrg3TF\" frameborder=\"0\" marginwidth=\"0\" marginheight=\"0\" scrolling=\"no\" class=\"wp-embedded-content\"><\/iframe><script>\n\/*! This file is auto-generated *\/\n!function(d,l){\"use strict\";l.querySelector&&d.addEventListener&&\"undefined\"!=typeof URL&&(d.wp=d.wp||{},d.wp.receiveEmbedMessage||(d.wp.receiveEmbedMessage=function(e){var t=e.data;if((t||t.secret||t.message||t.value)&&!\/[^a-zA-Z0-9]\/.test(t.secret)){for(var s,r,n,a=l.querySelectorAll('iframe[data-secret=\"'+t.secret+'\"]'),o=l.querySelectorAll('blockquote[data-secret=\"'+t.secret+'\"]'),c=new RegExp(\"^https?:$\",\"i\"),i=0;i<o.length;i++)o[i].style.display=\"none\";for(i=0;i<a.length;i++)s=a[i],e.source===s.contentWindow&&(s.removeAttribute(\"style\"),\"height\"===t.message?(1e3<(r=parseInt(t.value,10))?r=1e3:~~r<200&&(r=200),s.height=r):\"link\"===t.message&&(r=new URL(s.getAttribute(\"src\")),n=new URL(t.value),c.test(n.protocol))&&n.host===r.host&&l.activeElement===s&&(d.top.location.href=t.value))}},d.addEventListener(\"message\",d.wp.receiveEmbedMessage,!1),l.addEventListener(\"DOMContentLoaded\",function(){for(var e,t,s=l.querySelectorAll(\"iframe.wp-embedded-content\"),r=0;r<s.length;r++)(t=(e=s[r]).getAttribute(\"data-secret\"))||(t=Math.random().toString(36).substring(2,12),e.src+=\"#?secret=\"+t,e.setAttribute(\"data-secret\",t)),e.contentWindow.postMessage({message:\"ready\",secret:t},\"*\")},!1)))}(window,document);\n\/\/# sourceURL=https:\/\/denizcankizil.tr\/wp-includes\/js\/wp-embed.min.js\n<\/script>","thumbnail_url":"https:\/\/denizcankizil.tr\/wp-content\/uploads\/2025\/01\/4064-01-FH6mIB.jpeg","thumbnail_width":1280,"thumbnail_height":720,"description":"B\u00fcy\u00fck\u015fehir Belediyesi K\u0131rsal Hizmetler Dairesi Ba\u015fkanl\u0131\u011f\u0131 alt yap\u0131 ekipleri, \u00e7al\u0131\u015fmalar kapsam\u0131nda Elmal\u0131&#8217;n\u0131n B\u00fcy\u00fcks\u00f6\u011fle, K\u00fc\u00e7\u00fcks\u00f6\u011fle, Ge\u00e7men, Ovac\u0131k, Kocap\u0131nar, Bay\u0131nd\u0131r, Ahatl\u0131, G\u00f6lova, Bozh\u00fcy\u00fck, \u00c7ukurelma, \u00c7obanisa, G\u00fcm\u00fc\u015fyaka, Hac\u0131yusuflar, Macun, Derek\u00f6y, Y\u00f6renler, Yaprakl\u0131, Y\u0131lmazl\u0131, Yuva mahallelerinin yayla yollar\u0131na bak\u0131m ve onar\u0131m \u00e7al\u0131\u015fmas\u0131 yapt\u0131. \u00d6zellikle hayvanc\u0131l\u0131kla u\u011fra\u015fan ve yaz aylar\u0131nda yaylaya \u00e7\u0131kan vatanda\u015flar\u0131n s\u0131kl\u0131kla kulland\u0131\u011f\u0131 engebeli yollar g\u00fcvenli hale getirildi. \u201cMutluluklar\u0131na ortak olduk\u201d Antalya B\u00fcy\u00fck\u015fehir Belediyesi Elmal\u0131 Hizmet Birimi \u015eube M\u00fcd\u00fcr\u00fc Bilal Kasap, il\u00e7ede hayvanc\u0131l\u0131\u011f\u0131n \u00f6nemli bir ge\u00e7im kayna\u011f\u0131 oldu\u011funu belirterek, \u201c\u00c7oban haritas\u0131 projesinde yaylalar\u0131m\u0131zda \u00e7obanlar\u0131m\u0131z\u0131 tek tek ziyaret etmi\u015ftik. Hayvanc\u0131l\u0131kla u\u011fra\u015fan vatanda\u015flar\u0131m\u0131z\u0131n ilk istekleri yaylalar\u0131na ula\u015f\u0131m\u0131n iyile\u015ftirilmesi olmu\u015ftu. Belirledi\u011fimiz program dahilinde yakla\u015f\u0131k 6 ayl\u0131k s\u00fcre zarf\u0131nda Elmal\u0131&#8217;n\u0131n yayla yollar\u0131nda \u00e7al\u0131\u015fmalar\u0131m\u0131z\u0131 ger\u00e7ekle\u015ftirdik. Yayla yollar\u0131n\u0131 kullan\u0131ma elveri\u015fli hale getirdik. Muhtarlar\u0131m\u0131z\u0131n ve y\u00f6re halk\u0131m\u0131z\u0131n mutluluklar\u0131na ortak olduk\u201d dedi. \u00c7al\u0131\u015fmalar Y\u0131lmazl\u0131 Mahallesi&#8217;nde son buldu Elmal\u0131 Y\u0131lmazl\u0131 Mahalle Muhtar\u0131 Hasan Sert, \u201cY\u0131lmazl\u0131 mahallemizin yayla yollar\u0131 zaman i\u00e7erisinde bozulmu\u015ftu. \u00c7obanlar\u0131m\u0131z yaylaya ula\u015fmakta zorluk ya\u015f\u0131yordu. Trakt\u00f6rler yolda kal\u0131yordu. Yolumuzun \u00e7al\u0131\u015fmas\u0131 tamamland\u0131. \u00c7obanlar\u0131m\u0131z art\u0131k \u00e7ok daha rahat bir \u015fekilde yayladaki evlerine ula\u015fabilecekler\u201d diye konu\u015ftu. Kaynak: www.kanalv.com.tr Haber Sitesinden Al\u0131nm\u0131\u015ft\u0131r."}