{"version":"1.0","provider_name":"Av. Deniz Can K\u0131z\u0131l","provider_url":"https:\/\/denizcankizil.tr\/ru","author_name":"Av. Deniz Can K\u0131z\u0131l","author_url":"https:\/\/denizcankizil.tr\/ru","title":"Dereye u\u00e7an ara\u00e7tan yara almadan kurtuldu","type":"rich","width":600,"height":338,"html":"<blockquote class=\"wp-embedded-content\" data-secret=\"fBRUotCqGX\"><a href=\"https:\/\/denizcankizil.tr\/ru\/haberler\/antalya\/dereye-ucan-aractan-yara-almadan-kurtuldu\/\">Dereye u\u00e7an ara\u00e7tan yara almadan kurtuldu<\/a><\/blockquote><iframe sandbox=\"allow-scripts\" security=\"restricted\" src=\"https:\/\/denizcankizil.tr\/ru\/haberler\/antalya\/dereye-ucan-aractan-yara-almadan-kurtuldu\/embed\/#?secret=fBRUotCqGX\" width=\"600\" height=\"338\" title=\"\u00abDereye u\u00e7an ara\u00e7tan yara almadan kurtuldu\u00bb &#8212; Av. Deniz Can K\u0131z\u0131l\" data-secret=\"fBRUotCqGX\" frameborder=\"0\" marginwidth=\"0\" marginheight=\"0\" scrolling=\"no\" class=\"wp-embedded-content\"><\/iframe><script>\n\/*! This file is auto-generated *\/\n!function(d,l){\"use strict\";l.querySelector&&d.addEventListener&&\"undefined\"!=typeof URL&&(d.wp=d.wp||{},d.wp.receiveEmbedMessage||(d.wp.receiveEmbedMessage=function(e){var t=e.data;if((t||t.secret||t.message||t.value)&&!\/[^a-zA-Z0-9]\/.test(t.secret)){for(var s,r,n,a=l.querySelectorAll('iframe[data-secret=\"'+t.secret+'\"]'),o=l.querySelectorAll('blockquote[data-secret=\"'+t.secret+'\"]'),c=new RegExp(\"^https?:$\",\"i\"),i=0;i<o.length;i++)o[i].style.display=\"none\";for(i=0;i<a.length;i++)s=a[i],e.source===s.contentWindow&&(s.removeAttribute(\"style\"),\"height\"===t.message?(1e3<(r=parseInt(t.value,10))?r=1e3:~~r<200&&(r=200),s.height=r):\"link\"===t.message&&(r=new URL(s.getAttribute(\"src\")),n=new URL(t.value),c.test(n.protocol))&&n.host===r.host&&l.activeElement===s&&(d.top.location.href=t.value))}},d.addEventListener(\"message\",d.wp.receiveEmbedMessage,!1),l.addEventListener(\"DOMContentLoaded\",function(){for(var e,t,s=l.querySelectorAll(\"iframe.wp-embedded-content\"),r=0;r<s.length;r++)(t=(e=s[r]).getAttribute(\"data-secret\"))||(t=Math.random().toString(36).substring(2,12),e.src+=\"#?secret=\"+t,e.setAttribute(\"data-secret\",t)),e.contentWindow.postMessage({message:\"ready\",secret:t},\"*\")},!1)))}(window,document);\n\/\/# sourceURL=https:\/\/denizcankizil.tr\/wp-includes\/js\/wp-embed.min.js\n<\/script>","thumbnail_url":"https:\/\/denizcankizil.tr\/wp-content\/uploads\/2024\/12\/3622-01-6lz1F6.jpeg","thumbnail_width":1280,"thumbnail_height":720,"description":"Kaza, saat 16.00 s\u0131ralar\u0131nda Konyaalt\u0131 il\u00e7esi Sar\u0131su Mahallesi 167 sokakta meydana geldi. Sokak \u00fczerinde 07 BHM 694 plakal\u0131 otomobiliyle seyir halinde olan H\u00fcseyin Can Koru, bilinmeyen nedenle direksiyon hakimiyetini kaybedince ara\u00e7 dereye u\u00e7tu. Kazay\u0131 g\u00f6renlerin ihbar\u0131yla adrese ekipler sevk edildi. K\u0131sa s\u00fcrede kaza yerine ula\u015fan itfaiye ekibi ters d\u00f6nen otomobilde s\u0131k\u0131\u015fan Koru&#8217;yu kurtarma \u00e7al\u0131\u015fmalar\u0131na ba\u015flad\u0131. Ekipler 15 dakikal\u0131k \u00e7al\u0131\u015fmayla H\u00fcseyin Can Koru&#8217;yu bulundu\u011fu yerden \u00e7\u0131kartarak sa\u011fl\u0131k ekibine teslim etti. Ekiplerle konu\u015fan Koru, durumunun iyi oldu\u011funu belirtirken, tedbir ama\u00e7l\u0131 ambulansla hastaneye g\u00f6t\u00fcr\u00fcld\u00fc. Derede ters d\u00f6nm\u00fc\u015f haldeki otomobil ise \u00e7ekici yard\u0131m\u0131yla bulundu\u011fu yerden \u00e7\u0131kart\u0131ld\u0131. Kaynak: www.kanalv.com.tr Haber Sitesinden Al\u0131nm\u0131\u015ft\u0131r."}