{"version":"1.0","provider_name":"Av. Deniz Can K\u0131z\u0131l","provider_url":"https:\/\/denizcankizil.tr\/ru","author_name":"Av. Deniz Can K\u0131z\u0131l","author_url":"https:\/\/denizcankizil.tr\/ru\/author\/denizcankizil\/","title":"Depremzede \u00e7ocuklar\u0131n eserleri sergilendi","type":"rich","width":600,"height":338,"html":"<blockquote class=\"wp-embedded-content\" data-secret=\"Kn5Wu9yNvO\"><a href=\"https:\/\/denizcankizil.tr\/ru\/haberler\/antalya\/depremzede-cocuklarin-eserleri-sergilendi\/\">Depremzede \u00e7ocuklar\u0131n eserleri sergilendi<\/a><\/blockquote><iframe sandbox=\"allow-scripts\" security=\"restricted\" src=\"https:\/\/denizcankizil.tr\/ru\/haberler\/antalya\/depremzede-cocuklarin-eserleri-sergilendi\/embed\/#?secret=Kn5Wu9yNvO\" width=\"600\" height=\"338\" title=\"\u00abDepremzede \u00e7ocuklar\u0131n eserleri sergilendi\u00bb &#8212; Av. Deniz Can K\u0131z\u0131l\" data-secret=\"Kn5Wu9yNvO\" frameborder=\"0\" marginwidth=\"0\" marginheight=\"0\" scrolling=\"no\" class=\"wp-embedded-content\"><\/iframe><script>\n\/*! This file is auto-generated *\/\n!function(d,l){\"use strict\";l.querySelector&&d.addEventListener&&\"undefined\"!=typeof URL&&(d.wp=d.wp||{},d.wp.receiveEmbedMessage||(d.wp.receiveEmbedMessage=function(e){var t=e.data;if((t||t.secret||t.message||t.value)&&!\/[^a-zA-Z0-9]\/.test(t.secret)){for(var s,r,n,a=l.querySelectorAll('iframe[data-secret=\"'+t.secret+'\"]'),o=l.querySelectorAll('blockquote[data-secret=\"'+t.secret+'\"]'),c=new RegExp(\"^https?:$\",\"i\"),i=0;i<o.length;i++)o[i].style.display=\"none\";for(i=0;i<a.length;i++)s=a[i],e.source===s.contentWindow&&(s.removeAttribute(\"style\"),\"height\"===t.message?(1e3<(r=parseInt(t.value,10))?r=1e3:~~r<200&&(r=200),s.height=r):\"link\"===t.message&&(r=new URL(s.getAttribute(\"src\")),n=new URL(t.value),c.test(n.protocol))&&n.host===r.host&&l.activeElement===s&&(d.top.location.href=t.value))}},d.addEventListener(\"message\",d.wp.receiveEmbedMessage,!1),l.addEventListener(\"DOMContentLoaded\",function(){for(var e,t,s=l.querySelectorAll(\"iframe.wp-embedded-content\"),r=0;r<s.length;r++)(t=(e=s[r]).getAttribute(\"data-secret\"))||(t=Math.random().toString(36).substring(2,12),e.src+=\"#?secret=\"+t,e.setAttribute(\"data-secret\",t)),e.contentWindow.postMessage({message:\"ready\",secret:t},\"*\")},!1)))}(window,document);\n\/\/# sourceURL=https:\/\/denizcankizil.tr\/wp-includes\/js\/wp-embed.min.js\n<\/script>","thumbnail_url":"https:\/\/denizcankizil.tr\/wp-content\/uploads\/2025\/02\/4563-01-QShXrA.jpeg","thumbnail_width":1280,"thumbnail_height":720,"description":"Recep Ak ve Nazan Er&#8217;in katk\u0131lar\u0131yla haz\u0131rlanan sergi, 6 \u015eubat 2023 tarihinde ya\u015fanan b\u00fcy\u00fck depremler sonras\u0131 hayat\u0131n\u0131 kaybeden yurtta\u015flar\u0131m\u0131z\u0131 anmak ve depremzedelerin ya\u015fad\u0131\u011f\u0131 zorluklar\u0131 hat\u0131rlatmak amac\u0131yla d\u00fczenlendi. Her biri, depremzede \u00e7ocuklar\u0131n y\u00fcreklerinden bir par\u00e7a ta\u015f\u0131yan eserler, bu sergide bir araya geldi. Bu eserler, \u00e7ocuklar\u0131n g\u00f6z\u00fcnden depremi ve sonras\u0131ndaki s\u00fcreci yans\u0131t\u0131yor. Serginin a\u00e7\u0131l\u0131\u015f\u0131 8 \u015eubat Cumartesi g\u00fcn\u00fc saat 14.00&#8217;te yap\u0131ld\u0131. Manavgat Belediye Ba\u015fkan\u0131 Dr. Niyazi Nefi Kara da sergiyi ziyaret ederek, serginin d\u00fczenlenmesine katk\u0131da bulunan t\u00fcm sanat\u00e7\u0131lara ve eme\u011fi ge\u00e7enlere te\u015fekk\u00fcr etti. Manavgat Belediye Ba\u015fkan\u0131 Dr. Niyazi Nefi Kara, sanat\u00e7\u0131lar\u0131n ve yazarlar\u0131n katk\u0131lar\u0131n\u0131n, toplumun travma sonras\u0131 iyile\u015fme s\u00fcrecinde nas\u0131l \u00f6nemli bir rol oynad\u0131\u011f\u0131n\u0131 dile getirdi. Ba\u015fkan Kara, &#8220;Bu t\u00fcr etkinlikler, toplumun ruhsal iyile\u015fme s\u00fcrecine b\u00fcy\u00fck katk\u0131 sa\u011fl\u0131yor. Depremin etkilerini sadece fiziksel de\u011fil, duygusal ve psikolojik anlamda da derinden hissettik. Burada sergilenen eserler, toplumun ortak haf\u0131zas\u0131d\u0131r. Bu sergi, hem \u00e7ocuklar\u0131m\u0131z\u0131n sesini duyurmak hem de toplumu deprem sonras\u0131 daha duyarl\u0131 hale getirmek ad\u0131na \u00e7ok k\u0131ymetli&#8221; ifadelerini kulland\u0131. Kaynak: www.kanalv.com.tr Haber Sitesinden Al\u0131nm\u0131\u015ft\u0131r."}