{"version":"1.0","provider_name":"Av. Deniz Can K\u0131z\u0131l","provider_url":"https:\/\/denizcankizil.tr\/ru","author_name":"Av. Deniz Can K\u0131z\u0131l","author_url":"https:\/\/denizcankizil.tr\/ru\/author\/denizcankizil\/","title":"B\u00fcy\u00fck\u015fehir'den 'Kaplumba\u011fa G\u00fcn\u00fc' etkinli\u011fi","type":"rich","width":600,"height":338,"html":"<blockquote class=\"wp-embedded-content\" data-secret=\"8BkI6nO3nl\"><a href=\"https:\/\/denizcankizil.tr\/ru\/haberler\/antalya\/buyuksehirden-kaplumbaga-gunu-etkinligi\/\">B\u00fcy\u00fck\u015fehir&#8217;den &#8216;Kaplumba\u011fa G\u00fcn\u00fc&#8217; etkinli\u011fi<\/a><\/blockquote><iframe sandbox=\"allow-scripts\" security=\"restricted\" src=\"https:\/\/denizcankizil.tr\/ru\/haberler\/antalya\/buyuksehirden-kaplumbaga-gunu-etkinligi\/embed\/#?secret=8BkI6nO3nl\" width=\"600\" height=\"338\" title=\"\u00abB\u00fcy\u00fck\u015fehir&#8217;den &#8216;Kaplumba\u011fa G\u00fcn\u00fc&#8217; etkinli\u011fi\u00bb &#8212; Av. Deniz Can K\u0131z\u0131l\" data-secret=\"8BkI6nO3nl\" frameborder=\"0\" marginwidth=\"0\" marginheight=\"0\" scrolling=\"no\" class=\"wp-embedded-content\"><\/iframe><script>\n\/*! This file is auto-generated *\/\n!function(d,l){\"use strict\";l.querySelector&&d.addEventListener&&\"undefined\"!=typeof URL&&(d.wp=d.wp||{},d.wp.receiveEmbedMessage||(d.wp.receiveEmbedMessage=function(e){var t=e.data;if((t||t.secret||t.message||t.value)&&!\/[^a-zA-Z0-9]\/.test(t.secret)){for(var s,r,n,a=l.querySelectorAll('iframe[data-secret=\"'+t.secret+'\"]'),o=l.querySelectorAll('blockquote[data-secret=\"'+t.secret+'\"]'),c=new RegExp(\"^https?:$\",\"i\"),i=0;i<o.length;i++)o[i].style.display=\"none\";for(i=0;i<a.length;i++)s=a[i],e.source===s.contentWindow&&(s.removeAttribute(\"style\"),\"height\"===t.message?(1e3<(r=parseInt(t.value,10))?r=1e3:~~r<200&&(r=200),s.height=r):\"link\"===t.message&&(r=new URL(s.getAttribute(\"src\")),n=new URL(t.value),c.test(n.protocol))&&n.host===r.host&&l.activeElement===s&&(d.top.location.href=t.value))}},d.addEventListener(\"message\",d.wp.receiveEmbedMessage,!1),l.addEventListener(\"DOMContentLoaded\",function(){for(var e,t,s=l.querySelectorAll(\"iframe.wp-embedded-content\"),r=0;r<s.length;r++)(t=(e=s[r]).getAttribute(\"data-secret\"))||(t=Math.random().toString(36).substring(2,12),e.src+=\"#?secret=\"+t,e.setAttribute(\"data-secret\",t)),e.contentWindow.postMessage({message:\"ready\",secret:t},\"*\")},!1)))}(window,document);\n\/\/# sourceURL=https:\/\/denizcankizil.tr\/wp-includes\/js\/wp-embed.min.js\n<\/script>","thumbnail_url":"https:\/\/denizcankizil.tr\/wp-content\/uploads\/2025\/05\/6566-01-ukWxXn.jpg","thumbnail_width":1280,"thumbnail_height":720,"description":"Antalya B\u00fcy\u00fck\u015fehir Belediyesi Antalya Do\u011fal Ya\u015fam Park\u0131, vatanda\u015flar\u0131n do\u011fal ya\u015famla bulu\u015fmas\u0131 ve ziyaret\u00e7ilerin keyifli vakit ge\u00e7irmeleriyle amac\u0131yla \u00e7e\u015fitli etkinlikler d\u00fczenliyor. Do\u011fadaki kaplumba\u011falar\u0131 ve ya\u015fam alanlar\u0131n\u0131n korumak amac\u0131yla 2000 y\u0131l\u0131ndan itibaren kutlanmaya ba\u015flayan 23 May\u0131s D\u00fcnya Kaplumba\u011fa G\u00fcn\u00fc dolay\u0131s\u0131yla Antalya Do\u011fal Ya\u015fam Park\u0131\u2019nda \u00f6zel bir etkinlik ger\u00e7ekle\u015ftirdi. \u00c7ocuklar, do\u011fayla i\u00e7 i\u00e7e farkl\u0131 t\u00fcrlerdeki kaplumba\u011falarla tan\u0131\u015ft\u0131. &#8220;Kaplumba\u011fa sevdiler&#8221; Uzman e\u011fitmenler taraf\u0131ndan haz\u0131rlanan programda, \u00e7ocuklara kaplumba\u011falar\u0131n \u00f6zellikleri, ya\u015fam alanlar\u0131 ve ekosistemdeki \u00f6nemi hakk\u0131nda bilgiler verildi. Minik do\u011faseverler, kaplumba\u011falara yak\u0131ndan dokunarak onlar\u0131 inceleme ve sevme f\u0131rsat\u0131 buldu. Heyecanla ve merakla kaplumba\u011falar\u0131 seven \u00e7ocuklar, unutulmaz bir deneyim ya\u015fad\u0131. Hem e\u011flenen hem de yeni bilgiler \u00f6\u011frenen \u00e7ocuklar\u0131n mutluluklar\u0131 y\u00fczlerinden okundu. &#8220;Amac\u0131m\u0131z fark\u0131ndal\u0131k olu\u015fturmak&#8221; B\u00fcy\u00fck\u015fehir Belediyesi Do\u011fal Ya\u015fam Park\u0131 \u015eube M\u00fcd\u00fcr\u00fc Ayg\u00fcl Arsun, y\u0131l boyunca planlad\u0131klar\u0131 etkinlik takvimi kapsam\u0131nda D\u00fcnya Kaplumba\u011fa G\u00fcn\u00fc\u2019nde \u00f6zel bir etkinlik d\u00fczenlediklerini belirterek, &#8220;Bug\u00fcn aram\u0131zda olan \u00e7ocuklar, etkinli\u011fimizi son derece ilgi ve merakla takip ediyor. Kaplumba\u011falar\u0131n tan\u0131t\u0131m\u0131 ve d\u00fcnyam\u0131zdaki ya\u015famlar\u0131yla ilgili e\u011fitimler al\u0131yorlar. B\u00fct\u00fcn g\u00fcn boyunca do\u011fayla i\u00e7 i\u00e7e e\u011flenerek, oyunlar oynayarak keyifli vakit ge\u00e7iriyorlar. Fark\u0131ndal\u0131k olu\u015fturacak etkinliklerimize devam edece\u011fiz&#8221; dedi. &#8220;\u00c7ocuklar \u00e7ok keyifli vakit ge\u00e7irdi&#8221; \u00c7ocuklar\u0131n keyifli bir g\u00fcn ge\u00e7irdi\u011fini s\u00f6yleyen 100. Y\u0131l Cumhuriyet \u0130lkokulu 3. s\u0131n\u0131f \u00f6\u011fretmeni Derya \u00d6nal, &#8220;B\u00fcy\u00fck\u015fehir Belediyesi\u2019nin D\u00fcnya Kaplumba\u011fa G\u00fcn\u00fc dolay\u0131s\u0131yla okulumuza g\u00f6nderdi\u011fi davet \u00fczerine bu etkinli\u011fe &hellip;"}