{"version":"1.0","provider_name":"Av. Deniz Can K\u0131z\u0131l","provider_url":"https:\/\/denizcankizil.tr\/ru","author_name":"Av. Deniz Can K\u0131z\u0131l","author_url":"https:\/\/denizcankizil.tr\/ru\/author\/denizcankizil\/","title":"B\u0131\u00e7ak\u00e7\u0131larda bayram tarifesi","type":"rich","width":600,"height":338,"html":"<blockquote class=\"wp-embedded-content\" data-secret=\"AnJVZDJYLu\"><a href=\"https:\/\/denizcankizil.tr\/ru\/haberler\/antalya\/bicakcilarda-bayram-tarifesi\/\">B\u0131\u00e7ak\u00e7\u0131larda bayram tarifesi<\/a><\/blockquote><iframe sandbox=\"allow-scripts\" security=\"restricted\" src=\"https:\/\/denizcankizil.tr\/ru\/haberler\/antalya\/bicakcilarda-bayram-tarifesi\/embed\/#?secret=AnJVZDJYLu\" width=\"600\" height=\"338\" title=\"\u00abB\u0131\u00e7ak\u00e7\u0131larda bayram tarifesi\u00bb &#8212; Av. Deniz Can K\u0131z\u0131l\" data-secret=\"AnJVZDJYLu\" frameborder=\"0\" marginwidth=\"0\" marginheight=\"0\" scrolling=\"no\" class=\"wp-embedded-content\"><\/iframe><script>\n\/*! This file is auto-generated *\/\n!function(d,l){\"use strict\";l.querySelector&&d.addEventListener&&\"undefined\"!=typeof URL&&(d.wp=d.wp||{},d.wp.receiveEmbedMessage||(d.wp.receiveEmbedMessage=function(e){var t=e.data;if((t||t.secret||t.message||t.value)&&!\/[^a-zA-Z0-9]\/.test(t.secret)){for(var s,r,n,a=l.querySelectorAll('iframe[data-secret=\"'+t.secret+'\"]'),o=l.querySelectorAll('blockquote[data-secret=\"'+t.secret+'\"]'),c=new RegExp(\"^https?:$\",\"i\"),i=0;i<o.length;i++)o[i].style.display=\"none\";for(i=0;i<a.length;i++)s=a[i],e.source===s.contentWindow&&(s.removeAttribute(\"style\"),\"height\"===t.message?(1e3<(r=parseInt(t.value,10))?r=1e3:~~r<200&&(r=200),s.height=r):\"link\"===t.message&&(r=new URL(s.getAttribute(\"src\")),n=new URL(t.value),c.test(n.protocol))&&n.host===r.host&&l.activeElement===s&&(d.top.location.href=t.value))}},d.addEventListener(\"message\",d.wp.receiveEmbedMessage,!1),l.addEventListener(\"DOMContentLoaded\",function(){for(var e,t,s=l.querySelectorAll(\"iframe.wp-embedded-content\"),r=0;r<s.length;r++)(t=(e=s[r]).getAttribute(\"data-secret\"))||(t=Math.random().toString(36).substring(2,12),e.src+=\"#?secret=\"+t,e.setAttribute(\"data-secret\",t)),e.contentWindow.postMessage({message:\"ready\",secret:t},\"*\")},!1)))}(window,document);\n\/\/# sourceURL=https:\/\/denizcankizil.tr\/wp-includes\/js\/wp-embed.min.js\n<\/script>","description":"Antalya&#8217;da b\u0131\u00e7ak\u00e7\u0131 d\u00fckkan\u0131 i\u015fleten \u00d6zen B\u0131\u00e7ak\u00e7\u0131lar, Kurban Bayram\u0131\u2019na k\u0131sa s\u00fcre kala yo\u011funlu\u011fun zirveye \u00e7\u0131kt\u0131\u011f\u0131n\u0131 s\u00f6yledi. \u00d6zen B\u0131\u00e7ak\u00e7\u0131lar, \u201cKurban Bayram\u0131 en yo\u011fun oldu\u011fumuz d\u00f6nem. Di\u011fer g\u00fcnlerde de i\u015flerimiz devam ediyor. Kurban Bayram\u0131 haz\u0131rl\u0131\u011f\u0131m\u0131z 15 g\u00fcn \u00f6ncesinden ba\u015flar, son haftada ise tam anlam\u0131yla mesaiye kal\u0131r\u0131z. Bayram d\u00f6nemi g\u00fcnl\u00fck 1000&#8217;e yak\u0131n b\u0131\u00e7ak biliyoruz. Ancak en \u00f6nemli konu, bilemenin i\u015fin ehli ki\u015filerce yap\u0131lmas\u0131. Piyasada lastik\u00e7i, bakkal, kasap herkes b\u0131\u00e7ak\u00e7\u0131l\u0131k yap\u0131yor. Bu da vatanda\u015f i\u00e7in risk&#8221; diye konu\u015ftu. KURBAN BI\u00c7A\u011eI AYRI, SEBZE BI\u00c7A\u011eI AYRI Kurban kesiminde kullan\u0131lacak b\u0131\u00e7aklar\u0131n kalitesinin ve uygunlu\u011funun \u00f6nem ta\u015f\u0131d\u0131\u011f\u0131n\u0131 vurgulayan \u00d6zen B\u0131\u00e7ak\u00e7\u0131lar, \u201cSebze ya da meyve do\u011frama b\u0131\u00e7aklar\u0131yla kurban kesilmez. Hayvan\u0131n can\u0131 al\u0131n\u0131yor, bu y\u00fczden kaliteli \u00e7elikten \u00fcretilmi\u015f, yerli imalat b\u0131\u00e7aklar kullan\u0131lmal\u0131. \u00c7in mal\u0131 \u00fcr\u00fcnlere y\u00f6nelmemelerini \u00f6zellikle rica ediyoruz. Vatanda\u015flar\u0131m\u0131z, zincir marketlerden ya da AVM\u2019lerden de\u011fil, uzman b\u0131\u00e7ak\u00e7\u0131lardan al\u0131\u015fveri\u015f yapmal\u0131&#8221; dedi. &#8216;BU SENE F\u0130YAT 50 L\u0130RA OLDU&#8217; Ge\u00e7en y\u0131l 40 lira olan bileme \u00fccretlerinin bu sene 50 liraya \u00e7\u0131kt\u0131\u011f\u0131n\u0131 s\u00f6yleyen \u00d6zen B\u0131\u00e7ak\u00e7\u0131lar, \u201cHer b\u0131\u00e7a\u011f\u0131n bileme s\u00fcreci farkl\u0131d\u0131r, ustal\u0131k ister. B\u0131\u00e7aklar\u0131n k\u00f6relmesi, ustal\u0131\u011fa ve kullan\u0131ma g\u00f6re de\u011fi\u015fir. Baz\u0131 b\u0131\u00e7aklar 3 g\u00fcnde k\u00f6relir, baz\u0131lar\u0131 6 ayda k\u00f6relir. Tahta \u00fczerinde sert vurularak de\u011fil, d\u00fczg\u00fcn kesimle kullan\u0131ld\u0131\u011f\u0131nda b\u0131\u00e7ak a\u011fz\u0131 daha uzun \u00f6m\u00fcrl\u00fc olur. Vatanda\u015flar, b\u0131\u00e7a\u011f\u0131n\u0131 bilemeye g\u00f6t\u00fcr\u00fcrken mutlaka i\u015fin ustas\u0131n\u0131 tercih etmeli&#8221; ifadelerini kulland\u0131 Kaynak: &hellip;"}