{"version":"1.0","provider_name":"Av. Deniz Can K\u0131z\u0131l","provider_url":"https:\/\/denizcankizil.tr\/ru","author_name":"Av. Deniz Can K\u0131z\u0131l","author_url":"https:\/\/denizcankizil.tr\/ru\/author\/denizcankizil\/","title":"Bel\u00f6zo\u011flu'ndan \u00fcniversiteye ziyaret","type":"rich","width":600,"height":338,"html":"<blockquote class=\"wp-embedded-content\" data-secret=\"Kcbt4GBroP\"><a href=\"https:\/\/denizcankizil.tr\/ru\/haberler\/antalya\/belozoglundan-universiteye-ziyaret\/\">Bel\u00f6zo\u011flu&#8217;ndan \u00fcniversiteye ziyaret<\/a><\/blockquote><iframe sandbox=\"allow-scripts\" security=\"restricted\" src=\"https:\/\/denizcankizil.tr\/ru\/haberler\/antalya\/belozoglundan-universiteye-ziyaret\/embed\/#?secret=Kcbt4GBroP\" width=\"600\" height=\"338\" title=\"\u00abBel\u00f6zo\u011flu&#8217;ndan \u00fcniversiteye ziyaret\u00bb &#8212; Av. Deniz Can K\u0131z\u0131l\" data-secret=\"Kcbt4GBroP\" frameborder=\"0\" marginwidth=\"0\" marginheight=\"0\" scrolling=\"no\" class=\"wp-embedded-content\"><\/iframe><script>\n\/*! This file is auto-generated *\/\n!function(d,l){\"use strict\";l.querySelector&&d.addEventListener&&\"undefined\"!=typeof URL&&(d.wp=d.wp||{},d.wp.receiveEmbedMessage||(d.wp.receiveEmbedMessage=function(e){var t=e.data;if((t||t.secret||t.message||t.value)&&!\/[^a-zA-Z0-9]\/.test(t.secret)){for(var s,r,n,a=l.querySelectorAll('iframe[data-secret=\"'+t.secret+'\"]'),o=l.querySelectorAll('blockquote[data-secret=\"'+t.secret+'\"]'),c=new RegExp(\"^https?:$\",\"i\"),i=0;i<o.length;i++)o[i].style.display=\"none\";for(i=0;i<a.length;i++)s=a[i],e.source===s.contentWindow&&(s.removeAttribute(\"style\"),\"height\"===t.message?(1e3<(r=parseInt(t.value,10))?r=1e3:~~r<200&&(r=200),s.height=r):\"link\"===t.message&&(r=new URL(s.getAttribute(\"src\")),n=new URL(t.value),c.test(n.protocol))&&n.host===r.host&&l.activeElement===s&&(d.top.location.href=t.value))}},d.addEventListener(\"message\",d.wp.receiveEmbedMessage,!1),l.addEventListener(\"DOMContentLoaded\",function(){for(var e,t,s=l.querySelectorAll(\"iframe.wp-embedded-content\"),r=0;r<s.length;r++)(t=(e=s[r]).getAttribute(\"data-secret\"))||(t=Math.random().toString(36).substring(2,12),e.src+=\"#?secret=\"+t,e.setAttribute(\"data-secret\",t)),e.contentWindow.postMessage({message:\"ready\",secret:t},\"*\")},!1)))}(window,document);\n\/\/# sourceURL=https:\/\/denizcankizil.tr\/wp-includes\/js\/wp-embed.min.js\n<\/script>","thumbnail_url":"https:\/\/denizcankizil.tr\/wp-content\/uploads\/2025\/05\/6435-01-9tdJ1O.jpg","thumbnail_width":1280,"thumbnail_height":720,"description":"Ba\u015fka bir \u00fcniversite tak\u0131m\u0131 ile ma\u00e7 yapacaklar\u0131n\u0131 sanarak sahaya \u00e7\u0131kan \u00f6\u011frenciler, bir anda Emre Bel\u00f6zo\u011flu ve ekibini kar\u015f\u0131lar\u0131nda g\u00f6r\u00fcnce b\u00fcy\u00fck bir \u015fa\u015fk\u0131nl\u0131k ya\u015fad\u0131. S\u00fcrprizin ard\u0131ndan ise unutulmaz bir ma\u00e7 oynand\u0131. Emre Bel\u00f6zo\u011flu hem gen\u00e7lerin 19 May\u0131s Gen\u00e7lik ve Spor Bayram\u0131n\u0131 kutlad\u0131 hem de \u00f6\u011frencileri Antalyaspor tesislerine davet etti. \u00dcniversite kamp\u00fcs\u00fcnde s\u0131cak bir atmosferde ger\u00e7ekle\u015fen etkinlikte, futbolsever \u00f6\u011frenciler bir teknik adamla tan\u0131\u015fma hem de onunla ayn\u0131 sahay\u0131 payla\u015fma f\u0131rsat\u0131 buldu. Etkinlik boyunca renkli g\u00f6r\u00fcnt\u00fcler ortaya \u00e7\u0131karken, \u00f6\u011frenciler bu anlar\u0131 cep telefonlar\u0131yla kaydetmeyi ihmal etmedi. Emre Bel\u00f6zo\u011flu, etkinlik sonras\u0131 yapt\u0131\u011f\u0131 a\u00e7\u0131klamada gen\u00e7lerle bir araya gelmekten b\u00fcy\u00fck mutluluk duydu\u011funu belirterek, &#8220;Ger\u00e7ekten enerjinizle bize motivasyon verdiniz. Ortam \u00e7ok g\u00fczeldi. Keyifli ve g\u00fczel bir ma\u00e7 oldu&#8221; ifadelerini kulland\u0131. Akdeniz \u00dcniversitesi Spor Bilimleri Fak\u00fcltesi yetkilileri ise bu t\u00fcr etkinliklerin \u00f6\u011frencilerin motivasyonuna katk\u0131 sa\u011flad\u0131\u011f\u0131n\u0131 ve ilerleyen d\u00f6nemde farkl\u0131 spor insanlar\u0131n\u0131 da kamp\u00fcste a\u011f\u0131rlamay\u0131 planlad\u0131klar\u0131n\u0131 dile getirdi. Kaynak: www.kanalv.com.tr Haber Sitesinden Al\u0131nm\u0131\u015ft\u0131r."}