{"version":"1.0","provider_name":"Av. Deniz Can K\u0131z\u0131l","provider_url":"https:\/\/denizcankizil.tr\/ru","author_name":"Av. Deniz Can K\u0131z\u0131l","author_url":"https:\/\/denizcankizil.tr\/ru\/author\/denizcankizil\/","title":"Ba\u015fkan Kotan esnafla bulu\u015ftu","type":"rich","width":600,"height":338,"html":"<blockquote class=\"wp-embedded-content\" data-secret=\"XyK0MZyIoJ\"><a href=\"https:\/\/denizcankizil.tr\/ru\/haberler\/antalya\/baskan-kotan-esnafla-bulustu\/\">Ba\u015fkan Kotan esnafla bulu\u015ftu<\/a><\/blockquote><iframe sandbox=\"allow-scripts\" security=\"restricted\" src=\"https:\/\/denizcankizil.tr\/ru\/haberler\/antalya\/baskan-kotan-esnafla-bulustu\/embed\/#?secret=XyK0MZyIoJ\" width=\"600\" height=\"338\" title=\"\u00abBa\u015fkan Kotan esnafla bulu\u015ftu\u00bb &#8212; Av. Deniz Can K\u0131z\u0131l\" data-secret=\"XyK0MZyIoJ\" frameborder=\"0\" marginwidth=\"0\" marginheight=\"0\" scrolling=\"no\" class=\"wp-embedded-content\"><\/iframe><script>\n\/*! This file is auto-generated *\/\n!function(d,l){\"use strict\";l.querySelector&&d.addEventListener&&\"undefined\"!=typeof URL&&(d.wp=d.wp||{},d.wp.receiveEmbedMessage||(d.wp.receiveEmbedMessage=function(e){var t=e.data;if((t||t.secret||t.message||t.value)&&!\/[^a-zA-Z0-9]\/.test(t.secret)){for(var s,r,n,a=l.querySelectorAll('iframe[data-secret=\"'+t.secret+'\"]'),o=l.querySelectorAll('blockquote[data-secret=\"'+t.secret+'\"]'),c=new RegExp(\"^https?:$\",\"i\"),i=0;i<o.length;i++)o[i].style.display=\"none\";for(i=0;i<a.length;i++)s=a[i],e.source===s.contentWindow&&(s.removeAttribute(\"style\"),\"height\"===t.message?(1e3<(r=parseInt(t.value,10))?r=1e3:~~r<200&&(r=200),s.height=r):\"link\"===t.message&&(r=new URL(s.getAttribute(\"src\")),n=new URL(t.value),c.test(n.protocol))&&n.host===r.host&&l.activeElement===s&&(d.top.location.href=t.value))}},d.addEventListener(\"message\",d.wp.receiveEmbedMessage,!1),l.addEventListener(\"DOMContentLoaded\",function(){for(var e,t,s=l.querySelectorAll(\"iframe.wp-embedded-content\"),r=0;r<s.length;r++)(t=(e=s[r]).getAttribute(\"data-secret\"))||(t=Math.random().toString(36).substring(2,12),e.src+=\"#?secret=\"+t,e.setAttribute(\"data-secret\",t)),e.contentWindow.postMessage({message:\"ready\",secret:t},\"*\")},!1)))}(window,document);\n\/\/# sourceURL=https:\/\/denizcankizil.tr\/wp-includes\/js\/wp-embed.min.js\n<\/script>","thumbnail_url":"https:\/\/denizcankizil.tr\/wp-content\/uploads\/2025\/02\/4634-01-btldgO.jpeg","thumbnail_width":1280,"thumbnail_height":720,"description":"Konyaalt\u0131 Belediye Ba\u015fkan\u0131 Cem Kotan esnaf bulu\u015fmalar\u0131 kapsam\u0131nda i\u015fletme sahipleriyle bir araya geldi. \u0130l\u00e7enin ekonomik ve sosyal hayat\u0131nda esnaf\u0131n \u00f6nemli bir yere sahip oldu\u011funu dile getiren Kotan, &#8220;Sundu\u011funuz kaliteli hizmetlerle Konyaalt\u0131&#8217;n\u0131 cazip hale getiren sizlersiniz. \u0130nsanlar g\u00fcvenli ve huzurlu yerlere gelir, biz de bu bilin\u00e7le hareket ediyoruz&#8221; dedi. \u0130l\u00e7ede y\u00fcr\u00fct\u00fclen \u00e7al\u0131\u015fmalar hakk\u0131nda bilgi veren Kotan, yaz sezonuna haz\u0131rl\u0131k kapsam\u0131nda d\u00fczenlemeler yapt\u0131klar\u0131n\u0131 ve il\u00e7enin daha d\u00fczenli hale gelmesi i\u00e7in \u00e7al\u0131\u015ft\u0131klar\u0131n\u0131 ifade etti. Esnaf\u0131n kar\u015f\u0131la\u015ft\u0131\u011f\u0131 sorunlara h\u0131zl\u0131 \u00e7\u00f6z\u00fcm \u00fcretebilmek ad\u0131na kap\u0131lar\u0131n\u0131n her zaman a\u00e7\u0131k oldu\u011funu vurgulayan Kotan, &#8220;Sizlerle d\u00fczenli aral\u0131klarla bir araya gelmeyi s\u00fcrd\u00fcrelim. Biz yapt\u0131\u011f\u0131m\u0131z \u00e7al\u0131\u015fmalar\u0131 payla\u015f\u0131r\u0131z, sizler de talep ve \u00f6nerilerinizi do\u011frudan iletebilirsiniz&#8221; dedi. Denetimlerin halk sa\u011fl\u0131\u011f\u0131n\u0131 korumak amac\u0131yla yap\u0131ld\u0131\u011f\u0131n\u0131 belirten Ba\u015fkan Kotan, hijyen ve d\u00fczenin \u00f6nemine dikkat \u00e7ekti. Kotan, &#8220;Sizler bizim aynam\u0131zs\u0131n\u0131z. \u0130\u015fletmelerinizin temiz ve d\u00fczenli olmas\u0131 hem esnaf\u0131m\u0131za hem de il\u00e7emize de\u011fer katacakt\u0131r&#8221; ifadelerini kulland\u0131. Ayr\u0131ca, esnaf\u0131n da kent d\u00fczenine katk\u0131 sa\u011flamas\u0131 gerekti\u011fini ifade ederek, birlikte hareket edilmesi halinde Konyaalt\u0131&#8217;n\u0131n daha ya\u015fanabilir bir hale gelece\u011fini s\u00f6yledi. Kaynak: www.kanalv.com.tr Haber Sitesinden Al\u0131nm\u0131\u015ft\u0131r."}