{"version":"1.0","provider_name":"Av. Deniz Can K\u0131z\u0131l","provider_url":"https:\/\/denizcankizil.tr\/ru","author_name":"Av. Deniz Can K\u0131z\u0131l","author_url":"https:\/\/denizcankizil.tr\/ru\/author\/denizcankizil\/","title":"Baban\u0131n k\u0131z\u0131na vedas\u0131 y\u00fcrekleri burktu","type":"rich","width":600,"height":338,"html":"<blockquote class=\"wp-embedded-content\" data-secret=\"wilTZ9BSkY\"><a href=\"https:\/\/denizcankizil.tr\/ru\/haberler\/antalya\/babanin-kizina-vedasi-yurekleri-burktu\/\">Baban\u0131n k\u0131z\u0131na vedas\u0131 y\u00fcrekleri burktu<\/a><\/blockquote><iframe sandbox=\"allow-scripts\" security=\"restricted\" src=\"https:\/\/denizcankizil.tr\/ru\/haberler\/antalya\/babanin-kizina-vedasi-yurekleri-burktu\/embed\/#?secret=wilTZ9BSkY\" width=\"600\" height=\"338\" title=\"\u00abBaban\u0131n k\u0131z\u0131na vedas\u0131 y\u00fcrekleri burktu\u00bb &#8212; Av. Deniz Can K\u0131z\u0131l\" data-secret=\"wilTZ9BSkY\" frameborder=\"0\" marginwidth=\"0\" marginheight=\"0\" scrolling=\"no\" class=\"wp-embedded-content\"><\/iframe><script>\n\/*! This file is auto-generated *\/\n!function(d,l){\"use strict\";l.querySelector&&d.addEventListener&&\"undefined\"!=typeof URL&&(d.wp=d.wp||{},d.wp.receiveEmbedMessage||(d.wp.receiveEmbedMessage=function(e){var t=e.data;if((t||t.secret||t.message||t.value)&&!\/[^a-zA-Z0-9]\/.test(t.secret)){for(var s,r,n,a=l.querySelectorAll('iframe[data-secret=\"'+t.secret+'\"]'),o=l.querySelectorAll('blockquote[data-secret=\"'+t.secret+'\"]'),c=new RegExp(\"^https?:$\",\"i\"),i=0;i<o.length;i++)o[i].style.display=\"none\";for(i=0;i<a.length;i++)s=a[i],e.source===s.contentWindow&&(s.removeAttribute(\"style\"),\"height\"===t.message?(1e3<(r=parseInt(t.value,10))?r=1e3:~~r<200&&(r=200),s.height=r):\"link\"===t.message&&(r=new URL(s.getAttribute(\"src\")),n=new URL(t.value),c.test(n.protocol))&&n.host===r.host&&l.activeElement===s&&(d.top.location.href=t.value))}},d.addEventListener(\"message\",d.wp.receiveEmbedMessage,!1),l.addEventListener(\"DOMContentLoaded\",function(){for(var e,t,s=l.querySelectorAll(\"iframe.wp-embedded-content\"),r=0;r<s.length;r++)(t=(e=s[r]).getAttribute(\"data-secret\"))||(t=Math.random().toString(36).substring(2,12),e.src+=\"#?secret=\"+t,e.setAttribute(\"data-secret\",t)),e.contentWindow.postMessage({message:\"ready\",secret:t},\"*\")},!1)))}(window,document);\n\/\/# sourceURL=https:\/\/denizcankizil.tr\/wp-includes\/js\/wp-embed.min.js\n<\/script>","thumbnail_url":"http:\/\/denizcankizil.tr\/wp-content\/uploads\/2025\/03\/5660-01-IoTmkc.jpeg","thumbnail_width":1280,"thumbnail_height":720,"description":"Antalya&#8217;n\u0131n Muratpa\u015fa il\u00e7esi Meltem mahallesi Dumlup\u0131nar Bulvar\u0131&#8217;nda d\u00fcn ak\u015fam saat 22.30 s\u0131ralar\u0131nda meydana gelen trafik kazas\u0131nda, 22 ya\u015f\u0131ndaki Buse Ceren Karacao\u011flu hayat\u0131n\u0131 kaybetti. Ahmet C. C. idaresindeki \u00f6zel halk otob\u00fcs\u00fcn\u00fcn d\u00f6n\u00fc\u015f yapt\u0131\u011f\u0131 esnada, Ahmet \u00dc. y\u00f6netimindeki hafif ticari arac\u0131n s\u00fcr\u00fcc\u00fcs\u00fcn\u00fcn direksiyon hakimiyetini kaybetmesiyle kald\u0131r\u0131ma \u00e7arpt\u0131\u011f\u0131 bildirildi. Kazada ara\u00e7ta yolcu olarak bulunan Karacao\u011flu, \u00e7arpman\u0131n etkisiyle yola savrularak metrelerce s\u00fcr\u00fcklendi. Olay yerine gelen sa\u011fl\u0131k ekipleri, gen\u00e7 k\u0131z\u0131n hayat\u0131n\u0131 kaybetti\u011fini belirledi. Yaralanan hafif ticari arac\u0131n s\u00fcr\u00fcc\u00fcs\u00fc Ahmet \u00dc. ise hastanede tedavi alt\u0131na al\u0131nd\u0131. Gen\u00e7 k\u0131zdan geriye ise kald\u0131r\u0131ma ve yola sa\u00e7\u0131lm\u0131\u015f e\u015fyalar\u0131 kald\u0131. E\u015fyalar aras\u0131nda yer alan nazar boncuklu anahtarl\u0131k da y\u00fcrekleri burktu. Baba cenaze arac\u0131na yaslan\u0131p g\u00f6zya\u015f\u0131 d\u00f6kt\u00fc Cenaze, olay yeri incelemesinin ard\u0131ndan Antalya Adli T\u0131p Kurumu Morgu&#8217;na kald\u0131r\u0131ld\u0131. Sabah saatlerinde morga gelen baba Erol Karacao\u011flu, k\u0131z\u0131n\u0131n cenazesini almak i\u00e7in i\u015flemleri g\u00f6zya\u015flar\u0131yla tamamlad\u0131. K\u0131z\u0131n\u0131n tabutunun cenaze arac\u0131na konulmas\u0131n\u0131n ard\u0131ndan baba Karacao\u011flu, araca ba\u015f\u0131n\u0131 yaslayarak g\u00f6zya\u015flar\u0131na bo\u011fuldu. Buse Ceren Karacao\u011flu&#8217;nun cenazesi, Kepez il\u00e7esindeki Odaba\u015f\u0131 Mezarl\u0131\u011f\u0131&#8217;nda topra\u011fa verilecek. Kaynak: www.kanalv.com.tr Haber Sitesinden Al\u0131nm\u0131\u015ft\u0131r."}