{"version":"1.0","provider_name":"Av. Deniz Can K\u0131z\u0131l","provider_url":"https:\/\/denizcankizil.tr\/ru","author_name":"Av. Deniz Can K\u0131z\u0131l","author_url":"https:\/\/denizcankizil.tr\/ru\/author\/denizcankizil\/","title":"ATB May\u0131s Ay\u0131 Meclis Toplant\u0131s\u0131","type":"rich","width":600,"height":338,"html":"<blockquote class=\"wp-embedded-content\" data-secret=\"f75VETtBcV\"><a href=\"https:\/\/denizcankizil.tr\/ru\/haberler\/antalya\/atb-mayis-ayi-meclis-toplantisi\/\">ATB May\u0131s Ay\u0131 Meclis Toplant\u0131s\u0131<\/a><\/blockquote><iframe sandbox=\"allow-scripts\" security=\"restricted\" src=\"https:\/\/denizcankizil.tr\/ru\/haberler\/antalya\/atb-mayis-ayi-meclis-toplantisi\/embed\/#?secret=f75VETtBcV\" width=\"600\" height=\"338\" title=\"\u00abATB May\u0131s Ay\u0131 Meclis Toplant\u0131s\u0131\u00bb &#8212; Av. Deniz Can K\u0131z\u0131l\" data-secret=\"f75VETtBcV\" frameborder=\"0\" marginwidth=\"0\" marginheight=\"0\" scrolling=\"no\" class=\"wp-embedded-content\"><\/iframe><script>\n\/*! This file is auto-generated *\/\n!function(d,l){\"use strict\";l.querySelector&&d.addEventListener&&\"undefined\"!=typeof URL&&(d.wp=d.wp||{},d.wp.receiveEmbedMessage||(d.wp.receiveEmbedMessage=function(e){var t=e.data;if((t||t.secret||t.message||t.value)&&!\/[^a-zA-Z0-9]\/.test(t.secret)){for(var s,r,n,a=l.querySelectorAll('iframe[data-secret=\"'+t.secret+'\"]'),o=l.querySelectorAll('blockquote[data-secret=\"'+t.secret+'\"]'),c=new RegExp(\"^https?:$\",\"i\"),i=0;i<o.length;i++)o[i].style.display=\"none\";for(i=0;i<a.length;i++)s=a[i],e.source===s.contentWindow&&(s.removeAttribute(\"style\"),\"height\"===t.message?(1e3<(r=parseInt(t.value,10))?r=1e3:~~r<200&&(r=200),s.height=r):\"link\"===t.message&&(r=new URL(s.getAttribute(\"src\")),n=new URL(t.value),c.test(n.protocol))&&n.host===r.host&&l.activeElement===s&&(d.top.location.href=t.value))}},d.addEventListener(\"message\",d.wp.receiveEmbedMessage,!1),l.addEventListener(\"DOMContentLoaded\",function(){for(var e,t,s=l.querySelectorAll(\"iframe.wp-embedded-content\"),r=0;r<s.length;r++)(t=(e=s[r]).getAttribute(\"data-secret\"))||(t=Math.random().toString(36).substring(2,12),e.src+=\"#?secret=\"+t,e.setAttribute(\"data-secret\",t)),e.contentWindow.postMessage({message:\"ready\",secret:t},\"*\")},!1)))}(window,document);\n\/\/# sourceURL=https:\/\/denizcankizil.tr\/wp-includes\/js\/wp-embed.min.js\n<\/script>","thumbnail_url":"https:\/\/denizcankizil.tr\/wp-content\/uploads\/2025\/05\/6464-01-n0tyCL.jpg","thumbnail_width":1280,"thumbnail_height":720,"description":"Ba\u015fkan \u00c7and\u0131r konu\u015fmas\u0131na, 19 May\u0131s Atat\u00fcrk&#8217;\u00fc Anma, Gen\u00e7lik ve Spor Bayram\u0131&#8217;n\u0131 kutlayarak ba\u015flad\u0131. \u00c7and\u0131r, &#8220;19 May\u0131s&#8217;\u0131, 106. y\u0131l d\u00f6n\u00fcm\u00fcnde bir kez daha co\u015fkuyla kutluyoruz. Ulu \u00f6nderimiz Gazi Mustafa Kemal Atat\u00fcrk&#8217;\u00fc, milli m\u00fccadele kahramanlar\u0131m\u0131z\u0131 ve \u015fehitlerimizi minnetle an\u0131yoruz&#8221; dedi. Son d\u00f6nemde \u00fclke g\u00fcndeminin ba\u015f d\u00f6nd\u00fcr\u00fcc\u00fc \u015fekilde de\u011fi\u015fti\u011fini, b\u00f6lgede ve d\u00fcnyada ya\u015fanan ekonomik de\u011fi\u015fimlere yeterince duyarl\u0131 olamad\u0131klar\u0131n\u0131 s\u00f6yleyen \u00c7and\u0131r, &#8220;Oysaki y\u0131l\u0131n ba\u015f\u0131ndan bu yana d\u00fcnya ekonomisi, beklenmedik sert dalgalanmalar ya\u015f\u0131yor. Bu durumun \u00fclke ekonomimize ve \u00e7e\u015fitli sekt\u00f6rlerimize ciddi etkileri olacakt\u0131r. Baz\u0131 yorumlar, bu etkilerin f\u0131rsatlar sunaca\u011f\u0131na i\u015faret etse de ger\u00e7ek \u015fu ki kar\u015f\u0131m\u0131zda b\u00fcy\u00fck tehditler ve zorluklar bulunuyor&#8221; dedi. \u00c7in uyar\u0131s\u0131 \u00c7in&#8217;in en az 600 milyar dolarl\u0131k ihracat i\u00e7in agresif bir \u015fekilde yeni pazarlar aray\u0131\u015f\u0131na girdi\u011fini belirten \u00c7and\u0131r, &#8220;Sadece bu yeni durum bile k\u00fcresel ticarette ciddi dalgalanmalar\u0131 tetikleyecek ve bize de olumsuz yans\u0131yacakt\u0131r. \u00c7\u00fcnk\u00fc \u00c7in genellikle ABD y\u00f6netiminin kararlar\u0131ndan olumsuz etkilenen \u00fclkelere daha fazla yo\u011funla\u015fmaktad\u0131r. Bizler bir taraftan d\u00f6viz ve maliyet bask\u0131s\u0131yla ihracat zorluklar\u0131 ya\u015farken \u00c7in&#8217;in b\u00fcy\u00fck avantajlarla giri\u015fti\u011fi bu yeni rekabet, pazarlar\u0131m\u0131z\u0131 olumsuz etkileyecektir. Di\u011fer taraftan ithalat avantajlar\u0131 da \u00fcretim kabiliyetimizi ve kapasitemizi zorlayacakt\u0131r&#8221; de\u011ferlendirmesinde bulundu. Beklenti ve tahminler de\u011fi\u015fti 2025 y\u0131l\u0131 sonu i\u00e7in yap\u0131lan k\u00fcresel tahminlerin h\u0131zla bozuldu\u011funu, enflasyon beklentilerinin y\u00fckseldi\u011fini, b\u00fcy\u00fcme tahminlerinin d\u00fc\u015ft\u00fc\u011f\u00fcne dikkat \u00e7eken Ali \u00c7and\u0131r, &#8220;2024 y\u0131l\u0131na &hellip;"}