{"version":"1.0","provider_name":"Av. Deniz Can K\u0131z\u0131l","provider_url":"https:\/\/denizcankizil.tr\/ru","author_name":"Av. Deniz Can K\u0131z\u0131l","author_url":"https:\/\/denizcankizil.tr\/ru\/author\/denizcankizil\/","title":"Ar\u0131zal\u0131 sinyalizasyon kazalara neden oldu","type":"rich","width":600,"height":338,"html":"<blockquote class=\"wp-embedded-content\" data-secret=\"PfcCHUrzrP\"><a href=\"https:\/\/denizcankizil.tr\/ru\/haberler\/antalya\/arizali-sinyalizasyon-kazalara-neden-oldu\/\">Ar\u0131zal\u0131 sinyalizasyon kazalara neden oldu<\/a><\/blockquote><iframe sandbox=\"allow-scripts\" security=\"restricted\" src=\"https:\/\/denizcankizil.tr\/ru\/haberler\/antalya\/arizali-sinyalizasyon-kazalara-neden-oldu\/embed\/#?secret=PfcCHUrzrP\" width=\"600\" height=\"338\" title=\"\u00abAr\u0131zal\u0131 sinyalizasyon kazalara neden oldu\u00bb &#8212; Av. Deniz Can K\u0131z\u0131l\" data-secret=\"PfcCHUrzrP\" frameborder=\"0\" marginwidth=\"0\" marginheight=\"0\" scrolling=\"no\" class=\"wp-embedded-content\"><\/iframe><script>\n\/*! This file is auto-generated *\/\n!function(d,l){\"use strict\";l.querySelector&&d.addEventListener&&\"undefined\"!=typeof URL&&(d.wp=d.wp||{},d.wp.receiveEmbedMessage||(d.wp.receiveEmbedMessage=function(e){var t=e.data;if((t||t.secret||t.message||t.value)&&!\/[^a-zA-Z0-9]\/.test(t.secret)){for(var s,r,n,a=l.querySelectorAll('iframe[data-secret=\"'+t.secret+'\"]'),o=l.querySelectorAll('blockquote[data-secret=\"'+t.secret+'\"]'),c=new RegExp(\"^https?:$\",\"i\"),i=0;i<o.length;i++)o[i].style.display=\"none\";for(i=0;i<a.length;i++)s=a[i],e.source===s.contentWindow&&(s.removeAttribute(\"style\"),\"height\"===t.message?(1e3<(r=parseInt(t.value,10))?r=1e3:~~r<200&&(r=200),s.height=r):\"link\"===t.message&&(r=new URL(s.getAttribute(\"src\")),n=new URL(t.value),c.test(n.protocol))&&n.host===r.host&&l.activeElement===s&&(d.top.location.href=t.value))}},d.addEventListener(\"message\",d.wp.receiveEmbedMessage,!1),l.addEventListener(\"DOMContentLoaded\",function(){for(var e,t,s=l.querySelectorAll(\"iframe.wp-embedded-content\"),r=0;r<s.length;r++)(t=(e=s[r]).getAttribute(\"data-secret\"))||(t=Math.random().toString(36).substring(2,12),e.src+=\"#?secret=\"+t,e.setAttribute(\"data-secret\",t)),e.contentWindow.postMessage({message:\"ready\",secret:t},\"*\")},!1)))}(window,document);\n\/\/# sourceURL=https:\/\/denizcankizil.tr\/wp-includes\/js\/wp-embed.min.js\n<\/script>","thumbnail_url":"https:\/\/denizcankizil.tr\/wp-content\/uploads\/2025\/02\/4483-01-pRr33O.jpeg","thumbnail_width":1280,"thumbnail_height":720,"description":"Sorgun-Otogar Kav\u015fa\u011f\u0131&#8217;nda sinyalizasyon sisteminde ya\u015fanan ar\u0131za kazalara neden oldu. 5 dakika ara ile meydana gelen 3 ara\u00e7l\u0131 zincirleme kazada yaralanan olmazken, ikinci kazada ise 1 ki\u015fi yaraland\u0131. Kav\u015fakta \u00e7evreyolu k\u00f6pr\u00fcs\u00fc y\u00f6n\u00fcne d\u00f6nmekte olan Sezer Y.&#8217;nin kulland\u0131\u011f\u0131 07 S 4649 plakal\u0131 Tofa\u015f marka otomobil ile Alanya y\u00f6n\u00fcnden gelen G\u00fcls\u00fcm D.&#8217;nin kulland\u0131\u011f\u0131 07 BTT 730 plakal\u0131 Fiat marka otomobil \u00e7arp\u0131\u015ft\u0131. Kazada yaralanan s\u00fcr\u00fcc\u00fc G\u00fcls\u00fcm D., sa\u011fl\u0131k ekibinin olay yerindeki m\u00fcdahalesinin ard\u0131ndan ambulansla hastaneye kald\u0131r\u0131ld\u0131. Sorunu trafik polisi \u00e7\u00f6zd\u00fc Kaza yerinde bulunan Manavgat Emniyet M\u00fcd\u00fcrl\u00fc\u011f\u00fc Trafik Denetleme B\u00fcro Amirli\u011finde g\u00f6revli polis memuru, sinyalizasyon kontrol panosunu a\u00e7t\u0131. Polisin sinyalizasyon \u015falterlerini kapat\u0131p a\u00e7mas\u0131n\u0131n ard\u0131ndan kav\u015fak sistemindeki sinyalizasyon \u00e7al\u0131\u015fmaya ba\u015flad\u0131. D\u00fcn \u00f6\u011flede saatlerinden bu yana kav\u015faktaki sinyalizasyonlar\u0131n \u00e7al\u0131\u015fmad\u0131\u011f\u0131, yetkililere bilgi verilmesine ra\u011fmen ekip olmad\u0131\u011f\u0131 gerek\u00e7esiyle ar\u0131zan\u0131n giderilmedi\u011fi ve kaza s\u0131ras\u0131nda da sinyalizasyonun aktif olmad\u0131\u011f\u0131 \u00f6\u011frenildi. Kaynak: www.kanalv.com.tr Haber Sitesinden Al\u0131nm\u0131\u015ft\u0131r."}