{"version":"1.0","provider_name":"Av. Deniz Can K\u0131z\u0131l","provider_url":"https:\/\/denizcankizil.tr\/ru","author_name":"Av. Deniz Can K\u0131z\u0131l","author_url":"https:\/\/denizcankizil.tr\/ru\/author\/denizcankizil\/","title":"Antalyaspor'da R\u0131za Per\u00e7in D\u00f6nemi","type":"rich","width":600,"height":338,"html":"<blockquote class=\"wp-embedded-content\" data-secret=\"Kxm6buQdLo\"><a href=\"https:\/\/denizcankizil.tr\/ru\/haberler\/antalya\/antalyasporda-riza-percin-donemi\/\">Antalyaspor&#8217;da R\u0131za Per\u00e7in D\u00f6nemi<\/a><\/blockquote><iframe sandbox=\"allow-scripts\" security=\"restricted\" src=\"https:\/\/denizcankizil.tr\/ru\/haberler\/antalya\/antalyasporda-riza-percin-donemi\/embed\/#?secret=Kxm6buQdLo\" width=\"600\" height=\"338\" title=\"\u00abAntalyaspor&#8217;da R\u0131za Per\u00e7in D\u00f6nemi\u00bb &#8212; Av. Deniz Can K\u0131z\u0131l\" data-secret=\"Kxm6buQdLo\" frameborder=\"0\" marginwidth=\"0\" marginheight=\"0\" scrolling=\"no\" class=\"wp-embedded-content\"><\/iframe><script>\n\/*! This file is auto-generated *\/\n!function(d,l){\"use strict\";l.querySelector&&d.addEventListener&&\"undefined\"!=typeof URL&&(d.wp=d.wp||{},d.wp.receiveEmbedMessage||(d.wp.receiveEmbedMessage=function(e){var t=e.data;if((t||t.secret||t.message||t.value)&&!\/[^a-zA-Z0-9]\/.test(t.secret)){for(var s,r,n,a=l.querySelectorAll('iframe[data-secret=\"'+t.secret+'\"]'),o=l.querySelectorAll('blockquote[data-secret=\"'+t.secret+'\"]'),c=new RegExp(\"^https?:$\",\"i\"),i=0;i<o.length;i++)o[i].style.display=\"none\";for(i=0;i<a.length;i++)s=a[i],e.source===s.contentWindow&&(s.removeAttribute(\"style\"),\"height\"===t.message?(1e3<(r=parseInt(t.value,10))?r=1e3:~~r<200&&(r=200),s.height=r):\"link\"===t.message&&(r=new URL(s.getAttribute(\"src\")),n=new URL(t.value),c.test(n.protocol))&&n.host===r.host&&l.activeElement===s&&(d.top.location.href=t.value))}},d.addEventListener(\"message\",d.wp.receiveEmbedMessage,!1),l.addEventListener(\"DOMContentLoaded\",function(){for(var e,t,s=l.querySelectorAll(\"iframe.wp-embedded-content\"),r=0;r<s.length;r++)(t=(e=s[r]).getAttribute(\"data-secret\"))||(t=Math.random().toString(36).substring(2,12),e.src+=\"#?secret=\"+t,e.setAttribute(\"data-secret\",t)),e.contentWindow.postMessage({message:\"ready\",secret:t},\"*\")},!1)))}(window,document);\n\/\/# sourceURL=https:\/\/denizcankizil.tr\/wp-includes\/js\/wp-embed.min.js\n<\/script>","thumbnail_url":"https:\/\/denizcankizil.tr\/wp-content\/uploads\/2025\/07\/web-gorsel-boyut-26-1-bupGh5.png","thumbnail_width":1280,"thumbnail_height":720,"description":"Antalyaspor&#8217;un Ola\u011fan\u00fcst\u00fc Genel Kurulu&#8217;nda, ba\u015fkanl\u0131\u011fa R\u0131za Per\u00e7in getirildi. Antalyaspor&#8217;da Ola\u011fan\u00fcst\u00fc Genel Kurul ger\u00e7ekle\u015ftirildi. Atilla Vehbi Konuk Tesisleri&#8217;nde bulunan Suphi T\u00fcrel Kongre Merkezi&#8217;nde ger\u00e7ekle\u015ftirilen genel kurul, divan heyetinin olu\u015fturulmas\u0131 ile ba\u015flad\u0131. Divan Kurulu Kamile Y\u0131ld\u0131r\u0131m G\u00fclg\u00fcn ba\u015fkanl\u0131\u011f\u0131nda, Ali Topuz, Alper K\u00f6leo\u011flu, Da\u011flar Ek\u015fi ve Harun T\u00fcmer&#8217;den olu\u015ftu. Genel Kurul, y\u00f6netim kurulu se\u00e7imi ile devam etti. R\u0131za Per\u00e7in ba\u015fkanl\u0131\u011f\u0131nda divan heyetine sunulan y\u00f6netim kurulu oybirli\u011fi ile kabul edildi. Se\u00e7imin ard\u0131ndan Antalyaspor Kul\u00fcb\u00fc Ba\u015fkan\u0131 Mustafa Erg\u00fcn bir konu\u015fma yapt\u0131. Yeni y\u00f6netim kurulunun zor bir g\u00f6reve talip oldu\u011funu belirten Erg\u00fcn, &#8220;Bug\u00fcne kadar oldu\u011fu gibi bundan sonra da t\u00fcm g\u00fcc\u00fcm\u00fcz\u00fc ve eme\u011fimizi Antalyaspor i\u00e7in harcamaya devam edece\u011fiz. Antalyaspor A\u015e&#8217;nin i\u00e7inde bulundu\u011fu durumun tespiti ve bu duruma nas\u0131l gelindi\u011finin de\u011ferlendirilmesinin yap\u0131lmas\u0131 son derece \u00f6nemli. Ne yaz\u0131k ki bir \u00f6nceki y\u00f6netim Antalyaspor&#8217;un bor\u00e7 y\u00fck\u00fcn\u00fc teslim ald\u0131\u011f\u0131 noktan\u0131n iki kat\u0131na \u00e7\u0131kararak b\u0131rakm\u0131\u015ft\u0131r. \u00d6nceki y\u00f6netim bug\u00fcn yapt\u0131\u011f\u0131m\u0131z genel kurul karar\u0131n\u0131 al\u0131rken dahi mali tablolar, bilan\u00e7olar ve hesaplar konusunda Antalyaspor A\u015e Genel Kurulu&#8217;nu bilgilendirme ihtiyac\u0131 bile hissetmemi\u015ftir. Gerek faaliyet raporu ve hesaplar konusu ile ilgili ibra maddeleri eklenmemi\u015ftir. Genel Kurul g\u00fcndemini bu \u015fekilde haz\u0131rlayan\u0131n eski y\u00f6netim oldu\u011funu belirtmek isterim. Anonim \u015eirketin \u00f6n\u00fcm\u00fczdeki g\u00fcnlerde yap\u0131lacak olan mali genel kurulunda ibra edilip edilmeyece\u011fi hususu ayr\u0131ca de\u011ferlendirilecektir&#8221; dedi. &#8220;Kul\u00fcb\u00fcm\u00fcze zarar verenleri uyar\u0131yorum&#8221; Zorlu &hellip;"}