{"version":"1.0","provider_name":"Av. Deniz Can K\u0131z\u0131l","provider_url":"https:\/\/denizcankizil.tr\/ru","author_name":"Av. Deniz Can K\u0131z\u0131l","author_url":"https:\/\/denizcankizil.tr\/ru\/author\/denizcankizil\/","title":"Antalyaspor'da ayr\u0131l\u0131k","type":"rich","width":600,"height":338,"html":"<blockquote class=\"wp-embedded-content\" data-secret=\"QstMVw5sn2\"><a href=\"https:\/\/denizcankizil.tr\/ru\/haberler\/antalya\/antalyasporda-ayrilik\/\">Antalyaspor&#8217;da ayr\u0131l\u0131k<\/a><\/blockquote><iframe sandbox=\"allow-scripts\" security=\"restricted\" src=\"https:\/\/denizcankizil.tr\/ru\/haberler\/antalya\/antalyasporda-ayrilik\/embed\/#?secret=QstMVw5sn2\" width=\"600\" height=\"338\" title=\"\u00abAntalyaspor&#8217;da ayr\u0131l\u0131k\u00bb &#8212; Av. Deniz Can K\u0131z\u0131l\" data-secret=\"QstMVw5sn2\" frameborder=\"0\" marginwidth=\"0\" marginheight=\"0\" scrolling=\"no\" class=\"wp-embedded-content\"><\/iframe><script>\n\/*! This file is auto-generated *\/\n!function(d,l){\"use strict\";l.querySelector&&d.addEventListener&&\"undefined\"!=typeof URL&&(d.wp=d.wp||{},d.wp.receiveEmbedMessage||(d.wp.receiveEmbedMessage=function(e){var t=e.data;if((t||t.secret||t.message||t.value)&&!\/[^a-zA-Z0-9]\/.test(t.secret)){for(var s,r,n,a=l.querySelectorAll('iframe[data-secret=\"'+t.secret+'\"]'),o=l.querySelectorAll('blockquote[data-secret=\"'+t.secret+'\"]'),c=new RegExp(\"^https?:$\",\"i\"),i=0;i<o.length;i++)o[i].style.display=\"none\";for(i=0;i<a.length;i++)s=a[i],e.source===s.contentWindow&&(s.removeAttribute(\"style\"),\"height\"===t.message?(1e3<(r=parseInt(t.value,10))?r=1e3:~~r<200&&(r=200),s.height=r):\"link\"===t.message&&(r=new URL(s.getAttribute(\"src\")),n=new URL(t.value),c.test(n.protocol))&&n.host===r.host&&l.activeElement===s&&(d.top.location.href=t.value))}},d.addEventListener(\"message\",d.wp.receiveEmbedMessage,!1),l.addEventListener(\"DOMContentLoaded\",function(){for(var e,t,s=l.querySelectorAll(\"iframe.wp-embedded-content\"),r=0;r<s.length;r++)(t=(e=s[r]).getAttribute(\"data-secret\"))||(t=Math.random().toString(36).substring(2,12),e.src+=\"#?secret=\"+t,e.setAttribute(\"data-secret\",t)),e.contentWindow.postMessage({message:\"ready\",secret:t},\"*\")},!1)))}(window,document);\n\/\/# sourceURL=https:\/\/denizcankizil.tr\/wp-includes\/js\/wp-embed.min.js\n<\/script>","description":"Antalyaspor&#8217;da Emre Bel\u00f6zo\u011flu d\u00f6nemi sona erdi. Sosyal medya hesab\u0131ndan yapt\u0131\u011f\u0131 a\u00e7\u0131klamayla g\u00f6revinden ayr\u0131ld\u0131\u011f\u0131n\u0131 duyuran Teknik Direkt\u00f6r Bel\u00f6zo\u011flu, g\u00f6rev s\u00fcresi boyunca kendisine g\u00f6sterilen ilgi ve sevgiye te\u015fekk\u00fcr ederek, ayr\u0131l\u0131k karar\u0131n\u0131 \u00fcz\u00fclerek ald\u0131\u011f\u0131n\u0131 ifade etti. Emre Bel\u00f6zo\u011flu, mesaj\u0131nda, &#8220;Sevgili Antalya \u015fehri ve k\u0131ymetli Antalyaspor taraftar\u0131 geldi\u011fim g\u00fcnden itibaren bize g\u00f6sterilen sevginin, ilgi alakan\u0131n benim i\u00e7in \u00e7ok \u00f6zel bir yeri olacak. \u015eairin, &#8216;E\u011fer zafer ve felaket ile kar\u015f\u0131la\u015fabilir ve bu iki sahtekara ayn\u0131 \u015fekilde davranabilirseniz\u2026&#8217; m\u0131sralar\u0131 bana hep ilham oldu. Sporculuk ve teknik adaml\u0131k d\u00f6nemlerimde hep bakmam gereken yerin buras\u0131 oldu\u011funu g\u00f6rd\u00fcm. Spek\u00fclasyonlar, olmayan ger\u00e7eklerin var gibi konu\u015fulmas\u0131 ge\u00e7mi\u015ften bug\u00fcne hayat\u0131m\u0131z\u0131n do\u011fal bir par\u00e7as\u0131 haline geldi ne yaz\u0131k ki. G\u00f6rev s\u00fcrem boyunca imkanlar\u0131m\u0131z\u0131 sonuna kadar zorlayarak elimizden gelenin en iyisini yapmaya \u00e7al\u0131\u015ft\u0131k. \u0130mkanlar\u0131m\u0131z \u00e7er\u00e7evesinde tak\u0131m olarak en iyi m\u00fccadeleyle kar\u015f\u0131l\u0131\u011f\u0131n\u0131 ald\u0131\u011f\u0131m\u0131z bir sezonu tamamlad\u0131k ve hemen yeni sezon planlamas\u0131na ba\u015flad\u0131k. Ancak, gelinen noktada gelecek sezon i\u00e7in g\u00f6r\u00fcnen ve ger\u00e7ek olan durumlar\u0131n g\u00f6revime devam edemeyecek hale gelmesi sebebiyle ayr\u0131lma karar\u0131 ald\u0131\u011f\u0131m\u0131 \u00fcz\u00fclerek payla\u015fmak istiyorum. Ayr\u0131lma karar\u0131mla ilgili daha fazla detay payla\u015fmay\u0131, kul\u00fcb\u00fcn i\u00e7 i\u015fleyi\u015fine, mahremiyetine ve mesle\u011fime duydu\u011fum sayg\u0131 gere\u011fi uygun bulmuyorum. Her t\u00fcrl\u00fc zorlu\u011fa ra\u011fmen bize destek olan fedakarca \u00e7al\u0131\u015fan tesis personelimize, t\u00fcm teknik ekibime, kaptan\u0131m\u0131z Veysel ba\u015fta olmak \u00fczere t\u00fcm oyuncu karde\u015flerime, &hellip;"}