{"version":"1.0","provider_name":"Av. Deniz Can K\u0131z\u0131l","provider_url":"https:\/\/denizcankizil.tr\/ru","author_name":"Av. Deniz Can K\u0131z\u0131l","author_url":"https:\/\/denizcankizil.tr\/ru\/author\/denizcankizil\/","title":"Antalya\u2019da servis minib\u00fcs\u00fc devrildi","type":"rich","width":600,"height":338,"html":"<blockquote class=\"wp-embedded-content\" data-secret=\"X97PCV6GyQ\"><a href=\"https:\/\/denizcankizil.tr\/ru\/haberler\/antalya\/antalyada-servis-minibusu-devrildi\/\">Antalya\u2019da servis minib\u00fcs\u00fc devrildi<\/a><\/blockquote><iframe sandbox=\"allow-scripts\" security=\"restricted\" src=\"https:\/\/denizcankizil.tr\/ru\/haberler\/antalya\/antalyada-servis-minibusu-devrildi\/embed\/#?secret=X97PCV6GyQ\" width=\"600\" height=\"338\" title=\"\u00abAntalya\u2019da servis minib\u00fcs\u00fc devrildi\u00bb &#8212; Av. Deniz Can K\u0131z\u0131l\" data-secret=\"X97PCV6GyQ\" frameborder=\"0\" marginwidth=\"0\" marginheight=\"0\" scrolling=\"no\" class=\"wp-embedded-content\"><\/iframe><script>\n\/*! This file is auto-generated *\/\n!function(d,l){\"use strict\";l.querySelector&&d.addEventListener&&\"undefined\"!=typeof URL&&(d.wp=d.wp||{},d.wp.receiveEmbedMessage||(d.wp.receiveEmbedMessage=function(e){var t=e.data;if((t||t.secret||t.message||t.value)&&!\/[^a-zA-Z0-9]\/.test(t.secret)){for(var s,r,n,a=l.querySelectorAll('iframe[data-secret=\"'+t.secret+'\"]'),o=l.querySelectorAll('blockquote[data-secret=\"'+t.secret+'\"]'),c=new RegExp(\"^https?:$\",\"i\"),i=0;i<o.length;i++)o[i].style.display=\"none\";for(i=0;i<a.length;i++)s=a[i],e.source===s.contentWindow&&(s.removeAttribute(\"style\"),\"height\"===t.message?(1e3<(r=parseInt(t.value,10))?r=1e3:~~r<200&&(r=200),s.height=r):\"link\"===t.message&&(r=new URL(s.getAttribute(\"src\")),n=new URL(t.value),c.test(n.protocol))&&n.host===r.host&&l.activeElement===s&&(d.top.location.href=t.value))}},d.addEventListener(\"message\",d.wp.receiveEmbedMessage,!1),l.addEventListener(\"DOMContentLoaded\",function(){for(var e,t,s=l.querySelectorAll(\"iframe.wp-embedded-content\"),r=0;r<s.length;r++)(t=(e=s[r]).getAttribute(\"data-secret\"))||(t=Math.random().toString(36).substring(2,12),e.src+=\"#?secret=\"+t,e.setAttribute(\"data-secret\",t)),e.contentWindow.postMessage({message:\"ready\",secret:t},\"*\")},!1)))}(window,document);\n\/\/# sourceURL=https:\/\/denizcankizil.tr\/wp-includes\/js\/wp-embed.min.js\n<\/script>","thumbnail_url":"https:\/\/denizcankizil.tr\/wp-content\/uploads\/2025\/05\/6152-01-i3CHo5.jpg","thumbnail_width":1280,"thumbnail_height":720,"description":"Kaza, saat 09.30 s\u0131ralar\u0131nda Kepez il\u00e7esi Emek Mahallesi Gazi Bulvar\u0131 \u00fczerinde meydana geldi. Edinilen bilgiye g\u00f6re, Havaliman\u0131\u2019ndan \u015fehir merkezi istikametine seyir halindeki G\u00f6khan A.\u2019n\u0131n kulland\u0131\u011f\u0131 07 C 2460 plakal\u0131 servis minib\u00fcs\u00fc s\u00fcr\u00fcc\u00fcs\u00fcn\u00fcn direksiyon hakimiyetini kaybetmesi sonucu \u00f6nce yol kenar\u0131ndaki ref\u00fcje, ard\u0131ndan da palmiyelere \u00e7arparak devrildi. Kazay\u0131 g\u00f6ren di\u011fer s\u00fcr\u00fcc\u00fclerin 112 Acil \u00c7a\u011fr\u0131 Merkezi\u2019ne ihbar\u0131 ile olay yerine itfaiye ve sa\u011fl\u0131k ekipleri sevk edildi. S\u0131k\u0131\u015fan s\u00fcr\u00fcc\u00fcy\u00fc ekipler \u00e7\u0131kard\u0131 Kaza nedeniyle yolda trafik kontroll\u00fc olarak sa\u011flan\u0131rken uzun ara\u00e7 kuyruklar\u0131 olu\u015ftu. Kaza s\u0131ras\u0131nda servis arac\u0131nda kimsenin bulunmamas\u0131 ya\u015fanabilecek bir facian\u0131n \u00f6n\u00fcne ge\u00e7ti. K\u0131sa s\u00fcrede kazan\u0131n meydana geldi\u011fi noktaya gelen ekipler ara\u00e7 i\u00e7erisinde yaral\u0131 halde bulunan s\u00fcr\u00fcc\u00fcy\u00fc \u00e7\u0131karmak i\u00e7in harekete ge\u00e7ti. G\u00f6khan A.\u2019ya s\u0131k\u0131\u015ft\u0131\u011f\u0131 yerde sa\u011fl\u0131k ekipleri taraf\u0131ndan ilk m\u00fcdahalesinin yap\u0131ld\u0131, ard\u0131ndan ekipler taraf\u0131ndan \u00e7\u0131kart\u0131larak ambulansla hastaneye kald\u0131r\u0131ld\u0131. Kaynak: www.kanalv.com.tr Haber Sitesinden Al\u0131nm\u0131\u015ft\u0131r."}