{"version":"1.0","provider_name":"Av. Deniz Can K\u0131z\u0131l","provider_url":"https:\/\/denizcankizil.tr\/ru","author_name":"Av. Deniz Can K\u0131z\u0131l","author_url":"https:\/\/denizcankizil.tr\/ru\/author\/denizcankizil\/","title":"Antalya Fashion Week kap\u0131lar\u0131n\u0131 a\u00e7t\u0131","type":"rich","width":600,"height":338,"html":"<blockquote class=\"wp-embedded-content\" data-secret=\"mOQdLbqTeS\"><a href=\"https:\/\/denizcankizil.tr\/ru\/haberler\/antalya\/antalya-fashion-week-kapilarini-acti\/\">Antalya Fashion Week kap\u0131lar\u0131n\u0131 a\u00e7t\u0131<\/a><\/blockquote><iframe sandbox=\"allow-scripts\" security=\"restricted\" src=\"https:\/\/denizcankizil.tr\/ru\/haberler\/antalya\/antalya-fashion-week-kapilarini-acti\/embed\/#?secret=mOQdLbqTeS\" width=\"600\" height=\"338\" title=\"\u00abAntalya Fashion Week kap\u0131lar\u0131n\u0131 a\u00e7t\u0131\u00bb &#8212; Av. Deniz Can K\u0131z\u0131l\" data-secret=\"mOQdLbqTeS\" frameborder=\"0\" marginwidth=\"0\" marginheight=\"0\" scrolling=\"no\" class=\"wp-embedded-content\"><\/iframe><script>\n\/*! This file is auto-generated *\/\n!function(d,l){\"use strict\";l.querySelector&&d.addEventListener&&\"undefined\"!=typeof URL&&(d.wp=d.wp||{},d.wp.receiveEmbedMessage||(d.wp.receiveEmbedMessage=function(e){var t=e.data;if((t||t.secret||t.message||t.value)&&!\/[^a-zA-Z0-9]\/.test(t.secret)){for(var s,r,n,a=l.querySelectorAll('iframe[data-secret=\"'+t.secret+'\"]'),o=l.querySelectorAll('blockquote[data-secret=\"'+t.secret+'\"]'),c=new RegExp(\"^https?:$\",\"i\"),i=0;i<o.length;i++)o[i].style.display=\"none\";for(i=0;i<a.length;i++)s=a[i],e.source===s.contentWindow&&(s.removeAttribute(\"style\"),\"height\"===t.message?(1e3<(r=parseInt(t.value,10))?r=1e3:~~r<200&&(r=200),s.height=r):\"link\"===t.message&&(r=new URL(s.getAttribute(\"src\")),n=new URL(t.value),c.test(n.protocol))&&n.host===r.host&&l.activeElement===s&&(d.top.location.href=t.value))}},d.addEventListener(\"message\",d.wp.receiveEmbedMessage,!1),l.addEventListener(\"DOMContentLoaded\",function(){for(var e,t,s=l.querySelectorAll(\"iframe.wp-embedded-content\"),r=0;r<s.length;r++)(t=(e=s[r]).getAttribute(\"data-secret\"))||(t=Math.random().toString(36).substring(2,12),e.src+=\"#?secret=\"+t,e.setAttribute(\"data-secret\",t)),e.contentWindow.postMessage({message:\"ready\",secret:t},\"*\")},!1)))}(window,document);\n\/\/# sourceURL=https:\/\/denizcankizil.tr\/wp-includes\/js\/wp-embed.min.js\n<\/script>","thumbnail_url":"https:\/\/denizcankizil.tr\/wp-content\/uploads\/2025\/05\/6580-01-SmeQHR.jpg","thumbnail_width":1280,"thumbnail_height":720,"description":"Antalya Fashion Week, Konyaalt\u0131&#8217;ndaki 5 y\u0131ld\u0131zl\u0131 bir otelde d\u00fcn gece ger\u00e7ekle\u015ftirilen \u00c7i\u011fdem Ak\u0131n defilesiyle ba\u015flad\u0131. Moda sekt\u00f6r\u00fcne uzun y\u0131llar emek veren ve pek \u00e7ok ba\u015far\u0131ya imza atan \u00c7i\u011fdem Ak\u0131n, \u2018Nemesis\u2019 koleksiyonu ile adaletin zarif ama g\u00fc\u00e7l\u00fc y\u00fcz\u00fcn\u00fc moda sahnesine ta\u015f\u0131d\u0131. Yurt d\u0131\u015f\u0131ndan gelen onlarca moda profesyonelinin de izledi\u011fi defilede \u00c7i\u011fdem Ak\u0131n\u2019\u0131n tasar\u0131mlar\u0131 be\u011feni kazand\u0131. Defilenin finalinde konuklar\u0131n\u0131 selamlayan Ak\u0131n, b\u00fcy\u00fck alk\u0131\u015f ald\u0131. &#8216;PARAD\u0130SE&#8217; KOLEKS\u0130YONU Arso Group resmi sponsorlu\u011funda d\u00fczenlenen moda haftas\u0131n\u0131n ilk g\u00fcn\u00fc Rusya\u2019dan gelen Kristina Kibovskaya\u2019n\u0131n defilesiyle devam etti. Ekibi ve mankenleriyle birlikte 120 ki\u015filik bir grupla Antalya\u2019ya gelen Kibovskaya\u2019n\u0131n &#8216;Paradise&#8217; koleksiyonu konuklar\u0131 b\u00fcy\u00fcledi. \u00dc\u00e7\u00fcnc\u00fc kez AFW podyumunda yer alan Kibovskaya defilesinde Rusya\u2019dan gelen yeti\u015fkin ve \u00e7ocuklardan olu\u015fan 40 manken podyumda y\u00fcr\u00fcd\u00fc. Rusya\u2019n\u0131n The Voice yar\u0131\u015fmac\u0131s\u0131 \u015fark\u0131c\u0131 Anna Sklyar da defile s\u0131ras\u0131nda m\u00fczik ziyafeti sundu. DER\u0130 TUTKUSU PODYUMDA Emy Organizasyon taraf\u0131ndan ger\u00e7ekle\u015ftirilen ve birbirinden renkli etkinliklerin ger\u00e7ekle\u015ftirilece\u011fi moda haftas\u0131n\u0131n ilk g\u00fcn\u00fc, Murat Aytulum defilesiyle tamamland\u0131. Deri kullan\u0131m\u0131na olan tutkusu ve detaylara verdi\u011fi \u00f6zenle tan\u0131nan Aytulum\u2019un ilkbahar yaz 2025 koleksiyonu &#8216;Moon Light&#8217;, siyah beyaz renk kullan\u0131m\u0131 ve y\u00fcksek terzi i\u015f\u00e7ili\u011fiyle dikkati \u00e7ekti. CUMARTES\u0130 SONA ERECEK 31 May\u0131s g\u00fcn\u00fc Kalei\u00e7i\u2019nde yer alan tarihi Hadrian Kap\u0131s\u0131\u2019nda Tuba Ergin defilesiyle sona erecek olan Antalya Fashion Week\u2019i yakla\u015f\u0131k 5 bin ki\u015finin takip etmesi bekleniyor. &hellip;"}