{"version":"1.0","provider_name":"Av. Deniz Can K\u0131z\u0131l","provider_url":"https:\/\/denizcankizil.tr\/ru","author_name":"Av. Deniz Can K\u0131z\u0131l","author_url":"https:\/\/denizcankizil.tr\/ru","title":"Anne ve 2 \u00e7ocu\u011fu canlar\u0131n\u0131 zor kurtard\u0131","type":"rich","width":600,"height":338,"html":"<blockquote class=\"wp-embedded-content\" data-secret=\"nB27pOYBi1\"><a href=\"https:\/\/denizcankizil.tr\/ru\/haberler\/antalya\/anne-ve-2-cocugu-canlarini-zor-kurtardi\/\">Anne ve 2 \u00e7ocu\u011fu canlar\u0131n\u0131 zor kurtard\u0131<\/a><\/blockquote><iframe sandbox=\"allow-scripts\" security=\"restricted\" src=\"https:\/\/denizcankizil.tr\/ru\/haberler\/antalya\/anne-ve-2-cocugu-canlarini-zor-kurtardi\/embed\/#?secret=nB27pOYBi1\" width=\"600\" height=\"338\" title=\"\u00abAnne ve 2 \u00e7ocu\u011fu canlar\u0131n\u0131 zor kurtard\u0131\u00bb &#8212; Av. Deniz Can K\u0131z\u0131l\" data-secret=\"nB27pOYBi1\" frameborder=\"0\" marginwidth=\"0\" marginheight=\"0\" scrolling=\"no\" class=\"wp-embedded-content\"><\/iframe><script>\n\/*! This file is auto-generated *\/\n!function(d,l){\"use strict\";l.querySelector&&d.addEventListener&&\"undefined\"!=typeof URL&&(d.wp=d.wp||{},d.wp.receiveEmbedMessage||(d.wp.receiveEmbedMessage=function(e){var t=e.data;if((t||t.secret||t.message||t.value)&&!\/[^a-zA-Z0-9]\/.test(t.secret)){for(var s,r,n,a=l.querySelectorAll('iframe[data-secret=\"'+t.secret+'\"]'),o=l.querySelectorAll('blockquote[data-secret=\"'+t.secret+'\"]'),c=new RegExp(\"^https?:$\",\"i\"),i=0;i<o.length;i++)o[i].style.display=\"none\";for(i=0;i<a.length;i++)s=a[i],e.source===s.contentWindow&&(s.removeAttribute(\"style\"),\"height\"===t.message?(1e3<(r=parseInt(t.value,10))?r=1e3:~~r<200&&(r=200),s.height=r):\"link\"===t.message&&(r=new URL(s.getAttribute(\"src\")),n=new URL(t.value),c.test(n.protocol))&&n.host===r.host&&l.activeElement===s&&(d.top.location.href=t.value))}},d.addEventListener(\"message\",d.wp.receiveEmbedMessage,!1),l.addEventListener(\"DOMContentLoaded\",function(){for(var e,t,s=l.querySelectorAll(\"iframe.wp-embedded-content\"),r=0;r<s.length;r++)(t=(e=s[r]).getAttribute(\"data-secret\"))||(t=Math.random().toString(36).substring(2,12),e.src+=\"#?secret=\"+t,e.setAttribute(\"data-secret\",t)),e.contentWindow.postMessage({message:\"ready\",secret:t},\"*\")},!1)))}(window,document);\n\/\/# sourceURL=https:\/\/denizcankizil.tr\/wp-includes\/js\/wp-embed.min.js\n<\/script>","thumbnail_url":"https:\/\/denizcankizil.tr\/wp-content\/uploads\/2024\/12\/3571-01-BcdrTT.jpeg","thumbnail_width":1280,"thumbnail_height":720,"description":"Sar\u0131lar Mahallesi 3139 Sokak&#8217;ta bulunan 3 katl\u0131 binan\u0131n 2. kat\u0131nda \u00e7\u0131kan yang\u0131n, bina ve mahalle sakinlerine korku dolu anlar ya\u015fatt\u0131. Sese uyanan apartman sakinleri kendilerini apartmandan d\u0131\u015far\u0131 atarken, baz\u0131 bina sakinleri baba i\u015fte oldu\u011fu i\u00e7in anne ve 2 k\u00fc\u00e7\u00fck \u00e7ocu\u011funun bulundu\u011fu yang\u0131n \u00e7\u0131kan dairenin kap\u0131s\u0131n\u0131 \u00e7alarak evdekilerin durumunu \u00f6\u011frenmeye \u00e7al\u0131\u015ft\u0131. Anne ve \u00e7ocuklar\u0131n\u0131n sa\u011fl\u0131k durumlar\u0131n\u0131n iyi oldu\u011funu g\u00f6ren kom\u015fular\u0131 onlar\u0131 evden uzakla\u015ft\u0131r\u0131rken, durum 112 Acil \u00c7a\u011fr\u0131 Merkezine bildirildi. Belirtilen adrese Antalya B\u00fcy\u00fck\u015fehir Belediyesi \u0130tfaiyesi Manavgat Birimi ve Manavgat \u0130l\u00e7e Jandarma Komutanl\u0131\u011f\u0131 Sar\u0131lar Jandarma Karakoluna ba\u011fl\u0131 ekipleri sevk edildi. \u0130tfaiye ekipleri yang\u0131na m\u00fcdahalede bulunurken, jandarmalar da vatanda\u015flar\u0131 yang\u0131ndan zarar g\u00f6rmemeleri i\u00e7in binan\u0131n d\u0131\u015f\u0131na \u00e7\u0131kard\u0131. Yang\u0131n\u0131 s\u00f6nd\u00fcren itfaiye ekipleri, tamamen yanarak kullan\u0131lamaz hale gelen odada elyaf ve pamuklu e\u015fyalar\u0131n yeniden tutu\u015fmamas\u0131 i\u00e7in uzun s\u00fcre so\u011futma \u00e7al\u0131\u015fmas\u0131 yapt\u0131. Yang\u0131nda bir oda, i\u00e7erisindeki e\u015fyalarla birlikte kullan\u0131lamaz hale geldi. Ekipler, yang\u0131n\u0131n \u00e7\u0131k\u0131\u015f nedeniyle ilgili inceleme ba\u015flatt\u0131. Kaynak: www.kanalv.com.tr Haber Sitesinden Al\u0131nm\u0131\u015ft\u0131r."}