{"version":"1.0","provider_name":"Av. Deniz Can K\u0131z\u0131l","provider_url":"https:\/\/denizcankizil.tr\/ru","author_name":"Av. Deniz Can K\u0131z\u0131l","author_url":"https:\/\/denizcankizil.tr\/ru","title":"Alanya'da \u015fehitler an\u0131ld\u0131","type":"rich","width":600,"height":338,"html":"<blockquote class=\"wp-embedded-content\" data-secret=\"rsNQPhUNTA\"><a href=\"https:\/\/denizcankizil.tr\/ru\/haberler\/antalya\/alanyada-sehitler-anildi\/\">Alanya&#8217;da \u015fehitler an\u0131ld\u0131<\/a><\/blockquote><iframe sandbox=\"allow-scripts\" security=\"restricted\" src=\"https:\/\/denizcankizil.tr\/ru\/haberler\/antalya\/alanyada-sehitler-anildi\/embed\/#?secret=rsNQPhUNTA\" width=\"600\" height=\"338\" title=\"\u00abAlanya&#8217;da \u015fehitler an\u0131ld\u0131\u00bb &#8212; Av. Deniz Can K\u0131z\u0131l\" data-secret=\"rsNQPhUNTA\" frameborder=\"0\" marginwidth=\"0\" marginheight=\"0\" scrolling=\"no\" class=\"wp-embedded-content\"><\/iframe><script>\n\/*! This file is auto-generated *\/\n!function(d,l){\"use strict\";l.querySelector&&d.addEventListener&&\"undefined\"!=typeof URL&&(d.wp=d.wp||{},d.wp.receiveEmbedMessage||(d.wp.receiveEmbedMessage=function(e){var t=e.data;if((t||t.secret||t.message||t.value)&&!\/[^a-zA-Z0-9]\/.test(t.secret)){for(var s,r,n,a=l.querySelectorAll('iframe[data-secret=\"'+t.secret+'\"]'),o=l.querySelectorAll('blockquote[data-secret=\"'+t.secret+'\"]'),c=new RegExp(\"^https?:$\",\"i\"),i=0;i<o.length;i++)o[i].style.display=\"none\";for(i=0;i<a.length;i++)s=a[i],e.source===s.contentWindow&&(s.removeAttribute(\"style\"),\"height\"===t.message?(1e3<(r=parseInt(t.value,10))?r=1e3:~~r<200&&(r=200),s.height=r):\"link\"===t.message&&(r=new URL(s.getAttribute(\"src\")),n=new URL(t.value),c.test(n.protocol))&&n.host===r.host&&l.activeElement===s&&(d.top.location.href=t.value))}},d.addEventListener(\"message\",d.wp.receiveEmbedMessage,!1),l.addEventListener(\"DOMContentLoaded\",function(){for(var e,t,s=l.querySelectorAll(\"iframe.wp-embedded-content\"),r=0;r<s.length;r++)(t=(e=s[r]).getAttribute(\"data-secret\"))||(t=Math.random().toString(36).substring(2,12),e.src+=\"#?secret=\"+t,e.setAttribute(\"data-secret\",t)),e.contentWindow.postMessage({message:\"ready\",secret:t},\"*\")},!1)))}(window,document);\n\/\/# sourceURL=https:\/\/denizcankizil.tr\/wp-includes\/js\/wp-embed.min.js\n<\/script>","thumbnail_url":"https:\/\/denizcankizil.tr\/wp-content\/uploads\/2024\/11\/3128-01-QTHKun.jpeg","thumbnail_width":1280,"thumbnail_height":720,"description":"Vatan savunmas\u0131 s\u0131ras\u0131nda \u015fehit d\u00fc\u015fen Alaiye Redif Taburuna ba\u011fl\u0131 657 kahraman asker, 17 Kas\u0131m 1912 tarihinin y\u0131l d\u00f6n\u00fcm\u00fcnde Da\u011fyenice Mahallesi&#8217;ndeki Alaiye \u015eehitli\u011fi&#8217;nde an\u0131ld\u0131. &#8220;\u00c7atalca kan karde\u015fimizdir&#8221; Program, protokol heyetinin s\u0131ras\u0131yla \u015fehitlik an\u0131t\u0131na \u00e7elenk sunmas\u0131yla ba\u015flad\u0131. Alanya Belediyesi ad\u0131na \u00e7elengi Belediye Ba\u015fkan Yard\u0131mc\u0131s\u0131 Murat Levent Ko\u00e7ak sundu. Ard\u0131ndan Ko\u00e7ak, g\u00fcn\u00fcn anlam ve \u00f6nemine ili\u015fkin bir konu\u015fma yapt\u0131. Ko\u00e7ak, Alanya Belediye Ba\u015fkan\u0131 Osman Tar\u0131k \u00d6z\u00e7elik&#8217;in selam\u0131n\u0131 ileterek, \u015funlar\u0131 s\u00f6yledi: \u201cAlanya, T\u00fcrkiye&#8217;nin d\u00fcnyaya a\u00e7\u0131lan kap\u0131lar\u0131ndan biri. Farkl\u0131 co\u011frafyalardan karde\u015f \u015fehirlerimiz bulunuyor. Ancak 112 y\u0131l \u00f6nce, ecdad\u0131m\u0131z burada \u015fehit olup kanlar\u0131n\u0131 d\u00f6kerek \u00c7atalca ile kan karde\u015fi olmu\u015ftur. Bu tarihi ba\u011f\u0131 daha da g\u00fc\u00e7lendirmeliyiz. \u00c7atalca Belediye Ba\u015fkan\u0131 Say\u0131n Erhan G\u00fczel ve ekibine misafirperverli\u011fi ve \u015fehitlerimize g\u00f6sterdikleri hassasiyet i\u00e7in, \u00c7atalca halk\u0131na ise bu anlaml\u0131 g\u00fcnde bizlerle olduklar\u0131 i\u00e7in te\u015fekk\u00fcr ederim.\u201d Alanya Kent Konseyi Ba\u015fkan\u0131 Nurhan \u00d6zcan, t\u00f6renden sonra yapt\u0131\u011f\u0131 a\u00e7\u0131klamada, &#8220;Y\u00fcz\u00fcnc\u00fc y\u0131l\u0131nda ba\u015flatt\u0131\u011f\u0131m\u0131z \u00c7atalca Alaiye \u015eehitlerini Anma Program\u0131nda, 12 y\u0131ld\u0131r oldu\u011fu gibi bu y\u0131l da \u015fehitlerimizi anmak i\u00e7in \u00c7atalca&#8217;day\u0131z. Bizleri burada a\u011f\u0131rlayan \u00c7atalca Belediye Ba\u015fkan\u0131m\u0131z Erhan G\u00fczel ve ekibine te\u015fekk\u00fcr ediyoruz. \u015eehitlerimizin hat\u0131ras\u0131n\u0131 ya\u015fatmak ve gelecek nesillere aktarmak i\u00e7in \u00e7al\u0131\u015fmalar\u0131m\u0131z\u0131 s\u00fcrd\u00fcrece\u011fiz.&#8221; \u00c7atalca Belediye Ba\u015fkan\u0131 Erhan G\u00fczel ve \u00c7atalca Kaymakam Vekili Tolga To\u011fan&#8217;\u0131n konu\u015fmalar\u0131yla devam eden t\u00f6rende, \u015fehitlerin hat\u0131ras\u0131n\u0131 ya\u015fatan duygu dolu mesajlar verildi. Konu\u015fmalar\u0131n ard\u0131ndan Kuran-\u0131 &hellip;"}