{"version":"1.0","provider_name":"Av. Deniz Can K\u0131z\u0131l","provider_url":"https:\/\/denizcankizil.tr\/ru","author_name":"Av. Deniz Can K\u0131z\u0131l","author_url":"https:\/\/denizcankizil.tr\/ru\/author\/denizcankizil\/","title":"'Akdeniz Heykeli' Antalya ve Akdeniz'le bulu\u015ftu","type":"rich","width":600,"height":338,"html":"<blockquote class=\"wp-embedded-content\" data-secret=\"p78TRh7Hg5\"><a href=\"https:\/\/denizcankizil.tr\/ru\/haberler\/antalya\/akdeniz-heykeli-antalya-ve-akdenizle-bulustu\/\">&#8216;Akdeniz Heykeli&#8217; Antalya ve Akdeniz&#8217;le bulu\u015ftu<\/a><\/blockquote><iframe sandbox=\"allow-scripts\" security=\"restricted\" src=\"https:\/\/denizcankizil.tr\/ru\/haberler\/antalya\/akdeniz-heykeli-antalya-ve-akdenizle-bulustu\/embed\/#?secret=p78TRh7Hg5\" width=\"600\" height=\"338\" title=\"\u00ab&#8216;Akdeniz Heykeli&#8217; Antalya ve Akdeniz&#8217;le bulu\u015ftu\u00bb &#8212; Av. Deniz Can K\u0131z\u0131l\" data-secret=\"p78TRh7Hg5\" frameborder=\"0\" marginwidth=\"0\" marginheight=\"0\" scrolling=\"no\" class=\"wp-embedded-content\"><\/iframe><script>\n\/*! This file is auto-generated *\/\n!function(d,l){\"use strict\";l.querySelector&&d.addEventListener&&\"undefined\"!=typeof URL&&(d.wp=d.wp||{},d.wp.receiveEmbedMessage||(d.wp.receiveEmbedMessage=function(e){var t=e.data;if((t||t.secret||t.message||t.value)&&!\/[^a-zA-Z0-9]\/.test(t.secret)){for(var s,r,n,a=l.querySelectorAll('iframe[data-secret=\"'+t.secret+'\"]'),o=l.querySelectorAll('blockquote[data-secret=\"'+t.secret+'\"]'),c=new RegExp(\"^https?:$\",\"i\"),i=0;i<o.length;i++)o[i].style.display=\"none\";for(i=0;i<a.length;i++)s=a[i],e.source===s.contentWindow&&(s.removeAttribute(\"style\"),\"height\"===t.message?(1e3<(r=parseInt(t.value,10))?r=1e3:~~r<200&&(r=200),s.height=r):\"link\"===t.message&&(r=new URL(s.getAttribute(\"src\")),n=new URL(t.value),c.test(n.protocol))&&n.host===r.host&&l.activeElement===s&&(d.top.location.href=t.value))}},d.addEventListener(\"message\",d.wp.receiveEmbedMessage,!1),l.addEventListener(\"DOMContentLoaded\",function(){for(var e,t,s=l.querySelectorAll(\"iframe.wp-embedded-content\"),r=0;r<s.length;r++)(t=(e=s[r]).getAttribute(\"data-secret\"))||(t=Math.random().toString(36).substring(2,12),e.src+=\"#?secret=\"+t,e.setAttribute(\"data-secret\",t)),e.contentWindow.postMessage({message:\"ready\",secret:t},\"*\")},!1)))}(window,document);\n\/\/# sourceURL=https:\/\/denizcankizil.tr\/wp-includes\/js\/wp-embed.min.js\n<\/script>","thumbnail_url":"https:\/\/denizcankizil.tr\/wp-content\/uploads\/2025\/05\/6372-01-6YxjtT.jpg","thumbnail_width":1280,"thumbnail_height":720,"description":"Antalya Ticaret ve Sanayi Odas\u0131 (ATSO) E\u011fitim Ara\u015ft\u0131rma ve K\u00fclt\u00fcr Vakf\u0131 Ba\u015fkan\u0131 ve ATSO Y\u00f6netim Kurulu Ba\u015fkan\u0131 Yusuf Hac\u0131s\u00fcleyman&#8217;\u0131n ev sahipli\u011finde, modern heykel sanat\u0131n\u0131n \u00f6nc\u00fclerinden \u0130lhan Koman&#8217;\u0131n 50 eserinden olu\u015fan retrospektif &#8216;Akdeniz&#8217;e Do\u011fru&#8217; sergisinin a\u00e7\u0131l\u0131\u015f\u0131, Antalya K\u00fclt\u00fcr Sanat&#8217;ta ger\u00e7ekle\u015fti. \u0130lhan Koman Vakf\u0131 i\u015f birli\u011fiyle d\u00fczenlenen ve k\u00fcrat\u00f6rl\u00fc\u011f\u00fcn\u00fc \u00d6mer Faruk \u015eerifo\u011flu&#8217;nun \u00fcstlendi\u011fi sergi, heykel sanat\u0131n\u0131n dev isimlerinden Koman&#8217;\u0131n hayat\u0131n\u0131 ve eserlerini kapsaml\u0131 bir retrospektifle sunuyor. &#8216;ANTALYAMIZA \u00c7OK YAKI\u015eACAK&#8217; A\u00e7\u0131l\u0131\u015fta konu\u015fan Ba\u015fkan Hac\u0131s\u00fcleyman, \u0130lhan Koman&#8217;\u0131n en tan\u0131nan eserlerinden olan &#8216;Akdeniz Heykeli&#8217;ni Antalya&#8217;ya kazand\u0131rmak istediklerini belirterek, \u201c\u0130lhan Koman&#8217;\u0131n vasiyeti niteli\u011findeki bu esere \u00e7ok iyi ev sahipli\u011fi yapaca\u011f\u0131m\u0131za inan\u0131yorum. Antalyam\u0131za da \u00e7ok yak\u0131\u015faca\u011f\u0131n\u0131 d\u00fc\u015f\u00fcn\u00fcyorum&#8221; dedi. SANAT VE \u0130\u015e D\u00dcNYASI A\u00c7ILI\u015eTA BULU\u015eTU Sergi a\u00e7\u0131l\u0131\u015f\u0131na \u0130lhan Koman Vakf\u0131 Y\u00f6netim Kurulu Ba\u015fkan\u0131 Ahmet Koman, ATSO Y\u00f6netim Kurulu Ba\u015fkan Yard\u0131mc\u0131s\u0131 Hakan Pakal\u0131n, Sayman \u00dcye Murat Toto\u015f, ATSO Meclis \u00dcyesi ve Vak\u0131f Ba\u015fkan Yard\u0131mc\u0131s\u0131 \u00d6mer Gilan, Vak\u0131f Y\u00f6netim Kurulu \u00dcyesi ve T\u00dcRSAB Antalya Muratpa\u015fa BTK Ba\u015fkan\u0131 Onur \u00d6zer, ATSO Meclis \u00dcyesi ve ATAV Ba\u015fkan\u0131 Emir G\u00fcndal, BAKS\u0130FED Ba\u015fkan\u0131 Mustafa Cengiz ve \u00e7ok say\u0131da sanatsever kat\u0131ld\u0131. KOMAN&#8217;IN AKDEN\u0130Z&#8217;LE \u00d6ZDE\u015eLE\u015eEN HEYKEL\u0130 ANTALYA&#8217;DA Serginin merkezinde yer alan &#8216;Akdeniz Heykeli&#8217;, yaln\u0131zca bi\u00e7imiyle de\u011fil, ta\u015f\u0131d\u0131\u011f\u0131 anlamla da izleyicileri derinden etkiliyor. Koman&#8217;\u0131n, \u201cSevgiyi ve kucakla\u015fmay\u0131 anlat\u0131rken bir kad\u0131n\u0131n b\u00fct\u00fcnl\u00fc\u011f\u00fcnden yararlanmak istedim&#8221; s\u00f6zleriyle tan\u0131mlad\u0131\u011f\u0131 bu eser, &hellip;"}