{"version":"1.0","provider_name":"Av. Deniz Can K\u0131z\u0131l","provider_url":"https:\/\/denizcankizil.tr\/ru","author_name":"Av. Deniz Can K\u0131z\u0131l","author_url":"https:\/\/denizcankizil.tr\/ru","title":"53 ya\u015f\u0131ndaki kad\u0131n sokakta \u00f6l\u00fc bulundu","type":"rich","width":600,"height":338,"html":"<blockquote class=\"wp-embedded-content\" data-secret=\"cFhqgZ45zw\"><a href=\"https:\/\/denizcankizil.tr\/ru\/haberler\/antalya\/53-yasindaki-kadin-sokakta-olu-bulundu\/\">53 ya\u015f\u0131ndaki kad\u0131n sokakta \u00f6l\u00fc bulundu<\/a><\/blockquote><iframe sandbox=\"allow-scripts\" security=\"restricted\" src=\"https:\/\/denizcankizil.tr\/ru\/haberler\/antalya\/53-yasindaki-kadin-sokakta-olu-bulundu\/embed\/#?secret=cFhqgZ45zw\" width=\"600\" height=\"338\" title=\"\u00ab53 ya\u015f\u0131ndaki kad\u0131n sokakta \u00f6l\u00fc bulundu\u00bb &#8212; Av. Deniz Can K\u0131z\u0131l\" data-secret=\"cFhqgZ45zw\" frameborder=\"0\" marginwidth=\"0\" marginheight=\"0\" scrolling=\"no\" class=\"wp-embedded-content\"><\/iframe><script>\n\/*! This file is auto-generated *\/\n!function(d,l){\"use strict\";l.querySelector&&d.addEventListener&&\"undefined\"!=typeof URL&&(d.wp=d.wp||{},d.wp.receiveEmbedMessage||(d.wp.receiveEmbedMessage=function(e){var t=e.data;if((t||t.secret||t.message||t.value)&&!\/[^a-zA-Z0-9]\/.test(t.secret)){for(var s,r,n,a=l.querySelectorAll('iframe[data-secret=\"'+t.secret+'\"]'),o=l.querySelectorAll('blockquote[data-secret=\"'+t.secret+'\"]'),c=new RegExp(\"^https?:$\",\"i\"),i=0;i<o.length;i++)o[i].style.display=\"none\";for(i=0;i<a.length;i++)s=a[i],e.source===s.contentWindow&&(s.removeAttribute(\"style\"),\"height\"===t.message?(1e3<(r=parseInt(t.value,10))?r=1e3:~~r<200&&(r=200),s.height=r):\"link\"===t.message&&(r=new URL(s.getAttribute(\"src\")),n=new URL(t.value),c.test(n.protocol))&&n.host===r.host&&l.activeElement===s&&(d.top.location.href=t.value))}},d.addEventListener(\"message\",d.wp.receiveEmbedMessage,!1),l.addEventListener(\"DOMContentLoaded\",function(){for(var e,t,s=l.querySelectorAll(\"iframe.wp-embedded-content\"),r=0;r<s.length;r++)(t=(e=s[r]).getAttribute(\"data-secret\"))||(t=Math.random().toString(36).substring(2,12),e.src+=\"#?secret=\"+t,e.setAttribute(\"data-secret\",t)),e.contentWindow.postMessage({message:\"ready\",secret:t},\"*\")},!1)))}(window,document);\n\/\/# sourceURL=https:\/\/denizcankizil.tr\/wp-includes\/js\/wp-embed.min.js\n<\/script>","thumbnail_url":"https:\/\/denizcankizil.tr\/wp-content\/uploads\/2024\/11\/3153-01-uwLshk.jpeg","thumbnail_width":1280,"thumbnail_height":720,"description":"Olay, sabah saatlerinde Serik il\u00e7esi Orta Mahalle \u0130\u015fler Caddesi \u00fczerindeki 5 katl\u0131 bir apartman\u0131n \u00f6n\u00fcnde meydana geldi. Edinilen bilgiye g\u00f6re, sabah saatlerinde cadde \u00fczerinde bir ki\u015finin yerde hareketsiz \u015fekilde yatt\u0131\u011f\u0131n\u0131 g\u00f6ren vatanda\u015flar durumu 112 Acil \u00c7a\u011fr\u0131 Merkezi&#8217;ne bildirdi. \u0130hbarla olay yerine polis ve sa\u011fl\u0131k ekipleri sevk edildi. Ekiplerce yap\u0131lan incelemede isminin Oya \u00dc. (53) oldu\u011fu \u00f6\u011frenilen kad\u0131n\u0131n ya\u015fam\u0131n\u0131 yitirdi\u011fi belirlendi. Savc\u0131l\u0131k ve olay yeri inceleme ekiplerinin \u00e7al\u0131\u015fmas\u0131 sonras\u0131 \u00dcnal&#8217;\u0131n cans\u0131z bedeni \u00f6nce Serik Devlet Hastanesi morguna, ard\u0131ndan otopsi i\u00e7in Antalya Adli T\u0131p Kurumu morguna kald\u0131r\u0131ld\u0131. Oya \u00dc.&#8217;n\u00fcn olay yerindeki bir apartman\u0131n 2&#8217;nci kat\u0131nda ya\u015fl\u0131 annesi ile birlikte ya\u015fad\u0131\u011f\u0131, sabaha kar\u015f\u0131 el feneri ile 5 katl\u0131 apartman\u0131n \u00e7at\u0131 kat\u0131na \u00e7\u0131kt\u0131\u011f\u0131 ve buradan d\u00fc\u015ft\u00fc\u011f\u00fc \u00f6\u011frenildi. Olayla ilgili inceleme ba\u015flatan polis, Oya \u00dc&#8217;n\u00fcn intihar etmi\u015f olabilece\u011fi ihtimali \u00fczerinde de duruyor. Kaynak: www.kanalv.com.tr Haber Sitesinden Al\u0131nm\u0131\u015ft\u0131r."}