{"version":"1.0","provider_name":"Av. Deniz Can K\u0131z\u0131l","provider_url":"https:\/\/denizcankizil.tr\/ru","author_name":"Av. Deniz Can K\u0131z\u0131l","author_url":"https:\/\/denizcankizil.tr\/ru\/author\/denizcankizil\/","title":"5 Temmuz Kurtulu\u015f Caddesi tamamland\u0131","type":"rich","width":600,"height":338,"html":"<blockquote class=\"wp-embedded-content\" data-secret=\"onRUapDbZ3\"><a href=\"https:\/\/denizcankizil.tr\/ru\/haberler\/antalya\/5-temmuz-kurtulus-caddesi-tamamlandi\/\">5 Temmuz Kurtulu\u015f Caddesi tamamland\u0131<\/a><\/blockquote><iframe sandbox=\"allow-scripts\" security=\"restricted\" src=\"https:\/\/denizcankizil.tr\/ru\/haberler\/antalya\/5-temmuz-kurtulus-caddesi-tamamlandi\/embed\/#?secret=onRUapDbZ3\" width=\"600\" height=\"338\" title=\"\u00ab5 Temmuz Kurtulu\u015f Caddesi tamamland\u0131\u00bb &#8212; Av. Deniz Can K\u0131z\u0131l\" data-secret=\"onRUapDbZ3\" frameborder=\"0\" marginwidth=\"0\" marginheight=\"0\" scrolling=\"no\" class=\"wp-embedded-content\"><\/iframe><script>\n\/*! This file is auto-generated *\/\n!function(d,l){\"use strict\";l.querySelector&&d.addEventListener&&\"undefined\"!=typeof URL&&(d.wp=d.wp||{},d.wp.receiveEmbedMessage||(d.wp.receiveEmbedMessage=function(e){var t=e.data;if((t||t.secret||t.message||t.value)&&!\/[^a-zA-Z0-9]\/.test(t.secret)){for(var s,r,n,a=l.querySelectorAll('iframe[data-secret=\"'+t.secret+'\"]'),o=l.querySelectorAll('blockquote[data-secret=\"'+t.secret+'\"]'),c=new RegExp(\"^https?:$\",\"i\"),i=0;i<o.length;i++)o[i].style.display=\"none\";for(i=0;i<a.length;i++)s=a[i],e.source===s.contentWindow&&(s.removeAttribute(\"style\"),\"height\"===t.message?(1e3<(r=parseInt(t.value,10))?r=1e3:~~r<200&&(r=200),s.height=r):\"link\"===t.message&&(r=new URL(s.getAttribute(\"src\")),n=new URL(t.value),c.test(n.protocol))&&n.host===r.host&&l.activeElement===s&&(d.top.location.href=t.value))}},d.addEventListener(\"message\",d.wp.receiveEmbedMessage,!1),l.addEventListener(\"DOMContentLoaded\",function(){for(var e,t,s=l.querySelectorAll(\"iframe.wp-embedded-content\"),r=0;r<s.length;r++)(t=(e=s[r]).getAttribute(\"data-secret\"))||(t=Math.random().toString(36).substring(2,12),e.src+=\"#?secret=\"+t,e.setAttribute(\"data-secret\",t)),e.contentWindow.postMessage({message:\"ready\",secret:t},\"*\")},!1)))}(window,document);\n\/\/# sourceURL=https:\/\/denizcankizil.tr\/wp-includes\/js\/wp-embed.min.js\n<\/script>","thumbnail_url":"https:\/\/denizcankizil.tr\/wp-content\/uploads\/2025\/02\/4484-01-5w3b1T.jpeg","thumbnail_width":1280,"thumbnail_height":720,"description":"Gecekondudan modern bir \u015fehre d\u00f6n\u00fc\u015fmesiyle n\u00fcfus yo\u011funlu\u011fu artan \u00dcnsal, Santral ve Kepezalt\u0131 Mahallelerinin trafik y\u00fck\u00fcn\u00fc 5 Temmuz Kurtulu\u015f Caddesi ta\u015f\u0131yor. Kepez Belediyesi, \u00e7ift \u015feritli caddenin \u00dcnsal Mahallesi\u2019nden ge\u00e7en b\u00f6l\u00fcm\u00fcnde asfaltlama \u00e7al\u0131\u015fmas\u0131 yapt\u0131. Fen \u0130\u015fleri M\u00fcd\u00fcrl\u00fc\u011f\u00fc ekipleri, asfaltlama \u00f6ncesinde caddeyi haz\u0131rlamak i\u00e7in detayl\u0131 bir zemin \u00e7al\u0131\u015fmas\u0131 ger\u00e7ekle\u015ftirdi. Yol y\u00fczeyine kum, \u00e7ak\u0131l ve ta\u015f k\u0131r\u0131klar\u0131ndan olu\u015fan filler malzemesi serildi. Malzeme silindirle s\u0131k\u0131\u015ft\u0131r\u0131larak yolun alt temel dolgusu olu\u015fturuldu. Bu i\u015flemlerin ard\u0131ndan caddenin \u00dcnsal Mahallesi b\u00f6l\u00fcm\u00fcne 150 metre uzunlu\u011funda ve 35 metre geni\u015fli\u011finde asfalt serimi yap\u0131ld\u0131. Kepez Belediyesi \u00fc\u00e7 mahalleyi kent merkezine ba\u011flayan 5 Temmuz Kurtulu\u015f Caddesi\u2019ndeki t\u00fcm asfaltlama \u00e7al\u0131\u015fmalar\u0131n\u0131 tamamlad\u0131. Son olarak, \u00dcnsal Mahallesi\u2019ndeki yol yap\u0131m \u00e7al\u0131\u015fmas\u0131yla 5 Temmuz Kurtulu\u015f Caddesi daha konforlu ve g\u00fcvenli hale getirildi. Kepez Belediyesi, vatanda\u015flar\u0131 konforlu ve g\u00fcvenli ula\u015f\u0131m a\u011f\u0131yla bulu\u015fturmak i\u00e7in il\u00e7enin d\u00f6rt bir yan\u0131nda yol yap\u0131m \u00e7al\u0131\u015fmalar\u0131n\u0131 s\u00fcrd\u00fcr\u00fcyor. Kaynak: www.kanalv.com.tr Haber Sitesinden Al\u0131nm\u0131\u015ft\u0131r."}