{"version":"1.0","provider_name":"Av. Deniz Can K\u0131z\u0131l","provider_url":"https:\/\/denizcankizil.tr\/ru","author_name":"Av. Deniz Can K\u0131z\u0131l","author_url":"https:\/\/denizcankizil.tr\/ru\/author\/denizcankizil\/","title":"2 ya\u015f\u0131ndaki \u00e7ocu\u011fun darbeldilmesine soru\u015fturma","type":"rich","width":600,"height":338,"html":"<blockquote class=\"wp-embedded-content\" data-secret=\"TJZ0MSZmLk\"><a href=\"https:\/\/denizcankizil.tr\/ru\/haberler\/antalya\/2-yasindaki-cocugun-darbeldilmesine-sorusturma\/\">2 ya\u015f\u0131ndaki \u00e7ocu\u011fun darbeldilmesine soru\u015fturma<\/a><\/blockquote><iframe sandbox=\"allow-scripts\" security=\"restricted\" src=\"https:\/\/denizcankizil.tr\/ru\/haberler\/antalya\/2-yasindaki-cocugun-darbeldilmesine-sorusturma\/embed\/#?secret=TJZ0MSZmLk\" width=\"600\" height=\"338\" title=\"\u00ab2 ya\u015f\u0131ndaki \u00e7ocu\u011fun darbeldilmesine soru\u015fturma\u00bb &#8212; Av. Deniz Can K\u0131z\u0131l\" data-secret=\"TJZ0MSZmLk\" frameborder=\"0\" marginwidth=\"0\" marginheight=\"0\" scrolling=\"no\" class=\"wp-embedded-content\"><\/iframe><script>\n\/*! This file is auto-generated *\/\n!function(d,l){\"use strict\";l.querySelector&&d.addEventListener&&\"undefined\"!=typeof URL&&(d.wp=d.wp||{},d.wp.receiveEmbedMessage||(d.wp.receiveEmbedMessage=function(e){var t=e.data;if((t||t.secret||t.message||t.value)&&!\/[^a-zA-Z0-9]\/.test(t.secret)){for(var s,r,n,a=l.querySelectorAll('iframe[data-secret=\"'+t.secret+'\"]'),o=l.querySelectorAll('blockquote[data-secret=\"'+t.secret+'\"]'),c=new RegExp(\"^https?:$\",\"i\"),i=0;i<o.length;i++)o[i].style.display=\"none\";for(i=0;i<a.length;i++)s=a[i],e.source===s.contentWindow&&(s.removeAttribute(\"style\"),\"height\"===t.message?(1e3<(r=parseInt(t.value,10))?r=1e3:~~r<200&&(r=200),s.height=r):\"link\"===t.message&&(r=new URL(s.getAttribute(\"src\")),n=new URL(t.value),c.test(n.protocol))&&n.host===r.host&&l.activeElement===s&&(d.top.location.href=t.value))}},d.addEventListener(\"message\",d.wp.receiveEmbedMessage,!1),l.addEventListener(\"DOMContentLoaded\",function(){for(var e,t,s=l.querySelectorAll(\"iframe.wp-embedded-content\"),r=0;r<s.length;r++)(t=(e=s[r]).getAttribute(\"data-secret\"))||(t=Math.random().toString(36).substring(2,12),e.src+=\"#?secret=\"+t,e.setAttribute(\"data-secret\",t)),e.contentWindow.postMessage({message:\"ready\",secret:t},\"*\")},!1)))}(window,document);\n\/\/# sourceURL=https:\/\/denizcankizil.tr\/wp-includes\/js\/wp-embed.min.js\n<\/script>","description":"Antalya&#8217;n\u0131n Muratpa\u015fa il\u00e7esindeki \u00f6zel bir kre\u015fte, 2 ya\u015f\u0131ndaki bir k\u0131z \u00e7ocu\u011fu uyku odas\u0131nda, ya\u015f\u0131 daha b\u00fcy\u00fck iki \u00e7ocuk taraf\u0131ndan yakla\u015f\u0131k 15 dakika boyunca darp edildi. Olay g\u00fcvenlik kameras\u0131 g\u00f6r\u00fcnt\u00fcleriyle ortaya \u00e7\u0131karken, aile hem kre\u015f y\u00f6netimi hem de olayda sorumlulu\u011fu bulunan personel hakk\u0131nda su\u00e7 duyurusunda bulundu. Aile ve Sosyal Hizmetler Bakanl\u0131\u011f\u0131ndan olayla ilgili yap\u0131lan a\u00e7\u0131klamada, ALO 183 \u015eiddetle M\u00fccadele Hatt\u0131&#8217;na gelen ihbar \u00fczerine Antalya \u0130l M\u00fcd\u00fcrl\u00fc\u011f\u00fc ekiplerince ivedilikle harekete ge\u00e7ildi\u011fi belirtilerek, &#8220;Kre\u015fte yap\u0131lan denetimin ard\u0131ndan ihmali bulunan yetkililer hakk\u0131nda su\u00e7 duyurusunda bulunulmas\u0131na ve muhakkik g\u00f6revlendirilmesine karar verilmi\u015ftir. Bakanl\u0131k olarak ihmali bulunan yetkililerin gereken cezay\u0131 almas\u0131 i\u00e7in s\u00fcreci titizlikle takip etmeye devam edece\u011fiz&#8221; denildi. Kaynak: www.kanalv.com.tr Haber Sitesinden Al\u0131nm\u0131\u015ft\u0131r."}