{"version":"1.0","provider_name":"Av. Deniz Can K\u0131z\u0131l","provider_url":"https:\/\/denizcankizil.tr\/en","author_name":"Av. Deniz Can K\u0131z\u0131l","author_url":"https:\/\/denizcankizil.tr\/en","title":"TBB Adli Yard\u0131m Y\u00f6netmeli\u011finde De\u011fi\u015fiklik","type":"rich","width":600,"height":338,"html":"<blockquote class=\"wp-embedded-content\" data-secret=\"dyzHv9oZQq\"><a href=\"https:\/\/denizcankizil.tr\/en\/hukukihaber\/tbb-adli-yardim-yonetmeliginde-degisiklik\/\">TBB Adli Yard\u0131m Y\u00f6netmeli\u011finde De\u011fi\u015fiklik<\/a><\/blockquote><iframe sandbox=\"allow-scripts\" security=\"restricted\" src=\"https:\/\/denizcankizil.tr\/en\/hukukihaber\/tbb-adli-yardim-yonetmeliginde-degisiklik\/embed\/#?secret=dyzHv9oZQq\" width=\"600\" height=\"338\" title=\"&#8220;TBB Adli Yard\u0131m Y\u00f6netmeli\u011finde De\u011fi\u015fiklik&#8221; &#8212; Av. Deniz Can K\u0131z\u0131l\" data-secret=\"dyzHv9oZQq\" frameborder=\"0\" marginwidth=\"0\" marginheight=\"0\" scrolling=\"no\" class=\"wp-embedded-content\"><\/iframe><script>\n\/*! This file is auto-generated *\/\n!function(d,l){\"use strict\";l.querySelector&&d.addEventListener&&\"undefined\"!=typeof URL&&(d.wp=d.wp||{},d.wp.receiveEmbedMessage||(d.wp.receiveEmbedMessage=function(e){var t=e.data;if((t||t.secret||t.message||t.value)&&!\/[^a-zA-Z0-9]\/.test(t.secret)){for(var s,r,n,a=l.querySelectorAll('iframe[data-secret=\"'+t.secret+'\"]'),o=l.querySelectorAll('blockquote[data-secret=\"'+t.secret+'\"]'),c=new RegExp(\"^https?:$\",\"i\"),i=0;i<o.length;i++)o[i].style.display=\"none\";for(i=0;i<a.length;i++)s=a[i],e.source===s.contentWindow&&(s.removeAttribute(\"style\"),\"height\"===t.message?(1e3<(r=parseInt(t.value,10))?r=1e3:~~r<200&&(r=200),s.height=r):\"link\"===t.message&&(r=new URL(s.getAttribute(\"src\")),n=new URL(t.value),c.test(n.protocol))&&n.host===r.host&&l.activeElement===s&&(d.top.location.href=t.value))}},d.addEventListener(\"message\",d.wp.receiveEmbedMessage,!1),l.addEventListener(\"DOMContentLoaded\",function(){for(var e,t,s=l.querySelectorAll(\"iframe.wp-embedded-content\"),r=0;r<s.length;r++)(t=(e=s[r]).getAttribute(\"data-secret\"))||(t=Math.random().toString(36).substring(2,12),e.src+=\"#?secret=\"+t,e.setAttribute(\"data-secret\",t)),e.contentWindow.postMessage({message:\"ready\",secret:t},\"*\")},!1)))}(window,document);\n\/\/# sourceURL=https:\/\/denizcankizil.tr\/wp-includes\/js\/wp-embed.min.js\n<\/script>","description":"Y\u00f6netmelik ile; &#8211; Adli yard\u0131m hizmeti verecek avukatlar\u0131n konuya ili\u015fkin e\u011fitim alm\u0131\u015f olmalar\u0131 \u015fart ko\u015fulmu\u015f olup e\u011fitim alma \u015fart\u0131n\u0131n y\u00fcr\u00fcrl\u00fc\u011f\u00fc, 01.01.2025 tarihine kadar ertelenmi\u015ftir. &#8211; Serbest \u00e7al\u0131\u015fan avukatlar yan\u0131nda ba\u011fl\u0131 \u00e7al\u0131\u015fan avukatlar\u0131n da adli yard\u0131m sistemine dahil olmas\u0131 mevzuat g\u00fcvencesine al\u0131nm\u0131\u015ft\u0131r. &#8211; Avukatl\u0131k Kanunu\u2019nun 180. maddesi uyar\u0131nca adli yard\u0131m b\u00fcrosunun giderleri aras\u0131nda say\u0131lan \u201cB\u00fcroda g\u00f6revlendirileceklere \u00f6denecek \u00fccretler\u201d kalemine, b\u00fcrolarda adli yard\u0131m ba\u015fvurusunda bulunanlarla g\u00f6r\u00fc\u015fme yapan ki\u015filerin \u00e7o\u011funlukla avukat meslekta\u015flar\u0131m\u0131z oldu\u011fu dikkate al\u0131narak Y\u00f6netmeli\u011fin 9. maddesine b\u00fcroda g\u00f6rev yapan \u201cavukatlar\u201d da eklenmi\u015ftir. &#8211; Adli yard\u0131m ba\u015fvuru formu ve imzal\u0131 taahh\u00fctname ve adli yard\u0131m hizmeti verilmesi i\u00e7in ba\u015fvuru sahibinden istenecek bilgi ve belgeler uygulamada yeknesakl\u0131\u011f\u0131 sa\u011flamak \u00fczere Y\u00f6netmelik ekinde say\u0131lmaktad\u0131r. &#8211; Y\u00f6netmelikte, ba\u015fvurucudan 6698 say\u0131l\u0131 Ki\u015fisel Verilerin Korunmas\u0131 Hakk\u0131nda Kanun uyar\u0131nca al\u0131nmas\u0131 gerekli ayd\u0131nlatma metninin okundu\u011funa ili\u015fkin beyan ile a\u00e7\u0131k r\u0131za beyan\u0131n\u0131n Birli\u011fimizin internet sitesinde yay\u0131mlanaca\u011f\u0131 h\u00fckme ba\u011flanm\u0131\u015ft\u0131r. &#8211; Y\u00f6netmeli\u011fe 5. maddeden sonra gelmek \u00fczere \u201c5\/A. maddesi\u201d eklenmek suretiyle istem sahibinden adli yard\u0131m ba\u015fvurusu s\u0131ras\u0131nda al\u0131nan taahh\u00fctname, yasal zemine kavu\u015fturulmu\u015f ve belgenin i\u00e7eri\u011finde yer almas\u0131 zorunlu unsurlar tespit edilerek uygulaman\u0131n yeknesakla\u015ft\u0131r\u0131lmas\u0131 ama\u00e7lanm\u0131\u015ft\u0131r. &#8211; Ana Y\u00f6netmeli\u011fin 7. maddesinde g\u00f6revlendirilen avukata yap\u0131lacak \u00f6deme \u00f6ncesinde verdi\u011fi hizmete ili\u015fkin istenecek belgelere dair belirleme yap\u0131larak takdirin Baro Y\u00f6netim Kurulunda oldu\u011fu h\u00fck\u00fcm alt\u0131na al\u0131nm\u0131\u015ft\u0131r. &#8211; Adli Yard\u0131m B\u00fcrosunu &hellip;"}