{"version":"1.0","provider_name":"Av. Deniz Can K\u0131z\u0131l","provider_url":"https:\/\/denizcankizil.tr\/en","author_name":"Hukuki Haber.net","author_url":"https:\/\/denizcankizil.tr\/en\/author\/hukukihabernet\/","title":"Dilan Polat hakk\u0131nda tahliye karar\u0131","type":"rich","width":600,"height":338,"html":"<blockquote class=\"wp-embedded-content\" data-secret=\"SfXyCMw0vR\"><a href=\"https:\/\/denizcankizil.tr\/en\/hukukihaber\/dilan-polat-hakkinda-tahliye-karari\/\">Dilan Polat hakk\u0131nda tahliye karar\u0131<\/a><\/blockquote><iframe sandbox=\"allow-scripts\" security=\"restricted\" src=\"https:\/\/denizcankizil.tr\/en\/hukukihaber\/dilan-polat-hakkinda-tahliye-karari\/embed\/#?secret=SfXyCMw0vR\" width=\"600\" height=\"338\" title=\"&#8220;Dilan Polat hakk\u0131nda tahliye karar\u0131&#8221; &#8212; Av. Deniz Can K\u0131z\u0131l\" data-secret=\"SfXyCMw0vR\" frameborder=\"0\" marginwidth=\"0\" marginheight=\"0\" scrolling=\"no\" class=\"wp-embedded-content\"><\/iframe><script>\n\/*! This file is auto-generated *\/\n!function(d,l){\"use strict\";l.querySelector&&d.addEventListener&&\"undefined\"!=typeof URL&&(d.wp=d.wp||{},d.wp.receiveEmbedMessage||(d.wp.receiveEmbedMessage=function(e){var t=e.data;if((t||t.secret||t.message||t.value)&&!\/[^a-zA-Z0-9]\/.test(t.secret)){for(var s,r,n,a=l.querySelectorAll('iframe[data-secret=\"'+t.secret+'\"]'),o=l.querySelectorAll('blockquote[data-secret=\"'+t.secret+'\"]'),c=new RegExp(\"^https?:$\",\"i\"),i=0;i<o.length;i++)o[i].style.display=\"none\";for(i=0;i<a.length;i++)s=a[i],e.source===s.contentWindow&&(s.removeAttribute(\"style\"),\"height\"===t.message?(1e3<(r=parseInt(t.value,10))?r=1e3:~~r<200&&(r=200),s.height=r):\"link\"===t.message&&(r=new URL(s.getAttribute(\"src\")),n=new URL(t.value),c.test(n.protocol))&&n.host===r.host&&l.activeElement===s&&(d.top.location.href=t.value))}},d.addEventListener(\"message\",d.wp.receiveEmbedMessage,!1),l.addEventListener(\"DOMContentLoaded\",function(){for(var e,t,s=l.querySelectorAll(\"iframe.wp-embedded-content\"),r=0;r<s.length;r++)(t=(e=s[r]).getAttribute(\"data-secret\"))||(t=Math.random().toString(36).substring(2,12),e.src+=\"#?secret=\"+t,e.setAttribute(\"data-secret\",t)),e.contentWindow.postMessage({message:\"ready\",secret:t},\"*\")},!1)))}(window,document);\n\/\/# sourceURL=https:\/\/denizcankizil.tr\/wp-includes\/js\/wp-embed.min.js\n<\/script>","description":"Anadolu 2. Asliye Ceza Mahkemesi, aralar\u0131nda Dilan Polat ile e\u015fi Engin Polat&#8217;\u0131n da oldu\u011fu 5&#8217;i tutuklu san\u0131k hakk\u0131nda 9 A\u011fustos&#8217;ta yapt\u0131\u011f\u0131 ayl\u0131k tutukluk incelemesinde t\u00fcm san\u0131klar\u0131n tutukluluk halinin devam\u0131na karar verdi. Bunun \u00fczerine Dilan Polat&#8217;\u0131n avukat\u0131 Sevin\u00e7 Horoz, Anadolu 8. A\u011f\u0131r Ceza Mahkemesine tutuklulu\u011fa itiraz dilek\u00e7esi sundu. Talebi de\u011ferlendiren mahkeme, san\u0131k Polat&#8217;\u0131n \u00fczerine at\u0131l\u0131 su\u00e7lar\u0131n vas\u0131f ve mahiyeti, at\u0131l\u0131 su\u00e7lar i\u00e7in kanunda \u00f6ng\u00f6r\u00fclen hapis cezas\u0131n\u0131n alt ve \u00fcst s\u0131n\u0131rlar\u0131, dosya kapsam\u0131ndaki mevcut deliller ve al\u0131nan ifadelerle MASAK taraf\u0131ndan haz\u0131rlanan rapor i\u00e7eri\u011fi kar\u015f\u0131s\u0131nda, at\u0131l\u0131 su\u00e7lar\u0131n vasf\u0131n\u0131n san\u0131k lehine de\u011fi\u015fmesi ihtimali bulundu\u011funu belirtti. Tutukluluktan elde edilecek faydan\u0131n bu a\u015famada adli kontrol h\u00fck\u00fcmleri ile de sa\u011flanabilecek olmas\u0131n\u0131 dikkate alan mahkeme, Polat&#8217;\u0131n tahliyesini kararla\u015ft\u0131rd\u0131. Mahkeme, Polat hakk\u0131nda &#8220;yurt d\u0131\u015f\u0131na \u00e7\u0131k\u0131\u015f yasa\u011f\u0131&#8221; \u015feklinde adli kontrol tedbiri uygulanmas\u0131na karar verdi. CEZAEV\u0130NDEN \u00c7IKTI Mahkemenin karar\u0131 Polat&#8217;\u0131n tutuklu bulundu\u011fu Marmara Kapal\u0131 Ceza \u0130nfaz Kurumu&#8217;na g\u00f6nderildi. Polat, i\u015flemlerin ard\u0131ndan cezaevinden \u00e7\u0131kt\u0131. NE OLMU\u015eTU? \u0130stanbul merkezli 6 ilde 1 Kas\u0131m 2023 ve devam\u0131nda d\u00fczenlenen operasyonlarda, Dilan Polat ve e\u015fi Engin Polat&#8217;\u0131n da aralar\u0131nda bulundu\u011fu 24 \u015f\u00fcpheli g\u00f6zalt\u0131na al\u0131nm\u0131\u015ft\u0131. Soru\u015fturma kapsam\u0131nda daha \u00f6nce \u015firketlerinde yap\u0131lan aramalarda dijital materyal ve defterlere el konulan Polat \u00e7iftinin de yer ald\u0131\u011f\u0131 \u015f\u00fcphelilerle ilgili Mali Su\u00e7lar\u0131 Ara\u015ft\u0131rma Kurulunca (MASAK) \u00f6n inceleme raporu haz\u0131rlanm\u0131\u015f, raporda tasfiye halindeki &hellip;"}