{"version":"1.0","provider_name":"Av. Deniz Can K\u0131z\u0131l","provider_url":"https:\/\/denizcankizil.tr\/en","author_name":"Av. Deniz Can K\u0131z\u0131l","author_url":"https:\/\/denizcankizil.tr\/en","title":"AYM'nin 2022\/94618 ba\u015fvuru numaral\u0131 karar\u0131","type":"rich","width":600,"height":338,"html":"<blockquote class=\"wp-embedded-content\" data-secret=\"3qOTmmco4o\"><a href=\"https:\/\/denizcankizil.tr\/en\/hukukihaber\/aymnin-2022-94618-basvuru-numarali-karari\/\">AYM&#8217;nin 2022\/94618 ba\u015fvuru numaral\u0131 karar\u0131<\/a><\/blockquote><iframe sandbox=\"allow-scripts\" security=\"restricted\" src=\"https:\/\/denizcankizil.tr\/en\/hukukihaber\/aymnin-2022-94618-basvuru-numarali-karari\/embed\/#?secret=3qOTmmco4o\" width=\"600\" height=\"338\" title=\"&#8220;AYM&#8217;nin 2022\/94618 ba\u015fvuru numaral\u0131 karar\u0131&#8221; &#8212; Av. Deniz Can K\u0131z\u0131l\" data-secret=\"3qOTmmco4o\" frameborder=\"0\" marginwidth=\"0\" marginheight=\"0\" scrolling=\"no\" class=\"wp-embedded-content\"><\/iframe><script>\n\/*! This file is auto-generated *\/\n!function(d,l){\"use strict\";l.querySelector&&d.addEventListener&&\"undefined\"!=typeof URL&&(d.wp=d.wp||{},d.wp.receiveEmbedMessage||(d.wp.receiveEmbedMessage=function(e){var t=e.data;if((t||t.secret||t.message||t.value)&&!\/[^a-zA-Z0-9]\/.test(t.secret)){for(var s,r,n,a=l.querySelectorAll('iframe[data-secret=\"'+t.secret+'\"]'),o=l.querySelectorAll('blockquote[data-secret=\"'+t.secret+'\"]'),c=new RegExp(\"^https?:$\",\"i\"),i=0;i<o.length;i++)o[i].style.display=\"none\";for(i=0;i<a.length;i++)s=a[i],e.source===s.contentWindow&&(s.removeAttribute(\"style\"),\"height\"===t.message?(1e3<(r=parseInt(t.value,10))?r=1e3:~~r<200&&(r=200),s.height=r):\"link\"===t.message&&(r=new URL(s.getAttribute(\"src\")),n=new URL(t.value),c.test(n.protocol))&&n.host===r.host&&l.activeElement===s&&(d.top.location.href=t.value))}},d.addEventListener(\"message\",d.wp.receiveEmbedMessage,!1),l.addEventListener(\"DOMContentLoaded\",function(){for(var e,t,s=l.querySelectorAll(\"iframe.wp-embedded-content\"),r=0;r<s.length;r++)(t=(e=s[r]).getAttribute(\"data-secret\"))||(t=Math.random().toString(36).substring(2,12),e.src+=\"#?secret=\"+t,e.setAttribute(\"data-secret\",t)),e.contentWindow.postMessage({message:\"ready\",secret:t},\"*\")},!1)))}(window,document);\n\/\/# sourceURL=https:\/\/denizcankizil.tr\/wp-includes\/js\/wp-embed.min.js\n<\/script>","description":"T\u00dcRK\u0130YE CUMHUR\u0130YET\u0130 ANAYASA MAHKEMES\u0130 \u00a0 \u00a0 \u0130K\u0130NC\u0130 B\u00d6L\u00dcM \u00a0 KARAR \u00a0 \u0130SMA\u0130L KILI\u00c7 BA\u015eVURUSU (Ba\u015fvuru Numaras\u0131: 2022\/94618) \u00a0 Karar Tarihi: 30\/10\/2024 \u0130K\u0130NC\u0130 B\u00d6L\u00dcM \u00a0 KARAR \u00a0 \u00a0 Ba\u015fkan : Basri BA\u011eCI \u00dcyeler : Engin YILDIRIM \u00a0 \u00a0 R\u0131dvan G\u00dcLE\u00c7 \u00a0 \u00a0 Kenan YA\u015eAR \u00a0 \u00a0 \u00d6mer \u00c7INAR Raport\u00f6r : Y\u00fcksel G\u00dcNARSLAN Ba\u015fvurucu : \u0130smail KILI\u00c7 Vekili : Av. Recep ALTUN \u00a0 I. BA\u015eVURUNUN \u00d6ZET\u0130 1. Ba\u015fvuru, a\u00e7\u0131k ceza infaz kurumunda ge\u00e7irilen s\u00fcrenin hapis cezas\u0131ndan mahsup edilmesi ve denetimli serbestlik tedbirinden yararlanma taleplerinin reddedilmesi nedeniyle ki\u015fi h\u00fcrriyeti ve g\u00fcvenli\u011fi hakk\u0131n\u0131n; taleplerin reddine ili\u015fkin kararlarda somut bir gerek\u00e7eye yer verilmemesi, Cumhuriyet savc\u0131s\u0131n\u0131n yarg\u0131sal s\u00fcre\u00e7teki g\u00f6r\u00fc\u015flerinin bildirilmemesi ve incelemenin duru\u015fmas\u0131z yap\u0131lmas\u0131 nedeniyle de adil yarg\u0131lanma hakk\u0131n\u0131n ihlal edildi\u011fi iddialar\u0131na ili\u015fkindir. 2. Konya 9. A\u011f\u0131r Ceza Mahkemesi (Mahkeme) taraf\u0131ndan y\u00fcr\u00fct\u00fclen yarg\u0131lama neticesinde ba\u015fvurucunun silahl\u0131 ter\u00f6r \u00f6rg\u00fct\u00fcne \u00fcye olmamakla birlikte bilerek ve isteyerek yard\u0131m etme su\u00e7undan 1 y\u0131l 13 ay hapis cezas\u0131 ile mahk\u00fbmiyetine 30\/1\/2019 tarihinde karar verilmi\u015ftir. 3. S\u00f6z konusu h\u00fck\u00fcm, ba\u015fvurucunun istinaf kanun yolu ba\u015fvurusunun esastan reddi ile 29\/3\/2019 tarihinde kesinle\u015fmi\u015ftir. 4. H\u00fckm\u00fcn kesinle\u015fmesi sonras\u0131nda mahk\u00fbmiyet karar\u0131n\u0131n infaz\u0131na ba\u015flanm\u0131\u015f ve ba\u015fvurucu 3\/5\/2019 tarihinde Ak\u015fehir T Tipi Kapal\u0131 Ceza \u0130nfaz Kurumuna (Kapal\u0131 Ceza \u0130nfaz Kurumu) yerle\u015ftirilmi\u015ftir. Ba\u015fvurucu hakk\u0131nda d\u00fczenlenen m\u00fcddetnameye g\u00f6re ba\u015fvurucunun ko\u015fullu sal\u0131verilme &hellip;"}