{"version":"1.0","provider_name":"Av. Deniz Can K\u0131z\u0131l","provider_url":"https:\/\/denizcankizil.tr\/en","author_name":"Hukuki Haber.net","author_url":"https:\/\/denizcankizil.tr\/en\/author\/hukukihabernet\/","title":"AYM'nin 2021\/59089 ba\u015fvuru numaral\u0131 karar\u0131","type":"rich","width":600,"height":338,"html":"<blockquote class=\"wp-embedded-content\" data-secret=\"iK3ZshU9rZ\"><a href=\"https:\/\/denizcankizil.tr\/en\/hukukihaber\/aymnin-2021-59089-basvuru-numarali-karari\/\">AYM&#8217;nin 2021\/59089 ba\u015fvuru numaral\u0131 karar\u0131<\/a><\/blockquote><iframe sandbox=\"allow-scripts\" security=\"restricted\" src=\"https:\/\/denizcankizil.tr\/en\/hukukihaber\/aymnin-2021-59089-basvuru-numarali-karari\/embed\/#?secret=iK3ZshU9rZ\" width=\"600\" height=\"338\" title=\"&#8220;AYM&#8217;nin 2021\/59089 ba\u015fvuru numaral\u0131 karar\u0131&#8221; &#8212; Av. Deniz Can K\u0131z\u0131l\" data-secret=\"iK3ZshU9rZ\" frameborder=\"0\" marginwidth=\"0\" marginheight=\"0\" scrolling=\"no\" class=\"wp-embedded-content\"><\/iframe><script>\n\/*! This file is auto-generated *\/\n!function(d,l){\"use strict\";l.querySelector&&d.addEventListener&&\"undefined\"!=typeof URL&&(d.wp=d.wp||{},d.wp.receiveEmbedMessage||(d.wp.receiveEmbedMessage=function(e){var t=e.data;if((t||t.secret||t.message||t.value)&&!\/[^a-zA-Z0-9]\/.test(t.secret)){for(var s,r,n,a=l.querySelectorAll('iframe[data-secret=\"'+t.secret+'\"]'),o=l.querySelectorAll('blockquote[data-secret=\"'+t.secret+'\"]'),c=new RegExp(\"^https?:$\",\"i\"),i=0;i<o.length;i++)o[i].style.display=\"none\";for(i=0;i<a.length;i++)s=a[i],e.source===s.contentWindow&&(s.removeAttribute(\"style\"),\"height\"===t.message?(1e3<(r=parseInt(t.value,10))?r=1e3:~~r<200&&(r=200),s.height=r):\"link\"===t.message&&(r=new URL(s.getAttribute(\"src\")),n=new URL(t.value),c.test(n.protocol))&&n.host===r.host&&l.activeElement===s&&(d.top.location.href=t.value))}},d.addEventListener(\"message\",d.wp.receiveEmbedMessage,!1),l.addEventListener(\"DOMContentLoaded\",function(){for(var e,t,s=l.querySelectorAll(\"iframe.wp-embedded-content\"),r=0;r<s.length;r++)(t=(e=s[r]).getAttribute(\"data-secret\"))||(t=Math.random().toString(36).substring(2,12),e.src+=\"#?secret=\"+t,e.setAttribute(\"data-secret\",t)),e.contentWindow.postMessage({message:\"ready\",secret:t},\"*\")},!1)))}(window,document);\n\/\/# sourceURL=https:\/\/denizcankizil.tr\/wp-includes\/js\/wp-embed.min.js\n<\/script>","description":"T\u00dcRK\u0130YE CUMHUR\u0130YET\u0130 ANAYASA MAHKEMES\u0130 \u00a0 \u00a0 \u0130K\u0130NC\u0130 B\u00d6L\u00dcM \u00a0 KARAR \u00a0 RE\u015e\u0130T ASLAN BA\u015eVURUSU (Ba\u015fvuru Numaras\u0131: 2021\/59089) \u00a0 Karar Tarihi: 27\/11\/2024 \u0130K\u0130NC\u0130 B\u00d6L\u00dcM \u00a0 KARAR \u00a0 \u00a0 Ba\u015fkan : Basri BA\u011eCI \u00dcyeler : Engin YILDIRIM \u00a0 \u00a0 R\u0131dvan G\u00dcLE\u00c7 \u00a0 \u00a0 Kenan YA\u015eAR \u00a0 \u00a0 \u00d6mer \u00c7INAR Raport\u00f6r : Ferhat YILDIZ Ba\u015fvurucu : Re\u015fit ASLAN Vekili : Av. \u0130brahim \u00c7EL\u0130KER \u00a0 I. BA\u015eVURUNUN KONUSU 1. Ba\u015fvuru, s\u00fcrekli i\u015f\u00e7i kadrosuna ge\u00e7me talebinin \u015fartlar\u0131 ta\u015f\u0131mad\u0131\u011f\u0131 gerek\u00e7esiyle reddedilmesi sonucunda i\u015f s\u00f6zle\u015fmesinin feshedilmesi nedeniyle \u00f6zel hayata sayg\u0131 hakk\u0131n\u0131n ihlal edildi\u011fi iddias\u0131na ili\u015fkindir. II. BA\u015eVURU S\u00dcREC\u0130 2. Komisyon, ba\u015fvurunun kabul edilebilirlik ve esas incelemesinin B\u00f6l\u00fcm taraf\u0131ndan yap\u0131lmas\u0131na karar vermi\u015ftir. 3. Ba\u015fvuru belgelerinin bir \u00f6rne\u011fi bilgi i\u00e7in Adalet Bakanl\u0131\u011f\u0131na (Bakanl\u0131k) g\u00f6nderilmi\u015ftir. Bakanl\u0131k g\u00f6r\u00fc\u015f\u00fcn\u00fc bildirmi\u015ftir. Ba\u015fvurucu, Bakanl\u0131\u011f\u0131n g\u00f6r\u00fc\u015f\u00fcne kar\u015f\u0131 beyanda bulunmam\u0131\u015ft\u0131r. III. OLAY VE OLGULAR 4. Ba\u015fvuru formu ve eklerinde ifade edildi\u011fi \u015fekliyle ilgili olaylar \u00f6zetle \u015f\u00f6yledir: 5. Ba\u015fvurucu, Batman Belediye Ba\u015fkanl\u0131\u011f\u0131nda (Belediye) ta\u015feron i\u015f\u00e7isi olarak \u00e7al\u0131\u015f\u0131rken 20\/11\/2017 tarihli ve 696 say\u0131l\u0131 Ola\u011fan\u00fcst\u00fc Hal Kapsam\u0131nda Baz\u0131 D\u00fczenlemeler Yap\u0131lmas\u0131 Hakk\u0131nda Kanun H\u00fckm\u00fcnde Kararname&#8217;nin (696 say\u0131l\u0131 KHK) 127. maddesiyle 27\/6\/1989 tarihli ve 375 say\u0131l\u0131 Kanun H\u00fckm\u00fcnde Kararname&#8217;ye (375 say\u0131l\u0131 KHK) eklenen ge\u00e7ici 24. madde kapsam\u0131nda s\u00fcrekli i\u015f\u00e7i kadrosuna atanmak i\u00e7in ba\u015fvurmu\u015ftur. 6. 375 say\u0131l\u0131 KHK&#8217;n\u0131n ge\u00e7ici 24. maddesinin 1. &hellip;"}