{"version":"1.0","provider_name":"Av. Deniz Can K\u0131z\u0131l","provider_url":"https:\/\/denizcankizil.tr\/en","author_name":"Hukuki Haber.net","author_url":"https:\/\/denizcankizil.tr\/en\/author\/hukukihabernet\/","title":"AYM'nin 2021\/58931 ba\u015fvuru numaral\u0131 karar\u0131","type":"rich","width":600,"height":338,"html":"<blockquote class=\"wp-embedded-content\" data-secret=\"FMWP5EnGKK\"><a href=\"https:\/\/denizcankizil.tr\/en\/hukukihaber\/aymnin-2021-58931-basvuru-numarali-karari\/\">AYM&#8217;nin 2021\/58931 ba\u015fvuru numaral\u0131 karar\u0131<\/a><\/blockquote><iframe sandbox=\"allow-scripts\" security=\"restricted\" src=\"https:\/\/denizcankizil.tr\/en\/hukukihaber\/aymnin-2021-58931-basvuru-numarali-karari\/embed\/#?secret=FMWP5EnGKK\" width=\"600\" height=\"338\" title=\"&#8220;AYM&#8217;nin 2021\/58931 ba\u015fvuru numaral\u0131 karar\u0131&#8221; &#8212; Av. Deniz Can K\u0131z\u0131l\" data-secret=\"FMWP5EnGKK\" frameborder=\"0\" marginwidth=\"0\" marginheight=\"0\" scrolling=\"no\" class=\"wp-embedded-content\"><\/iframe><script>\n\/*! This file is auto-generated *\/\n!function(d,l){\"use strict\";l.querySelector&&d.addEventListener&&\"undefined\"!=typeof URL&&(d.wp=d.wp||{},d.wp.receiveEmbedMessage||(d.wp.receiveEmbedMessage=function(e){var t=e.data;if((t||t.secret||t.message||t.value)&&!\/[^a-zA-Z0-9]\/.test(t.secret)){for(var s,r,n,a=l.querySelectorAll('iframe[data-secret=\"'+t.secret+'\"]'),o=l.querySelectorAll('blockquote[data-secret=\"'+t.secret+'\"]'),c=new RegExp(\"^https?:$\",\"i\"),i=0;i<o.length;i++)o[i].style.display=\"none\";for(i=0;i<a.length;i++)s=a[i],e.source===s.contentWindow&&(s.removeAttribute(\"style\"),\"height\"===t.message?(1e3<(r=parseInt(t.value,10))?r=1e3:~~r<200&&(r=200),s.height=r):\"link\"===t.message&&(r=new URL(s.getAttribute(\"src\")),n=new URL(t.value),c.test(n.protocol))&&n.host===r.host&&l.activeElement===s&&(d.top.location.href=t.value))}},d.addEventListener(\"message\",d.wp.receiveEmbedMessage,!1),l.addEventListener(\"DOMContentLoaded\",function(){for(var e,t,s=l.querySelectorAll(\"iframe.wp-embedded-content\"),r=0;r<s.length;r++)(t=(e=s[r]).getAttribute(\"data-secret\"))||(t=Math.random().toString(36).substring(2,12),e.src+=\"#?secret=\"+t,e.setAttribute(\"data-secret\",t)),e.contentWindow.postMessage({message:\"ready\",secret:t},\"*\")},!1)))}(window,document);\n\/\/# sourceURL=https:\/\/denizcankizil.tr\/wp-includes\/js\/wp-embed.min.js\n<\/script>","description":"T\u00dcRK\u0130YE CUMHUR\u0130YET\u0130 ANAYASA MAHKEMES\u0130 \u00a0 \u00a0 \u0130K\u0130NC\u0130 B\u00d6L\u00dcM \u00a0 KARAR \u00a0 M. T. BA\u015eVURUSU (Ba\u015fvuru Numaras\u0131: 2021\/58931) \u00a0 Karar Tarihi: 22\/1\/2025 \u0130K\u0130NC\u0130 B\u00d6L\u00dcM \u00a0 KARAR \u00a0 \u00a0 Ba\u015fkan : Basri BA\u011eCI \u00dcyeler : Engin YILDIRIM \u00a0 \u00a0 Y\u0131ld\u0131z SEFER\u0130NO\u011eLU \u00a0 \u00a0 Kenan YA\u015eAR \u00a0 \u00a0 \u00d6mer \u00c7INAR Raport\u00f6r : Yusuf Enes KAYA Ba\u015fvurucu : Vekili : Av. G\u00f6zde TOPRAKLAR \u00a0 I. BA\u015eVURUNUN KONUSU 1. Ba\u015fvuru, ko\u015fullu sal\u0131verilme s\u00fcresini a\u015fan tutuklulu\u011fun tazmini amac\u0131yla maddi tazminat y\u00f6n\u00fcnden a\u00e7\u0131lan ek davan\u0131n reddedilmesi nedeniyle adil yarg\u0131lanma hakk\u0131n\u0131n ihlal edildi\u011fi iddias\u0131na ili\u015fkindir. II. BA\u015eVURU S\u00dcREC\u0130 2. Ba\u015fvuru 15\/11\/2021 tarihinde yap\u0131lm\u0131\u015ft\u0131r. Komisyon, ba\u015fvurunun kabul edilebilirlik incelemesinin B\u00f6l\u00fcm taraf\u0131ndan yap\u0131lmas\u0131na karar vermi\u015ftir. 3. Ba\u015fvuru belgelerinin bir \u00f6rne\u011fi bilgi i\u00e7in Adalet Bakanl\u0131\u011f\u0131na (Bakanl\u0131k) g\u00f6nderilmi\u015ftir. Bakanl\u0131k g\u00f6r\u00fc\u015f\u00fcn\u00fc bildirmi\u015ftir. III. OLAY VE OLGULAR 4. Ba\u015fvurucu, \u0130stanbul 12. A\u011f\u0131r Ceza Mahkemesinin 30\/4\/2008 tarihli karar\u0131yla anayasal d\u00fczeni zorla de\u011fi\u015ftirmeye kalk\u0131\u015fmak su\u00e7undan 16 y\u0131l 8 ay hapis cezas\u0131na mahk\u00fbm edilmi\u015ftir. Ba\u015fvurucu, yarg\u0131lanmas\u0131 kapsam\u0131nda 17\/5\/1996 ile 30\/5\/1996 tarihleri aras\u0131nda g\u00f6zalt\u0131nda ve 30\/5\/1996 ile 28\/2\/2001 tarihleri aras\u0131nda tutuklu kalm\u0131\u015ft\u0131r. Ba\u015fvurucu, cezas\u0131n\u0131n infaz\u0131 i\u00e7in 2\/1\/2013 tarihinde ceza infaz kurumuna girmi\u015ftir. 5. Ba\u015fvurucunun cezas\u0131n\u0131n infaz\u0131 kapsam\u0131nda Antalya Cumhuriyet Ba\u015fsavc\u0131l\u0131\u011f\u0131nca 2\/1\/2013 tarihinde haz\u0131rlanan m\u00fcddetnamede hak ederek tahliye tarihi 14\/11\/2024 ve ko\u015fullu sal\u0131verilme tarihi 15\/9\/2020 olarak tespit edilmi\u015ftir. Ba\u015fvurucunun &hellip;"}