{"version":"1.0","provider_name":"Av. Deniz Can K\u0131z\u0131l","provider_url":"https:\/\/denizcankizil.tr\/en","author_name":"Hukuki Haber.net","author_url":"https:\/\/denizcankizil.tr\/en\/author\/hukukihabernet\/","title":"AYM'nin 2021\/14057 ba\u015fvuru numaral\u0131 karar\u0131","type":"rich","width":600,"height":338,"html":"<blockquote class=\"wp-embedded-content\" data-secret=\"tal2jHCtMP\"><a href=\"https:\/\/denizcankizil.tr\/en\/hukukihaber\/aymnin-2021-14057-basvuru-numarali-karari\/\">AYM&#8217;nin 2021\/14057 ba\u015fvuru numaral\u0131 karar\u0131<\/a><\/blockquote><iframe sandbox=\"allow-scripts\" security=\"restricted\" src=\"https:\/\/denizcankizil.tr\/en\/hukukihaber\/aymnin-2021-14057-basvuru-numarali-karari\/embed\/#?secret=tal2jHCtMP\" width=\"600\" height=\"338\" title=\"&#8220;AYM&#8217;nin 2021\/14057 ba\u015fvuru numaral\u0131 karar\u0131&#8221; &#8212; Av. Deniz Can K\u0131z\u0131l\" data-secret=\"tal2jHCtMP\" frameborder=\"0\" marginwidth=\"0\" marginheight=\"0\" scrolling=\"no\" class=\"wp-embedded-content\"><\/iframe><script>\n\/*! This file is auto-generated *\/\n!function(d,l){\"use strict\";l.querySelector&&d.addEventListener&&\"undefined\"!=typeof URL&&(d.wp=d.wp||{},d.wp.receiveEmbedMessage||(d.wp.receiveEmbedMessage=function(e){var t=e.data;if((t||t.secret||t.message||t.value)&&!\/[^a-zA-Z0-9]\/.test(t.secret)){for(var s,r,n,a=l.querySelectorAll('iframe[data-secret=\"'+t.secret+'\"]'),o=l.querySelectorAll('blockquote[data-secret=\"'+t.secret+'\"]'),c=new RegExp(\"^https?:$\",\"i\"),i=0;i<o.length;i++)o[i].style.display=\"none\";for(i=0;i<a.length;i++)s=a[i],e.source===s.contentWindow&&(s.removeAttribute(\"style\"),\"height\"===t.message?(1e3<(r=parseInt(t.value,10))?r=1e3:~~r<200&&(r=200),s.height=r):\"link\"===t.message&&(r=new URL(s.getAttribute(\"src\")),n=new URL(t.value),c.test(n.protocol))&&n.host===r.host&&l.activeElement===s&&(d.top.location.href=t.value))}},d.addEventListener(\"message\",d.wp.receiveEmbedMessage,!1),l.addEventListener(\"DOMContentLoaded\",function(){for(var e,t,s=l.querySelectorAll(\"iframe.wp-embedded-content\"),r=0;r<s.length;r++)(t=(e=s[r]).getAttribute(\"data-secret\"))||(t=Math.random().toString(36).substring(2,12),e.src+=\"#?secret=\"+t,e.setAttribute(\"data-secret\",t)),e.contentWindow.postMessage({message:\"ready\",secret:t},\"*\")},!1)))}(window,document);\n\/\/# sourceURL=https:\/\/denizcankizil.tr\/wp-includes\/js\/wp-embed.min.js\n<\/script>","description":"T\u00dcRK\u0130YE CUMHUR\u0130YET\u0130 ANAYASA MAHKEMES\u0130 \u00a0 \u00a0 \u0130K\u0130NC\u0130 B\u00d6L\u00dcM \u00a0 KARAR \u00a0 AL\u0130 \u015eANLI BA\u015eVURUSU (Ba\u015fvuru Numaras\u0131: 2021\/14057) \u00a0 Karar Tarihi: 11\/12\/2024 \u0130K\u0130NC\u0130 B\u00d6L\u00dcM \u00a0 KARAR \u00a0 Ba\u015fkan : Basri BA\u011eCI \u00dcyeler : Engin YILDIRIM \u00a0 \u00a0 Kenan YA\u015eAR \u00a0 \u00a0 \u00d6mer \u00c7INAR \u00a0 \u00a0 Metin KIRATLI Raport\u00f6r : Yusuf Enes KAYA Ba\u015fvurucu : Ali \u015eANLI Vekili : Av. H\u00fclya DEM\u0130R \u00a0 I. BA\u015eVURUNUN \u00d6ZET\u0130 1. Ba\u015fvuru, tutukluluk karar\u0131na kar\u015f\u0131 yap\u0131lan itiraz\u0131n s\u00fcresinde incelenmemesi nedeniyle ki\u015fi h\u00fcrriyeti ve g\u00fcvenli\u011fi hakk\u0131n\u0131n ihlal edildi\u011fi iddias\u0131na ili\u015fkindir. 2. Ba\u015fvurucu, Hava Kuvvetlerinde astsubay k\u0131demli ba\u015f\u00e7avu\u015f olarak g\u00f6rev yapmaktayken Fetullah\u00e7\u0131 Ter\u00f6r \u00d6rg\u00fct\u00fc\/Paralel Devlet Yap\u0131lanmas\u0131 (FET\u00d6\/PDY) kapsam\u0131nda g\u00f6zalt\u0131na al\u0131nm\u0131\u015ft\u0131r. Ba\u015fvurucu 21\/1\/2021 tarihinde \u0130zmir Cumhuriyet Ba\u015fsavc\u0131l\u0131\u011f\u0131 taraf\u0131ndan silahl\u0131 ter\u00f6r \u00f6rg\u00fct\u00fcne \u00fcye olma su\u00e7undan tutuklanmas\u0131 istemiyle\u0130zmir 2. Sulh Ceza H\u00e2kimli\u011fine (Sulh Ceza H\u00e2kimli\u011fine) sevk edilmi\u015f ve ayn\u0131 tarihte m\u00fcsnet su\u00e7tan tutuklanm\u0131\u015ft\u0131r. 3. \u0130zmir Cumhuriyet Ba\u015fsavc\u0131l\u0131\u011f\u0131 22\/1\/2021 tarihli yetkisizlik karar\u0131yla soru\u015fturma dosyas\u0131n\u0131 Ankara Cumhuriyet Ba\u015fsavc\u0131l\u0131\u011f\u0131na g\u00f6ndermi\u015ftir. Ba\u015fvurucu vekili taraf\u0131ndan Sulh Ceza H\u00e2kimli\u011fine 27\/1\/2021 tarihinde tutuklama karar\u0131na itiraz edilmi\u015f, Sulh Ceza H\u00e2kimli\u011fi soru\u015fturma dosyas\u0131nda yetkisizlik karar\u0131 verilmesi nedeniyle itiraz dilek\u00e7esini ilgili yere g\u00f6nderilmek \u00fczere \u0130zmir Cumhuriyet Ba\u015fsavc\u0131l\u0131\u011f\u0131na g\u00f6ndermi\u015ftir. \u0130zmir Cumhuriyet Ba\u015fsavc\u0131l\u0131\u011f\u0131 da itiraz dilek\u00e7esini 1\/2\/2021 tarihinde Ankara Cumhuriyet Ba\u015fsavc\u0131l\u0131\u011f\u0131na iletmi\u015ftir. 4. Ankara Cumhuriyet Ba\u015fsavc\u0131l\u0131\u011f\u0131 1\/2\/2021 tarihinde yetkisizlik karar\u0131 vererek yetki uyu\u015fmazl\u0131\u011f\u0131n\u0131 &hellip;"}