{"version":"1.0","provider_name":"Av. Deniz Can K\u0131z\u0131l","provider_url":"https:\/\/denizcankizil.tr\/en","author_name":"Av. Deniz Can K\u0131z\u0131l","author_url":"https:\/\/denizcankizil.tr\/en","title":"AYM'nin 2019\/1278 ba\u015fvuru numaral\u0131 karar\u0131","type":"rich","width":600,"height":338,"html":"<blockquote class=\"wp-embedded-content\" data-secret=\"1BRhOLYkez\"><a href=\"https:\/\/denizcankizil.tr\/en\/hukukihaber\/aymnin-2019-1278-basvuru-numarali-karari\/\">AYM&#8217;nin 2019\/1278 ba\u015fvuru numaral\u0131 karar\u0131<\/a><\/blockquote><iframe sandbox=\"allow-scripts\" security=\"restricted\" src=\"https:\/\/denizcankizil.tr\/en\/hukukihaber\/aymnin-2019-1278-basvuru-numarali-karari\/embed\/#?secret=1BRhOLYkez\" width=\"600\" height=\"338\" title=\"&#8220;AYM&#8217;nin 2019\/1278 ba\u015fvuru numaral\u0131 karar\u0131&#8221; &#8212; Av. Deniz Can K\u0131z\u0131l\" data-secret=\"1BRhOLYkez\" frameborder=\"0\" marginwidth=\"0\" marginheight=\"0\" scrolling=\"no\" class=\"wp-embedded-content\"><\/iframe><script>\n\/*! This file is auto-generated *\/\n!function(d,l){\"use strict\";l.querySelector&&d.addEventListener&&\"undefined\"!=typeof URL&&(d.wp=d.wp||{},d.wp.receiveEmbedMessage||(d.wp.receiveEmbedMessage=function(e){var t=e.data;if((t||t.secret||t.message||t.value)&&!\/[^a-zA-Z0-9]\/.test(t.secret)){for(var s,r,n,a=l.querySelectorAll('iframe[data-secret=\"'+t.secret+'\"]'),o=l.querySelectorAll('blockquote[data-secret=\"'+t.secret+'\"]'),c=new RegExp(\"^https?:$\",\"i\"),i=0;i<o.length;i++)o[i].style.display=\"none\";for(i=0;i<a.length;i++)s=a[i],e.source===s.contentWindow&&(s.removeAttribute(\"style\"),\"height\"===t.message?(1e3<(r=parseInt(t.value,10))?r=1e3:~~r<200&&(r=200),s.height=r):\"link\"===t.message&&(r=new URL(s.getAttribute(\"src\")),n=new URL(t.value),c.test(n.protocol))&&n.host===r.host&&l.activeElement===s&&(d.top.location.href=t.value))}},d.addEventListener(\"message\",d.wp.receiveEmbedMessage,!1),l.addEventListener(\"DOMContentLoaded\",function(){for(var e,t,s=l.querySelectorAll(\"iframe.wp-embedded-content\"),r=0;r<s.length;r++)(t=(e=s[r]).getAttribute(\"data-secret\"))||(t=Math.random().toString(36).substring(2,12),e.src+=\"#?secret=\"+t,e.setAttribute(\"data-secret\",t)),e.contentWindow.postMessage({message:\"ready\",secret:t},\"*\")},!1)))}(window,document);\n\/\/# sourceURL=https:\/\/denizcankizil.tr\/wp-includes\/js\/wp-embed.min.js\n<\/script>","description":"T\u00dcRK\u0130YE CUMHUR\u0130YET\u0130 ANAYASA MAHKEMES\u0130 \u00a0 \u00a0 GENEL KURUL \u00a0 KARAR \u00a0 HAKAN BUZHANE BA\u015eVURUSU (Ba\u015fvuru Numaras\u0131: 2019\/1278) \u00a0 Karar Tarihi: 4\/7\/2024 R.G. Tarih ve Say\u0131: 13\/11\/2024-32721 \u00a0 GENEL KURUL \u00a0 KARAR \u00a0 Ba\u015fkan : Kadir \u00d6ZKAYA Ba\u015fkanvekili : Hasan Tahsin G\u00d6KCAN Ba\u015fkanvekili : Basri BA\u011eCI \u00dcyeler : Engin YILDIRIM \u00a0 \u00a0 R\u0131dvan G\u00dcLE\u00c7 \u00a0 \u00a0 Recai AKYEL \u00a0 \u00a0 Yusuf \u015eevki HAKYEMEZ \u00a0 \u00a0 Y\u0131ld\u0131z SEFER\u0130NO\u011eLU \u00a0 \u00a0 Selahaddin MENTE\u015e \u00a0 \u00a0 \u0130rfan F\u0130DAN \u00a0 \u00a0 Kenan YA\u015eAR \u00a0 \u00a0 Y\u0131lmaz AK\u00c7\u0130L \u00a0 \u00a0 \u00d6mer \u00c7INAR Raport\u00f6r : Melek \u015eAHAN Ba\u015fvurucu : Hakan BUZHANE Vekili : Av. \u0130brahim AFACAN \u00a0 I. BA\u015eVURUNUN \u00d6ZET\u0130 1. Ba\u015fvuru; ceza infaz kurumunda kalabal\u0131k odada tutulma, yeterli yemek verilmeme, sa\u011fl\u0131k hizmetlerinin gerekti\u011fi gibi sa\u011flanamamas\u0131 ve bu konulardaki ba\u015fvurunun infaz h\u00e2kimli\u011fince incelenmeden reddedilmesi nedeniyle k\u00f6t\u00fc muamele yasa\u011f\u0131yla ba\u011flant\u0131l\u0131 olarak etkili ba\u015fvuru hakk\u0131n\u0131n ihlal edildi\u011fi iddias\u0131na ili\u015fkindir. 2. Ba\u015fvurucu, ba\u015fka bir ceza infaz kurumundan 30\/3\/2015 tarihinde naklen getirildi\u011fi Marmara (Silivri) 2 No.lu L Tipi Kapal\u0131 Ceza \u0130nfaz Kurumunda (\u0130nfaz Kurumu) 21\/9\/2019 tarihine kadar bar\u0131nd\u0131r\u0131lm\u0131\u015ft\u0131r. Ba\u015fvurucu 21\/9\/2019 tarihinde ba\u015fka bir ceza infaz kurumuna nakledilmi\u015f ve 15\/4\/2020 tarihinde de denetimli serbestlik tedbiri uygulanmak \u015fart\u0131yla tahliye edilmi\u015ftir. 3. Ba\u015fvurucu; \u0130nfaz Kurumunun a\u015f\u0131r\u0131 kalabal\u0131k olmas\u0131 nedeniyle g\u00fcnl\u00fck hayat\u0131n\u0131 s\u00fcrd\u00fcrmekte ve haklar\u0131n\u0131 &hellip;"}