{"version":"1.0","provider_name":"Av. Deniz Can K\u0131z\u0131l","provider_url":"https:\/\/denizcankizil.tr\/en","author_name":"Antalya K\u00f6rfez","author_url":"https:\/\/denizcankizil.tr\/en\/author\/www-antalyakorfez-com\/","title":"Zeytinlik yasas\u0131 kabul edildi! \u015eimdi ne olacak?","type":"rich","width":600,"height":338,"html":"<blockquote class=\"wp-embedded-content\" data-secret=\"wB11d33YA7\"><a href=\"https:\/\/denizcankizil.tr\/en\/haberler\/gundem\/zeytinlik-yasasi-kabul-edildi-simdi-ne-olacak\/\">Zeytinlik yasas\u0131 kabul edildi! \u015eimdi ne olacak?<\/a><\/blockquote><iframe sandbox=\"allow-scripts\" security=\"restricted\" src=\"https:\/\/denizcankizil.tr\/en\/haberler\/gundem\/zeytinlik-yasasi-kabul-edildi-simdi-ne-olacak\/embed\/#?secret=wB11d33YA7\" width=\"600\" height=\"338\" title=\"&#8220;Zeytinlik yasas\u0131 kabul edildi! \u015eimdi ne olacak?&#8221; &#8212; Av. Deniz Can K\u0131z\u0131l\" data-secret=\"wB11d33YA7\" frameborder=\"0\" marginwidth=\"0\" marginheight=\"0\" scrolling=\"no\" class=\"wp-embedded-content\"><\/iframe><script>\n\/*! This file is auto-generated *\/\n!function(d,l){\"use strict\";l.querySelector&&d.addEventListener&&\"undefined\"!=typeof URL&&(d.wp=d.wp||{},d.wp.receiveEmbedMessage||(d.wp.receiveEmbedMessage=function(e){var t=e.data;if((t||t.secret||t.message||t.value)&&!\/[^a-zA-Z0-9]\/.test(t.secret)){for(var s,r,n,a=l.querySelectorAll('iframe[data-secret=\"'+t.secret+'\"]'),o=l.querySelectorAll('blockquote[data-secret=\"'+t.secret+'\"]'),c=new RegExp(\"^https?:$\",\"i\"),i=0;i<o.length;i++)o[i].style.display=\"none\";for(i=0;i<a.length;i++)s=a[i],e.source===s.contentWindow&&(s.removeAttribute(\"style\"),\"height\"===t.message?(1e3<(r=parseInt(t.value,10))?r=1e3:~~r<200&&(r=200),s.height=r):\"link\"===t.message&&(r=new URL(s.getAttribute(\"src\")),n=new URL(t.value),c.test(n.protocol))&&n.host===r.host&&l.activeElement===s&&(d.top.location.href=t.value))}},d.addEventListener(\"message\",d.wp.receiveEmbedMessage,!1),l.addEventListener(\"DOMContentLoaded\",function(){for(var e,t,s=l.querySelectorAll(\"iframe.wp-embedded-content\"),r=0;r<s.length;r++)(t=(e=s[r]).getAttribute(\"data-secret\"))||(t=Math.random().toString(36).substring(2,12),e.src+=\"#?secret=\"+t,e.setAttribute(\"data-secret\",t)),e.contentWindow.postMessage({message:\"ready\",secret:t},\"*\")},!1)))}(window,document);\n\/\/# sourceURL=https:\/\/denizcankizil.tr\/wp-includes\/js\/wp-embed.min.js\n<\/script>","description":"Teklifle &#8220;kanun metninden, &#8220;\u00c7evresel Etki De\u011ferlendirmesi (\u00c7ED) gerekli de\u011fildir karar\u0131&#8221; ibaresi \u00e7\u0131kar\u0131l\u0131yor. Kanunla birlikte ayr\u0131ca \u00e7evreyi etkileyen projelerin tamam\u0131 i\u00e7in, &#8220;\u00c7ED olumlu karar\u0131 al\u0131nmas\u0131&#8221; zorunlu olacak. Yat\u0131r\u0131m \u015firketleri s\u00f6z konusu olumlu \u00c7ED karar\u0131 alamad\u0131\u011f\u0131 s\u00fcrece, onay, izin, te\u015fvik, yap\u0131 ve kullan\u0131m ruhsat\u0131 alamayacak, proje i\u00e7in yat\u0131r\u0131ma ba\u015flamayacak. \u00c7ED i\u015flemleri, \u00c7evre, \u015eehircilik ve \u0130klim De\u011fi\u015fikli\u011fi Bakanl\u0131\u011f\u0131 taraf\u0131ndan y\u00fcr\u00fct\u00fclecek. \u00c7evresel etki de\u011ferlendirmesi s\u00fcrecinde ilgili kurumlar g\u00f6r\u00fc\u015flerini en ge\u00e7 3 ay i\u00e7inde verecek. Kurumlar\u0131n ilave s\u00fcre talep etmeleri halinde en fazla 1 ay ek s\u00fcre verilecek. Y\u00dcZDE 70&#8217;\u0130 \u0130SE GENEL B\u00dcT\u00c7EYE EKLENECEK Di\u011fer taraftan, &#8220;Maden Kanunu&#8221;nda da de\u011fi\u015fiklik yap\u0131l\u0131yor. Ruhsat bedeli tan\u0131m\u0131nda yer alan \u00e7evre ile uyum teminat\u0131 \u00e7\u0131kar\u0131l\u0131yor ve rehabilitasyon i\u00e7in al\u0131nan bedel ayr\u0131ca d\u00fczenleniyor. \u015eirketlerden al\u0131nan ruhsat bedeli, ilgili firmaya verilen ruhsat\u0131n s\u00fcresi, i\u015fletilen maden say\u0131s\u0131, i\u00e7eri\u011fi ve kaplad\u0131\u011f\u0131 alan\u0131n b\u00fcy\u00fckl\u00fc\u011f\u00fcne g\u00f6re belirlenecek ve al\u0131nacak bedel ocak ay\u0131n\u0131n sonuna kadar tahsil edilecek. \u00d6te taraftan elde edilecek bedelin y\u00fczde 30&#8217;u Maden Petrol \u0130\u015fleri Genel M\u00fcd\u00fcrl\u00fc\u011f\u00fc (MAPEG) b\u00fct\u00e7esine, y\u00fczde 70&#8217;i ise genel b\u00fct\u00e7eye eklenecek. E\u015e DE\u011eER B\u00dcY\u00dcKL\u00dcKTE \u0130Z\u0130N VER\u0130LECEK Kanunla zeytinlik alanlarda \u00fclkenin elektrik ihtiyac\u0131na y\u00f6nelik s\u0131n\u0131rl\u0131 maden faaliyetlerine izin veriliyor. Ancak y\u00fcr\u00fct\u00fclen madencilik faaliyetlerinde zeytin a\u011fa\u00e7lar\u0131n\u0131n ta\u015f\u0131nmas\u0131 veya e\u015f de\u011fer zeytinlik kurulmas\u0131 \u015fart\u0131 getiriliyor. Zeytin a\u011fa\u00e7lar\u0131n\u0131n ta\u015f\u0131nmas\u0131n\u0131n m\u00fcmk\u00fcn olmad\u0131\u011f\u0131 durumlarda ise ilgili &hellip;"}