{"version":"1.0","provider_name":"Av. Deniz Can K\u0131z\u0131l","provider_url":"https:\/\/denizcankizil.tr\/en","author_name":"Av. Deniz Can K\u0131z\u0131l","author_url":"https:\/\/denizcankizil.tr\/en","title":"YESA\u015e'\u0131n kalitesi yat\u0131r\u0131mlarla daha da artt\u0131","type":"rich","width":600,"height":338,"html":"<blockquote class=\"wp-embedded-content\" data-secret=\"QyjMEWHM2h\"><a href=\"https:\/\/denizcankizil.tr\/en\/haberler\/gundem\/yesasin-kalitesi-yatirimlarla-daha-da-artti\/\">YESA\u015e&#8217;\u0131n kalitesi yat\u0131r\u0131mlarla daha da artt\u0131<\/a><\/blockquote><iframe sandbox=\"allow-scripts\" security=\"restricted\" src=\"https:\/\/denizcankizil.tr\/en\/haberler\/gundem\/yesasin-kalitesi-yatirimlarla-daha-da-artti\/embed\/#?secret=QyjMEWHM2h\" width=\"600\" height=\"338\" title=\"&#8220;YESA\u015e&#8217;\u0131n kalitesi yat\u0131r\u0131mlarla daha da artt\u0131&#8221; &#8212; Av. Deniz Can K\u0131z\u0131l\" data-secret=\"QyjMEWHM2h\" frameborder=\"0\" marginwidth=\"0\" marginheight=\"0\" scrolling=\"no\" class=\"wp-embedded-content\"><\/iframe><script>\n\/*! This file is auto-generated *\/\n!function(d,l){\"use strict\";l.querySelector&&d.addEventListener&&\"undefined\"!=typeof URL&&(d.wp=d.wp||{},d.wp.receiveEmbedMessage||(d.wp.receiveEmbedMessage=function(e){var t=e.data;if((t||t.secret||t.message||t.value)&&!\/[^a-zA-Z0-9]\/.test(t.secret)){for(var s,r,n,a=l.querySelectorAll('iframe[data-secret=\"'+t.secret+'\"]'),o=l.querySelectorAll('blockquote[data-secret=\"'+t.secret+'\"]'),c=new RegExp(\"^https?:$\",\"i\"),i=0;i<o.length;i++)o[i].style.display=\"none\";for(i=0;i<a.length;i++)s=a[i],e.source===s.contentWindow&&(s.removeAttribute(\"style\"),\"height\"===t.message?(1e3<(r=parseInt(t.value,10))?r=1e3:~~r<200&&(r=200),s.height=r):\"link\"===t.message&&(r=new URL(s.getAttribute(\"src\")),n=new URL(t.value),c.test(n.protocol))&&n.host===r.host&&l.activeElement===s&&(d.top.location.href=t.value))}},d.addEventListener(\"message\",d.wp.receiveEmbedMessage,!1),l.addEventListener(\"DOMContentLoaded\",function(){for(var e,t,s=l.querySelectorAll(\"iframe.wp-embedded-content\"),r=0;r<s.length;r++)(t=(e=s[r]).getAttribute(\"data-secret\"))||(t=Math.random().toString(36).substring(2,12),e.src+=\"#?secret=\"+t,e.setAttribute(\"data-secret\",t)),e.contentWindow.postMessage({message:\"ready\",secret:t},\"*\")},!1)))}(window,document);\n\/\/# sourceURL=https:\/\/denizcankizil.tr\/wp-includes\/js\/wp-embed.min.js\n<\/script>","description":"Bursa&#8217;da Yeni\u015fehir Belediyesi i\u015ftiraki olan Yeni\u015fehir Ekmek Sanayi A.\u015e. (YESA\u015e), sa\u011fl\u0131kl\u0131, kaliteli ve ucuz ekme\u011fi Yeni\u015fehir halk\u0131na sunmak i\u00e7in yat\u0131r\u0131mlar\u0131na devam ediyor.BURSA (\u0130GFA) &#8211;\u00a0 Bursa&#8217;da Yeni\u015fehir Belediye Ba\u015fkan\u0131 Ercan \u00d6zel, g\u00f6reve gelir gelmez, yapt\u0131\u011f\u0131 incelemeler sonras\u0131nda, YESA\u015e\u2019\u0131n hijyenik olmayan ko\u015fullarda \u00fcretim yapt\u0131\u011f\u0131n\u0131 fark ederek b\u00fcy\u00fck bir revizyon \u00e7al\u0131\u015fmas\u0131 yap\u0131lmas\u0131 talimat\u0131n\u0131 vermi\u015fti. Uzun s\u00fcredir, devam eden tadilat \u00e7al\u0131\u015fmalar\u0131yla sil ba\u015ftan yenilenen YESA\u015e\u2019\u0131n yeni, sa\u011fl\u0131kl\u0131 ve hijyenik ko\u015fullarda \u00fcretim yapan f\u0131r\u0131n\u0131 bas\u0131n mensuplar\u0131na a\u00e7\u0131ld\u0131. Konu hakk\u0131nda a\u00e7\u0131klama yapan Ba\u015fkan Ercan \u00d6zel, \u201c\u0130l\u00e7emize ve halk\u0131m\u0131za \u00f6zveriyle hizmet etmek i\u00e7in, gece g\u00fcnd\u00fcz demeden \u00e7al\u0131\u015f\u0131yor, Yeni\u015fehir&#8217;in daha g\u00fczel, ayd\u0131nl\u0131k ve refah i\u00e7erisinde olmas\u0131 i\u00e7in elimizden gelen gayreti g\u00f6steriyoruz\u201d dedi. \u2018ADETA KADER\u0130NE TERK ED\u0130LM\u0130\u015eT\u0130\u2019 Devrald\u0131klar\u0131 belediyeyi ve belediye i\u015ftiraklerini aya\u011fa kald\u0131rmak i\u00e7in hayati dokunu\u015flarda bulunduklar\u0131n\u0131 ifade eden Ba\u015fkan Ercan \u00d6zel, en \u00f6nemsedikleri konunun halk sa\u011fl\u0131\u011f\u0131 oldu\u011funu s\u00f6yleyerek il\u00e7edeki t\u00fcm i\u015fletmelerde denetimleri aral\u0131ks\u0131z s\u00fcrd\u00fcrd\u00fcklerini belirtti. YESA\u015e\u2019\u0131 nas\u0131l devrald\u0131klar\u0131n\u0131 anlatan Ba\u015fkan \u00d6zel, \u201cYeni\u015fehir&#8217;imizin marka de\u011feri olan YESA\u015e&#8217;\u0131n kalitesini art\u0131rmak i\u00e7in YESA\u015e M\u00fcd\u00fcr\u00fcm\u00fcz Koray Ayd\u0131n&#8217;\u0131n \u00f6nc\u00fcl\u00fc\u011f\u00fcnde \u00e7al\u0131\u015fmalar\u0131m\u0131z\u0131 s\u00fcrd\u00fcr\u00fcyoruz. G\u00f6reve geldi\u011fimizde YESA\u015e&#8217;\u0131n adeta kaderine terk edilmi\u015f bir durumda oldu\u011funu g\u00f6rd\u00fck\u2026 \u00dcretim b\u00f6l\u00fcm\u00fcnde is kaplayan duvarlar k\u00f6t\u00fc bir g\u00f6r\u00fcnt\u00fcye sebep oluyordu. D\u00f6k\u00fclen tavanlardan s\u0131zan sular nedeniyle tonlarca un kullan\u0131lamaz haldeydi. Elektrik kablolar\u0131n\u0131n d\u0131\u015far\u0131da olmas\u0131n\u0131n ve duvarlardan sarkmas\u0131n\u0131n \u00e7al\u0131\u015fanlar\u0131m\u0131z i\u00e7in tehlikeli bir &hellip;"}