{"version":"1.0","provider_name":"Av. Deniz Can K\u0131z\u0131l","provider_url":"https:\/\/denizcankizil.tr\/en","author_name":"Antalya K\u00f6rfez","author_url":"https:\/\/denizcankizil.tr\/en\/author\/www-antalyakorfez-com\/","title":"\u00dcmit Uysal'dan \"Adayl\u0131k a\u00e7\u0131klamas\u0131 de\u011fildir\" d\u00fczeltmesi","type":"rich","width":600,"height":338,"html":"<blockquote class=\"wp-embedded-content\" data-secret=\"x662Hv3ckq\"><a href=\"https:\/\/denizcankizil.tr\/en\/haberler\/gundem\/umit-uysaldan-adaylik-aciklamasi-degildir-duzeltmesi\/\">\u00dcmit Uysal&#8217;dan &#8220;Adayl\u0131k a\u00e7\u0131klamas\u0131 de\u011fildir&#8221; d\u00fczeltmesi<\/a><\/blockquote><iframe sandbox=\"allow-scripts\" security=\"restricted\" src=\"https:\/\/denizcankizil.tr\/en\/haberler\/gundem\/umit-uysaldan-adaylik-aciklamasi-degildir-duzeltmesi\/embed\/#?secret=x662Hv3ckq\" width=\"600\" height=\"338\" title=\"&#8220;\u00dcmit Uysal&#8217;dan &#8220;Adayl\u0131k a\u00e7\u0131klamas\u0131 de\u011fildir&#8221; d\u00fczeltmesi&#8221; &#8212; Av. Deniz Can K\u0131z\u0131l\" data-secret=\"x662Hv3ckq\" frameborder=\"0\" marginwidth=\"0\" marginheight=\"0\" scrolling=\"no\" class=\"wp-embedded-content\"><\/iframe><script>\n\/*! This file is auto-generated *\/\n!function(d,l){\"use strict\";l.querySelector&&d.addEventListener&&\"undefined\"!=typeof URL&&(d.wp=d.wp||{},d.wp.receiveEmbedMessage||(d.wp.receiveEmbedMessage=function(e){var t=e.data;if((t||t.secret||t.message||t.value)&&!\/[^a-zA-Z0-9]\/.test(t.secret)){for(var s,r,n,a=l.querySelectorAll('iframe[data-secret=\"'+t.secret+'\"]'),o=l.querySelectorAll('blockquote[data-secret=\"'+t.secret+'\"]'),c=new RegExp(\"^https?:$\",\"i\"),i=0;i<o.length;i++)o[i].style.display=\"none\";for(i=0;i<a.length;i++)s=a[i],e.source===s.contentWindow&&(s.removeAttribute(\"style\"),\"height\"===t.message?(1e3<(r=parseInt(t.value,10))?r=1e3:~~r<200&&(r=200),s.height=r):\"link\"===t.message&&(r=new URL(s.getAttribute(\"src\")),n=new URL(t.value),c.test(n.protocol))&&n.host===r.host&&l.activeElement===s&&(d.top.location.href=t.value))}},d.addEventListener(\"message\",d.wp.receiveEmbedMessage,!1),l.addEventListener(\"DOMContentLoaded\",function(){for(var e,t,s=l.querySelectorAll(\"iframe.wp-embedded-content\"),r=0;r<s.length;r++)(t=(e=s[r]).getAttribute(\"data-secret\"))||(t=Math.random().toString(36).substring(2,12),e.src+=\"#?secret=\"+t,e.setAttribute(\"data-secret\",t)),e.contentWindow.postMessage({message:\"ready\",secret:t},\"*\")},!1)))}(window,document);\n\/\/# sourceURL=https:\/\/denizcankizil.tr\/wp-includes\/js\/wp-embed.min.js\n<\/script>","description":"Cumhuriyet Halk Partisi (CHP)&#8217;nin cumhurba\u015fkan\u0131 aday\u0131n\u0131n \u00f6n se\u00e7imle belirleme karar\u0131yla birlikte \u0130stanbul B\u00fcy\u00fck\u015fehir Belediye (\u0130BB) Ba\u015fkan\u0131 Ekrem \u0130mamo\u011flu\u2019nun Cumhurba\u015fkan\u0131 Aday Aday\u0131 olarak \u00f6n se\u00e7ime kat\u0131laca\u011f\u0131n\u0131 a\u00e7\u0131klamas\u0131n\u0131n hemen ard\u0131ndan ismi aday adaylar\u0131 aras\u0131nda ge\u00e7en Muratpa\u015fa Belediye Ba\u015fkan\u0131 \u00dcmit Uysal, durumuna a\u00e7\u0131kl\u0131k getirdi. S\u00d6ZLER\u0130M &#8216;ADAYLIK&#8217; OLARAK YORUMLANDI AMA&#8230; \u00dcmit Uysal bug\u00fcn sosyal medya hesab\u0131ndan yapt\u0131\u011f\u0131 a\u00e7\u0131klamada, bas\u0131n mensuplar\u0131n\u0131n cumhurba\u015fkan\u0131 adayl\u0131\u011f\u0131na dair sorduklar\u0131 soruya verdi\u011fi cevapta &#8220;\u0130htiya\u00e7 ve talep olu\u015fursa&#8230;&#8221; \u015feklindeki s\u00f6zlerinin &#8216;adayl\u0131k&#8217; olarak yorumland\u0131\u011f\u0131na dikkat \u00e7ekti. Uysal, payla\u015f\u0131m\u0131nda, \u201cDe\u011ferli bas\u0131n mensuplar\u0131m\u0131z\u0131n sorular\u0131 \u00fczerine yapt\u0131\u011f\u0131m, &#8216;\u0130htiya\u00e7 ve talep olu\u015fur ise ve yeterli say\u0131da arkada\u015f\u0131m\u0131z aday olarak g\u00f6rmek isterse, parti ahlak\u0131 ve parti b\u00fct\u00fcnl\u00fc\u011f\u00fc \u00e7er\u00e7evesinde aday olurum \u015fartlar\u0131 zorlayacak bir hareket i\u00e7ine girmem&#8221; \u015feklindeki a\u00e7\u0131klamam yine bas\u0131n\u0131n de\u011ferli mensuplar\u0131 taraf\u0131ndan &#8216;adayl\u0131k&#8217; \u015feklinde yorumlanm\u0131\u015ft\u0131r\u201d dedi.\u00a0 ADAYLIK A\u00c7IKLAMASI DE\u011e\u0130LD\u0130R\u00a0 Partisinin \u00e7e\u015fitli kademelerinde 33 y\u0131ld\u0131r \u00e7e\u015fitli g\u00f6rev yapt\u0131\u011f\u0131na vurgu yapan \u00dcmit Uysal, adayl\u0131k yakla\u015f\u0131m\u0131 \u015fu s\u00f6zlerle ifade etti: &#8220;Bir ihtiyac\u0131n\u0131 g\u00f6rme, bir eksikli\u011fini giderme, iktidar y\u00fcr\u00fcy\u00fc\u015f\u00fcn\u00fc g\u00fc\u00e7lendirme, demokratik niteli\u011fini ve alternatif kadrolar\u0131n\u0131n oldu\u011funu, her CHP\u2019linin her an g\u00f6reve haz\u0131r oldu\u011funu g\u00f6sterme gayreti ile yine g\u00f6rev duygusu i\u00e7inde yap\u0131lm\u0131\u015f bir a\u00e7\u0131klamad\u0131r, &#8216;adayl\u0131k&#8217; de\u011fildir. Konuya a\u00e7\u0131kl\u0131k getirir, T\u00fcrkiye\u2019mize ve Cumhuriyet Halk Partimize s\u00fcrecin hay\u0131rl\u0131 olmas\u0131n\u0131 dilerim.\u201d\u00a0 \u200bCHP&#8217;nin cumhurba\u015fkan\u0131 aday\u0131n\u0131 \u00f6nse\u00e7imle belirleme karar\u0131na ili\u015fkin bir soruya &#8220;\u0130htiya\u00e7 ve talep olu\u015fursa&#8230;&#8221; &hellip;"}