{"version":"1.0","provider_name":"Av. Deniz Can K\u0131z\u0131l","provider_url":"https:\/\/denizcankizil.tr\/en","author_name":"admin","author_url":"https:\/\/denizcankizil.tr\/en\/author\/admin\/","title":"Ula\u015f Karasu'dan Bornova'da altyap\u0131 projelerine destek","type":"rich","width":600,"height":338,"html":"<blockquote class=\"wp-embedded-content\" data-secret=\"j6iANgJY8n\"><a href=\"https:\/\/denizcankizil.tr\/en\/haberler\/gundem\/ulas-karasudan-bornovada-altyapi-projelerine-destek\/\">Ula\u015f Karasu&#8217;dan Bornova&#8217;da altyap\u0131 projelerine destek<\/a><\/blockquote><iframe sandbox=\"allow-scripts\" security=\"restricted\" src=\"https:\/\/denizcankizil.tr\/en\/haberler\/gundem\/ulas-karasudan-bornovada-altyapi-projelerine-destek\/embed\/#?secret=j6iANgJY8n\" width=\"600\" height=\"338\" title=\"&#8220;Ula\u015f Karasu&#8217;dan Bornova&#8217;da altyap\u0131 projelerine destek&#8221; &#8212; Av. Deniz Can K\u0131z\u0131l\" data-secret=\"j6iANgJY8n\" frameborder=\"0\" marginwidth=\"0\" marginheight=\"0\" scrolling=\"no\" class=\"wp-embedded-content\"><\/iframe><script>\n\/*! This file is auto-generated *\/\n!function(d,l){\"use strict\";l.querySelector&&d.addEventListener&&\"undefined\"!=typeof URL&&(d.wp=d.wp||{},d.wp.receiveEmbedMessage||(d.wp.receiveEmbedMessage=function(e){var t=e.data;if((t||t.secret||t.message||t.value)&&!\/[^a-zA-Z0-9]\/.test(t.secret)){for(var s,r,n,a=l.querySelectorAll('iframe[data-secret=\"'+t.secret+'\"]'),o=l.querySelectorAll('blockquote[data-secret=\"'+t.secret+'\"]'),c=new RegExp(\"^https?:$\",\"i\"),i=0;i<o.length;i++)o[i].style.display=\"none\";for(i=0;i<a.length;i++)s=a[i],e.source===s.contentWindow&&(s.removeAttribute(\"style\"),\"height\"===t.message?(1e3<(r=parseInt(t.value,10))?r=1e3:~~r<200&&(r=200),s.height=r):\"link\"===t.message&&(r=new URL(s.getAttribute(\"src\")),n=new URL(t.value),c.test(n.protocol))&&n.host===r.host&&l.activeElement===s&&(d.top.location.href=t.value))}},d.addEventListener(\"message\",d.wp.receiveEmbedMessage,!1),l.addEventListener(\"DOMContentLoaded\",function(){for(var e,t,s=l.querySelectorAll(\"iframe.wp-embedded-content\"),r=0;r<s.length;r++)(t=(e=s[r]).getAttribute(\"data-secret\"))||(t=Math.random().toString(36).substring(2,12),e.src+=\"#?secret=\"+t,e.setAttribute(\"data-secret\",t)),e.contentWindow.postMessage({message:\"ready\",secret:t},\"*\")},!1)))}(window,document);\n\/\/# sourceURL=https:\/\/denizcankizil.tr\/wp-includes\/js\/wp-embed.min.js\n<\/script>","description":"CHP Genel Ba\u015fkan Yard\u0131mc\u0131s\u0131 ve Sivas Milletvekili Ula\u015f Karasu, Bornova Belediye Ba\u015fkan\u0131 \u00d6mer E\u015fki ile birlikte Bornova\u2019da bir dizi programa kat\u0131ld\u0131. P\u0131nar Caddesi\u2019ndeki yol yap\u0131m \u00e7al\u0131\u015fmalar\u0131n\u0131 yerinde inceleyen Karasu, altyap\u0131 projelerine destek verdi.\u0130ZM\u0130R (\u0130GFA) &#8211; \u0130zmir\u00a0Bornova Belediyesi taraf\u0131ndan yenilenen evinde H\u00fcsne G\u00f6kten\u2019i ziyaret ederek sosyal belediyecili\u011fin \u00f6nemini vurgulad\u0131. Program\u0131n son dura\u011f\u0131 olan Sivas \u0130mranl\u0131 Derne\u011fi\u2019nde vatanda\u015flarla bir araya gelen Karasu, yoksulluk ve hukuksuzlukla m\u00fccadelede dayan\u0131\u015fman\u0131n \u00f6nemine dikkat \u00e7ekti. \u00a0PINAR CADDES\u0130\u2019NDE GECE-G\u00dcND\u00dcZ S\u00dcREN \u00c7ALI\u015eMALARA DESTEK CHP Ula\u015ft\u0131rma ve Altyap\u0131 Bakanl\u0131\u011f\u0131ndan Sorumlu Genel Ba\u015fkan Yard\u0131mc\u0131s\u0131 ve Sivas Milletvekili Ula\u015f Karasu, Bornova Belediye Ba\u015fkan\u0131 \u00d6mer E\u015fki ile birlikte Bornova Belediyesi\u2019nin P\u0131nar Caddesi\u2019nde y\u00fcr\u00fctt\u00fc\u011f\u00fc yol yap\u0131m \u00e7al\u0131\u015fmalar\u0131n\u0131 gece yar\u0131s\u0131 yerinde inceledi. \u00c7al\u0131\u015fmalar\u0131n h\u0131z kesmeden devam etti\u011fini vurgulayan Karasu, i\u015f makinesine \u00e7\u0131karak beton d\u00f6k\u00fcm\u00fc i\u00e7in d\u00fc\u011fmeye bast\u0131. Ba\u015fkan \u00d6mer E\u015fki, Bornova\u2019da kesintisiz s\u00fcren altyap\u0131 \u00e7al\u0131\u015fmalar\u0131na dikkat \u00e7ekerek, \u201cYol, kent ya\u015fam\u0131n\u0131n omurgas\u0131d\u0131r. Bornoval\u0131lar hak ettikleri modern ve g\u00fcvenli yollara kavu\u015facak. Gece-g\u00fcnd\u00fcz demeden \u00e7al\u0131\u015f\u0131yoruz\u201d dedi. Karasu ise, \u201cHalk\u0131m\u0131z\u0131n hayat\u0131n\u0131 kolayla\u015ft\u0131ran her projeye destek vermek bizim g\u00f6revimiz. Bornova Belediyesi\u2019nin \u00e7al\u0131\u015fmalar\u0131n\u0131 takdirle takip ediyorum\u201d diye konu\u015ftu. \u00a0SOSYAL BELED\u0130YEC\u0130L\u0130\u011e\u0130N EN G\u00dcZEL \u00d6RNE\u011e\u0130: H\u00dcSNE G\u00d6KTEN\u2019\u0130N YEN\u0130 EV\u0130 Karasu ve Ba\u015fkan E\u015fki, Bornova Belediyesi\u2019nin sosyal desteklerinden faydalanan H\u00fcsne G\u00f6kten\u2019i de Nald\u00f6ken\u2019de belediye taraf\u0131ndan yenilenen evinde ziyaret etti. E\u015fi cezaevinde olan ve \u00fc\u00e7 &hellip;"}