{"version":"1.0","provider_name":"Av. Deniz Can K\u0131z\u0131l","provider_url":"https:\/\/denizcankizil.tr\/en","author_name":"admin","author_url":"https:\/\/denizcankizil.tr\/en\/author\/admin\/","title":"T\u00dcDK\u0130YEB\u2019den Bakan Yard\u0131mc\u0131s\u0131 G\u00fcmen'e \u015f\u00fckran plaketi","type":"rich","width":600,"height":338,"html":"<blockquote class=\"wp-embedded-content\" data-secret=\"LoF4UtM2iz\"><a href=\"https:\/\/denizcankizil.tr\/en\/haberler\/gundem\/tudkiyebden-bakan-yardimcisi-gumene-sukran-plaketi\/\">T\u00dcDK\u0130YEB\u2019den Bakan Yard\u0131mc\u0131s\u0131 G\u00fcmen&#8217;e \u015f\u00fckran plaketi<\/a><\/blockquote><iframe sandbox=\"allow-scripts\" security=\"restricted\" src=\"https:\/\/denizcankizil.tr\/en\/haberler\/gundem\/tudkiyebden-bakan-yardimcisi-gumene-sukran-plaketi\/embed\/#?secret=LoF4UtM2iz\" width=\"600\" height=\"338\" title=\"&#8220;T\u00dcDK\u0130YEB\u2019den Bakan Yard\u0131mc\u0131s\u0131 G\u00fcmen&#8217;e \u015f\u00fckran plaketi&#8221; &#8212; Av. Deniz Can K\u0131z\u0131l\" data-secret=\"LoF4UtM2iz\" frameborder=\"0\" marginwidth=\"0\" marginheight=\"0\" scrolling=\"no\" class=\"wp-embedded-content\"><\/iframe><script>\n\/*! This file is auto-generated *\/\n!function(d,l){\"use strict\";l.querySelector&&d.addEventListener&&\"undefined\"!=typeof URL&&(d.wp=d.wp||{},d.wp.receiveEmbedMessage||(d.wp.receiveEmbedMessage=function(e){var t=e.data;if((t||t.secret||t.message||t.value)&&!\/[^a-zA-Z0-9]\/.test(t.secret)){for(var s,r,n,a=l.querySelectorAll('iframe[data-secret=\"'+t.secret+'\"]'),o=l.querySelectorAll('blockquote[data-secret=\"'+t.secret+'\"]'),c=new RegExp(\"^https?:$\",\"i\"),i=0;i<o.length;i++)o[i].style.display=\"none\";for(i=0;i<a.length;i++)s=a[i],e.source===s.contentWindow&&(s.removeAttribute(\"style\"),\"height\"===t.message?(1e3<(r=parseInt(t.value,10))?r=1e3:~~r<200&&(r=200),s.height=r):\"link\"===t.message&&(r=new URL(s.getAttribute(\"src\")),n=new URL(t.value),c.test(n.protocol))&&n.host===r.host&&l.activeElement===s&&(d.top.location.href=t.value))}},d.addEventListener(\"message\",d.wp.receiveEmbedMessage,!1),l.addEventListener(\"DOMContentLoaded\",function(){for(var e,t,s=l.querySelectorAll(\"iframe.wp-embedded-content\"),r=0;r<s.length;r++)(t=(e=s[r]).getAttribute(\"data-secret\"))||(t=Math.random().toString(36).substring(2,12),e.src+=\"#?secret=\"+t,e.setAttribute(\"data-secret\",t)),e.contentWindow.postMessage({message:\"ready\",secret:t},\"*\")},!1)))}(window,document);\n\/\/# sourceURL=https:\/\/denizcankizil.tr\/wp-includes\/js\/wp-embed.min.js\n<\/script>","description":"Tar\u0131m ve Orman Bakan Yard\u0131mc\u0131s\u0131 Prof.Dr. Ahmet G\u00fcmen ve beraberindeki b\u00fcrokratlar\u0131n\u0131n T\u00fcrkiye Koyun Ke\u00e7i Yeti\u015ftiricileri Merkez Birli\u011fi\u2019ne (T\u00dcDK\u0130YEB) yapt\u0131klar\u0131 ziyarette k\u00fc\u00e7\u00fckba\u015f hayvanc\u0131l\u0131k sekt\u00f6r\u00fcn\u00fcn 2025 y\u0131l\u0131 \u00e7al\u0131\u015fmalar\u0131 ve hedefleri masaya yat\u0131r\u0131ld\u0131.ANKARA (\u0130GFA) &#8211; T\u00dcDK\u0130YEB Genel Ba\u015fkan\u0131 Nihat \u00c7elik, Bakan Yard\u0131mc\u0131s\u0131 G\u00fcmen\u2019in ziyaretiyle ilgili yapt\u0131\u011f\u0131 a\u00e7\u0131klamada,2025 y\u0131l\u0131nda yap\u0131lacak \u00e7al\u0131\u015fmalar\u0131n detayl\u0131 bir \u015fekilde g\u00f6r\u00fc\u015f\u00fcld\u00fc\u011f\u00fcn\u00fc belirterek, ayr\u0131ca sekt\u00f6r\u00fcn beklentilerini ele ald\u0131klar\u0131n\u0131 kaydetti. \u00c7elik, Bakan Yard\u0131mc\u0131s\u0131 ve heyetinin yapm\u0131\u015f oldu\u011fu ziyareti sekt\u00f6r a\u00e7\u0131s\u0131ndan de\u011ferli bulduklar\u0131na dikkat \u00e7ekerek, &#8221; Bakan Yard\u0131mc\u0131m\u0131z Say\u0131n Prof. Dr. Ahmet G\u00fcmen ve beraberindeki heyette yer alan G\u0131da ve Kontrol Genel M\u00fcd\u00fcr\u00fc Say\u0131n Ersin Dilber, Genel M\u00fcd\u00fcr Yard\u0131mc\u0131s\u0131 Say\u0131n Sezai Cibelek, HAYGEM Genel M\u00fcd\u00fcr Yard\u0131mc\u0131s\u0131 Say\u0131n Emre G\u00fcr\u00e7ay, Islah Daire Ba\u015fkan\u0131 Say\u0131n Engin \u00dcnay ve Bakanl\u0131k b\u00fcrokratlar\u0131n\u0131n Merkez Birli\u011fimize yapm\u0131\u015f olduklar\u0131 ziyareti sekt\u00f6r\u00fcm\u00fcz a\u00e7\u0131s\u0131ndan olduk\u00e7a de\u011ferli buluyoruz. Bu ziyaretin sekt\u00f6r\u00fcm\u00fcze moral vermesi yan\u0131nda sorunlar\u0131m\u0131z\u0131n ve \u00e7\u00f6z\u00fcm \u00f6nerilerinin kayna\u011f\u0131nda g\u00f6r\u00fc\u015f\u00fclmesi de ayr\u0131ca bizim i\u00e7in son derece k\u0131ymetli olmu\u015ftur. Say\u0131n Bakan Yard\u0131mc\u0131m ve de\u011ferli heyetine sekt\u00f6r\u00fcm ad\u0131na te\u015fekk\u00fcr ediyorum &#8221; ifadelerini kulland\u0131. Ziyarette 2025 y\u0131l\u0131nda yap\u0131lacak \u00e7al\u0131\u015fmalar\u0131n masaya yat\u0131r\u0131ld\u0131\u011f\u0131ndan bahseden \u00c7elik, yeni y\u0131lda k\u00fc\u00e7\u00fckba\u015f hayvanc\u0131l\u0131kta sorunlar\u0131n \u00e7\u00f6z\u00fcme kavu\u015fturulmas\u0131 ad\u0131na Bakan Yard\u0131mc\u0131s\u0131 G\u00fcmen\u2019den \u00f6nemli mesajlar ald\u0131klar\u0131n\u0131 ve bunun da sekt\u00f6r ad\u0131na memnuniyet verici oldu\u011funu anlatarak 2025 y\u0131l\u0131nda Bakan \u0130brahim Yumakl\u0131\u2019n\u0131n \u00f6nderli\u011finde k\u00fc\u00e7\u00fckba\u015f hayvanc\u0131l\u0131kta at\u0131l\u0131m y\u0131l\u0131 &hellip;"}