{"version":"1.0","provider_name":"Av. Deniz Can K\u0131z\u0131l","provider_url":"https:\/\/denizcankizil.tr\/en","author_name":"admin","author_url":"https:\/\/denizcankizil.tr\/en\/author\/admin\/","title":"TBMM\u2019den \u0130srail\u2019in \u0130ran ve Gazze sald\u0131r\u0131lar\u0131na k\u0131nama","type":"rich","width":600,"height":338,"html":"<blockquote class=\"wp-embedded-content\" data-secret=\"iOUx9J8kyv\"><a href=\"https:\/\/denizcankizil.tr\/en\/haberler\/gundem\/tbmmden-israilin-iran-ve-gazze-saldirilarina-kinama\/\">TBMM\u2019den \u0130srail\u2019in \u0130ran ve Gazze sald\u0131r\u0131lar\u0131na k\u0131nama<\/a><\/blockquote><iframe sandbox=\"allow-scripts\" security=\"restricted\" src=\"https:\/\/denizcankizil.tr\/en\/haberler\/gundem\/tbmmden-israilin-iran-ve-gazze-saldirilarina-kinama\/embed\/#?secret=iOUx9J8kyv\" width=\"600\" height=\"338\" title=\"&#8220;TBMM\u2019den \u0130srail\u2019in \u0130ran ve Gazze sald\u0131r\u0131lar\u0131na k\u0131nama&#8221; &#8212; Av. Deniz Can K\u0131z\u0131l\" data-secret=\"iOUx9J8kyv\" frameborder=\"0\" marginwidth=\"0\" marginheight=\"0\" scrolling=\"no\" class=\"wp-embedded-content\"><\/iframe><script>\n\/*! This file is auto-generated *\/\n!function(d,l){\"use strict\";l.querySelector&&d.addEventListener&&\"undefined\"!=typeof URL&&(d.wp=d.wp||{},d.wp.receiveEmbedMessage||(d.wp.receiveEmbedMessage=function(e){var t=e.data;if((t||t.secret||t.message||t.value)&&!\/[^a-zA-Z0-9]\/.test(t.secret)){for(var s,r,n,a=l.querySelectorAll('iframe[data-secret=\"'+t.secret+'\"]'),o=l.querySelectorAll('blockquote[data-secret=\"'+t.secret+'\"]'),c=new RegExp(\"^https?:$\",\"i\"),i=0;i<o.length;i++)o[i].style.display=\"none\";for(i=0;i<a.length;i++)s=a[i],e.source===s.contentWindow&&(s.removeAttribute(\"style\"),\"height\"===t.message?(1e3<(r=parseInt(t.value,10))?r=1e3:~~r<200&&(r=200),s.height=r):\"link\"===t.message&&(r=new URL(s.getAttribute(\"src\")),n=new URL(t.value),c.test(n.protocol))&&n.host===r.host&&l.activeElement===s&&(d.top.location.href=t.value))}},d.addEventListener(\"message\",d.wp.receiveEmbedMessage,!1),l.addEventListener(\"DOMContentLoaded\",function(){for(var e,t,s=l.querySelectorAll(\"iframe.wp-embedded-content\"),r=0;r<s.length;r++)(t=(e=s[r]).getAttribute(\"data-secret\"))||(t=Math.random().toString(36).substring(2,12),e.src+=\"#?secret=\"+t,e.setAttribute(\"data-secret\",t)),e.contentWindow.postMessage({message:\"ready\",secret:t},\"*\")},!1)))}(window,document);\n\/\/# sourceURL=https:\/\/denizcankizil.tr\/wp-includes\/js\/wp-embed.min.js\n<\/script>","description":"T\u00fcrkiye B\u00fcy\u00fck Millet Meclisi, \u0130srail\u2019in \u0130ran\u2019a y\u00f6nelik sald\u0131r\u0131lar\u0131 ve Gazze\u2019deki soyk\u0131r\u0131m politikalar\u0131n\u0131 k\u0131nayan 1455 say\u0131l\u0131 karar\u0131 oybirli\u011fiyle kabul etti; karar Resmi Gazete\u2019de yay\u0131mland\u0131.ANKARA (\u0130GFA) &#8211; T\u00fcrkiye B\u00fcy\u00fck Millet Meclisi (TBMM), \u0130srail\u2019in sald\u0131rganl\u0131\u011f\u0131yla ba\u015flayan ve \u0130ran\u2019la derinle\u015fen \u00e7at\u0131\u015fmal\u0131 s\u00fcrece kar\u015f\u0131 1455 say\u0131l\u0131 Meclis Ba\u015fkanl\u0131\u011f\u0131 tezkeresini oybirli\u011fiyle kabul etti. TBMM Ba\u015fkan\u0131 Numan Kurtulmu\u015f\u2019un imzas\u0131n\u0131 ta\u015f\u0131yan karar, bug\u00fcnk\u00fc Resmi Gazete\u2019de yay\u0131mland\u0131. Kararda, \u0130srail\u2019in \u0130ran\u2019a y\u00f6nelik sald\u0131r\u0131lar\u0131 ve Gazze\u2019de s\u00fcrd\u00fcrd\u00fc\u011f\u00fc soyk\u0131r\u0131m politikalar\u0131 sert bir dille k\u0131nan\u0131rken, bu eylemlerin b\u00f6lgesel ve k\u00fcresel bar\u0131\u015fa y\u00f6nelik en b\u00fcy\u00fck tehdit oldu\u011fu vurguland\u0131. Tezkere, \u0130srail\u2019i b\u00f6lgesel sava\u015f\u0131n faili olarak nitelendirerek, uluslararas\u0131 toplumu acil sorumluluk almaya \u00e7a\u011f\u0131rd\u0131. TBMM Genel Kurulu\u2019nda kabul edilen karar, T\u00fcrkiye\u2019nin \u201cd\u00fcnya be\u015ften b\u00fcy\u00fckt\u00fcr\u201d anlay\u0131\u015f\u0131yla daha adil bir d\u00fcnya i\u00e7in m\u00fccadelesini s\u00fcrd\u00fcrece\u011fini ifade etti. Ayr\u0131ca, karar\u0131n T\u00fcrkiye\u2019nin \u0130ran-\u0130srail \u00e7at\u0131\u015fmas\u0131nda taraf olmaktan ziyade arabuluculuk rol\u00fcn\u00fc destekleyici bir nitelik ta\u015f\u0131d\u0131\u011f\u0131 belirtildi \u200bT\u00fcrkiye B\u00fcy\u00fck Millet Meclisi, \u0130srail\u2019in \u0130ran\u2019a y\u00f6nelik sald\u0131r\u0131lar\u0131 ve Gazze\u2019deki soyk\u0131r\u0131m politikalar\u0131n\u0131 k\u0131nayan 1455 say\u0131l\u0131 karar\u0131 oybirli\u011fiyle kabul etti; karar Resmi Gazete\u2019de yay\u0131mland\u0131.ANKARA (\u0130GFA) &#8211; T\u00fcrkiye B\u00fcy\u00fck Millet Meclisi (TBMM), \u0130srail\u2019in sald\u0131rganl\u0131\u011f\u0131yla ba\u015flayan ve \u0130ran\u2019la derinle\u015fen \u00e7at\u0131\u015fmal\u0131 s\u00fcrece kar\u015f\u0131 1455 say\u0131l\u0131 Meclis Ba\u015fkanl\u0131\u011f\u0131 tezkeresini oybirli\u011fiyle kabul etti. TBMM Ba\u015fkan\u0131 Numan Kurtulmu\u015f\u2019un imzas\u0131n\u0131 ta\u015f\u0131yan karar, bug\u00fcnk\u00fc Resmi Gazete\u2019de yay\u0131mland\u0131. Kararda, \u0130srail\u2019in \u0130ran\u2019a y\u00f6nelik sald\u0131r\u0131lar\u0131 ve Gazze\u2019de s\u00fcrd\u00fcrd\u00fc\u011f\u00fc soyk\u0131r\u0131m politikalar\u0131 &hellip;"}